{"id":17282,"date":"2021-09-21T22:08:26","date_gmt":"2021-09-21T22:08:26","guid":{"rendered":"https:\/\/www.mountainhosteltarter.com\/?page_id=17282"},"modified":"2021-10-20T17:31:54","modified_gmt":"2021-10-20T17:31:54","slug":"banys-dutxes","status":"publish","type":"page","link":"https:\/\/www.mountainhosteltarter.com\/ca\/espais\/banys-dutxes\/","title":{"rendered":"Banys dutxes"},"content":{"rendered":"\t\t<div data-elementor-type=\"wp-post\" data-elementor-id=\"17282\" class=\"elementor elementor-17282 elementor-14408\">\n\t\t\t\t\t\t<section class=\"elementor-section elementor-top-section elementor-element elementor-element-24f31f6 elementor-section-boxed elementor-section-height-default elementor-section-height-default\" data-id=\"24f31f6\" data-element_type=\"section\">\n\t\t\t\t\t\t<div class=\"elementor-container elementor-column-gap-default\">\n\t\t\t\t\t<div class=\"elementor-column elementor-col-100 elementor-top-column elementor-element elementor-element-eea188f\" data-id=\"eea188f\" data-element_type=\"column\">\n\t\t\t<div class=\"elementor-widget-wrap elementor-element-populated\">\n\t\t\t\t\t\t<div class=\"elementor-element elementor-element-982e12a elementor-widget elementor-widget-spacer\" data-id=\"982e12a\" data-element_type=\"widget\" data-widget_type=\"spacer.default\">\n\t\t\t\t<div class=\"elementor-widget-container\">\n\t\t\t<style>\/*! elementor - v3.21.0 - 26-05-2024 *\/\n.elementor-column .elementor-spacer-inner{height:var(--spacer-size)}.e-con{--container-widget-width:100%}.e-con-inner>.elementor-widget-spacer,.e-con>.elementor-widget-spacer{width:var(--container-widget-width,var(--spacer-size));--align-self:var(--container-widget-align-self,initial);--flex-shrink:0}.e-con-inner>.elementor-widget-spacer>.elementor-widget-container,.e-con>.elementor-widget-spacer>.elementor-widget-container{height:100%;width:100%}.e-con-inner>.elementor-widget-spacer>.elementor-widget-container>.elementor-spacer,.e-con>.elementor-widget-spacer>.elementor-widget-container>.elementor-spacer{height:100%}.e-con-inner>.elementor-widget-spacer>.elementor-widget-container>.elementor-spacer>.elementor-spacer-inner,.e-con>.elementor-widget-spacer>.elementor-widget-container>.elementor-spacer>.elementor-spacer-inner{height:var(--container-widget-height,var(--spacer-size))}.e-con-inner>.elementor-widget-spacer.elementor-widget-empty,.e-con>.elementor-widget-spacer.elementor-widget-empty{position:relative;min-height:22px;min-width:22px}.e-con-inner>.elementor-widget-spacer.elementor-widget-empty .elementor-widget-empty-icon,.e-con>.elementor-widget-spacer.elementor-widget-empty .elementor-widget-empty-icon{position:absolute;top:0;bottom:0;left:0;right:0;margin:auto;padding:0;width:22px;height:22px}<\/style>\t\t<div class=\"elementor-spacer\">\n\t\t\t<div class=\"elementor-spacer-inner\"><\/div>\n\t\t<\/div>\n\t\t\t\t<\/div>\n\t\t\t\t<\/div>\n\t\t\t\t\t<\/div>\n\t\t<\/div>\n\t\t\t\t\t<\/div>\n\t\t<\/section>\n\t\t\t\t<section class=\"elementor-section elementor-top-section elementor-element elementor-element-fa28b95 elementor-section-full_width habitaciones-list elementor-section-height-default elementor-section-height-default\" data-id=\"fa28b95\" data-element_type=\"section\">\n\t\t\t\t\t\t<div class=\"elementor-container elementor-column-gap-default\">\n\t\t\t\t\t<div class=\"elementor-column elementor-col-50 elementor-top-column elementor-element elementor-element-0c02608\" data-id=\"0c02608\" data-element_type=\"column\">\n\t\t\t<div class=\"elementor-widget-wrap elementor-element-populated\">\n\t\t\t\t\t\t<div class=\"elementor-element elementor-element-5a14298 elementor-widget elementor-widget-spacer\" data-id=\"5a14298\" data-element_type=\"widget\" data-widget_type=\"spacer.default\">\n\t\t\t\t<div class=\"elementor-widget-container\">\n\t\t\t\t\t<div class=\"elementor-spacer\">\n\t\t\t<div class=\"elementor-spacer-inner\"><\/div>\n\t\t<\/div>\n\t\t\t\t<\/div>\n\t\t\t\t<\/div>\n\t\t\t\t<div class=\"elementor-element elementor-element-7ad5885 elementor-widget elementor-widget-text-editor\" data-id=\"7ad5885\" data-element_type=\"widget\" data-widget_type=\"text-editor.default\">\n\t\t\t\t<div class=\"elementor-widget-container\">\n\t\t\t<style>\/*! elementor - v3.21.0 - 26-05-2024 *\/\n.elementor-widget-text-editor.elementor-drop-cap-view-stacked .elementor-drop-cap{background-color:#69727d;color:#fff}.elementor-widget-text-editor.elementor-drop-cap-view-framed .elementor-drop-cap{color:#69727d;border:3px solid;background-color:transparent}.elementor-widget-text-editor:not(.elementor-drop-cap-view-default) .elementor-drop-cap{margin-top:8px}.elementor-widget-text-editor:not(.elementor-drop-cap-view-default) .elementor-drop-cap-letter{width:1em;height:1em}.elementor-widget-text-editor .elementor-drop-cap{float:left;text-align:center;line-height:1;font-size:50px}.elementor-widget-text-editor .elementor-drop-cap-letter{display:inline-block}<\/style>\t\t\t\t<ul><li>Al Mountain Hostel Tarter els banys tamb\u00e9 s\u00f3n compartits. Sempre nets. Tant els sanitaris com les dutxes estan organitzats en cabines individuals amb tancament interior. Dins de cada dutxa disposes d\u2019un banc propi i penjadors, perqu\u00e8 puguis eixugar-te i vestir-te c\u00f2modament dins de la cabina.<\/li><li>Trobar\u00e0s aigua calenta 24 hores i sab\u00f3 de mans. La resta de productes d\u2019higiene que no portis amb tu pots adquirir-los en el nostre petit \u201cmarket\u201d,<\/li><li>Les tovalloles de bany, no estan incloses. Si en necessites alguna, lloga-la per 2\u20ac. Si necessites assecador de cabell, te\u2019l prestem a recepci\u00f3.<\/li><\/ul>\t\t\t\t\t\t<\/div>\n\t\t\t\t<\/div>\n\t\t\t\t<section class=\"elementor-section elementor-inner-section elementor-element elementor-element-594a992 elementor-section-boxed elementor-section-height-default elementor-section-height-default\" data-id=\"594a992\" data-element_type=\"section\">\n\t\t\t\t\t\t<div class=\"elementor-container elementor-column-gap-default\">\n\t\t\t\t\t<div class=\"elementor-column elementor-col-33 elementor-inner-column elementor-element elementor-element-c50a87c\" data-id=\"c50a87c\" data-element_type=\"column\">\n\t\t\t<div class=\"elementor-widget-wrap elementor-element-populated\">\n\t\t\t\t\t\t<div class=\"elementor-element elementor-element-da8d048 elementor-widget elementor-widget-image\" data-id=\"da8d048\" data-element_type=\"widget\" data-widget_type=\"image.default\">\n\t\t\t\t<div class=\"elementor-widget-container\">\n\t\t\t<style>\/*! elementor - v3.21.0 - 26-05-2024 *\/\n.elementor-widget-image{text-align:center}.elementor-widget-image a{display:inline-block}.elementor-widget-image a img[src$=\".svg\"]{width:48px}.elementor-widget-image img{vertical-align:middle;display:inline-block}<\/style>\t\t\t\t\t\t\t\t\t\t\t<a href=\"https:\/\/www.mountainhosteltarter.com\/wp-content\/uploads\/2021\/08\/mountain-hostel-tarter-andorra-toilets-64.jpg\" data-elementor-open-lightbox=\"yes\" data-e-action-hash=\"#elementor-action%3Aaction%3Dlightbox%26settings%3DeyJpZCI6MTcyOTcsInVybCI6Imh0dHBzOlwvXC93d3cubW91bnRhaW5ob3N0ZWx0YXJ0ZXIuY29tXC93cC1jb250ZW50XC91cGxvYWRzXC8yMDIxXC8wOFwvbW91bnRhaW4taG9zdGVsLXRhcnRlci1hbmRvcnJhLXRvaWxldHMtNjQuanBnIn0%3D\">\n\t\t\t\t\t\t\t<img fetchpriority=\"high\" decoding=\"async\" width=\"681\" height=\"1024\" src=\"https:\/\/www.mountainhosteltarter.com\/wp-content\/uploads\/2021\/08\/mountain-hostel-tarter-andorra-toilets-64-681x1024.jpg\" class=\"attachment-large size-large wp-image-17297\" alt=\"\" srcset=\"https:\/\/www.mountainhosteltarter.com\/wp-content\/uploads\/2021\/08\/mountain-hostel-tarter-andorra-toilets-64-681x1024.jpg 681w, https:\/\/www.mountainhosteltarter.com\/wp-content\/uploads\/2021\/08\/mountain-hostel-tarter-andorra-toilets-64-200x300.jpg 200w, https:\/\/www.mountainhosteltarter.com\/wp-content\/uploads\/2021\/08\/mountain-hostel-tarter-andorra-toilets-64-768x1154.jpg 768w, https:\/\/www.mountainhosteltarter.com\/wp-content\/uploads\/2021\/08\/mountain-hostel-tarter-andorra-toilets-64.jpg 998w\" sizes=\"(max-width: 681px) 100vw, 681px\" \/>\t\t\t\t\t\t\t\t<\/a>\n\t\t\t\t\t\t\t\t\t\t\t\t\t<\/div>\n\t\t\t\t<\/div>\n\t\t\t\t\t<\/div>\n\t\t<\/div>\n\t\t\t\t<div class=\"elementor-column elementor-col-33 elementor-inner-column elementor-element elementor-element-e87aa99\" data-id=\"e87aa99\" data-element_type=\"column\">\n\t\t\t<div class=\"elementor-widget-wrap elementor-element-populated\">\n\t\t\t\t\t\t<div class=\"elementor-element elementor-element-05bfd25 elementor-widget elementor-widget-image\" data-id=\"05bfd25\" data-element_type=\"widget\" data-widget_type=\"image.default\">\n\t\t\t\t<div class=\"elementor-widget-container\">\n\t\t\t\t\t\t\t\t\t\t\t\t\t\t<a href=\"https:\/\/www.mountainhosteltarter.com\/wp-content\/uploads\/2021\/08\/mountain-hostel-tarter-andorra-shower-25-1.jpg\" data-elementor-open-lightbox=\"yes\" data-e-action-hash=\"#elementor-action%3Aaction%3Dlightbox%26settings%3DeyJpZCI6MTcyOTUsInVybCI6Imh0dHBzOlwvXC93d3cubW91bnRhaW5ob3N0ZWx0YXJ0ZXIuY29tXC93cC1jb250ZW50XC91cGxvYWRzXC8yMDIxXC8wOFwvbW91bnRhaW4taG9zdGVsLXRhcnRlci1hbmRvcnJhLXNob3dlci0yNS0xLmpwZyJ9\">\n\t\t\t\t\t\t\t<img decoding=\"async\" width=\"665\" height=\"1000\" src=\"https:\/\/www.mountainhosteltarter.com\/wp-content\/uploads\/2021\/08\/mountain-hostel-tarter-andorra-shower-25-1.jpg\" class=\"attachment-large size-large wp-image-17295\" alt=\"\" srcset=\"https:\/\/www.mountainhosteltarter.com\/wp-content\/uploads\/2021\/08\/mountain-hostel-tarter-andorra-shower-25-1.jpg 665w, https:\/\/www.mountainhosteltarter.com\/wp-content\/uploads\/2021\/08\/mountain-hostel-tarter-andorra-shower-25-1-200x300.jpg 200w\" sizes=\"(max-width: 665px) 100vw, 665px\" \/>\t\t\t\t\t\t\t\t<\/a>\n\t\t\t\t\t\t\t\t\t\t\t\t\t<\/div>\n\t\t\t\t<\/div>\n\t\t\t\t\t<\/div>\n\t\t<\/div>\n\t\t\t\t<div class=\"elementor-column elementor-col-33 elementor-inner-column elementor-element elementor-element-5d84f98\" data-id=\"5d84f98\" data-element_type=\"column\">\n\t\t\t<div class=\"elementor-widget-wrap elementor-element-populated\">\n\t\t\t\t\t\t<div class=\"elementor-element elementor-element-0d72b01 elementor-widget elementor-widget-image\" data-id=\"0d72b01\" data-element_type=\"widget\" data-widget_type=\"image.default\">\n\t\t\t\t<div class=\"elementor-widget-container\">\n\t\t\t\t\t\t\t\t\t\t\t\t\t\t<a href=\"https:\/\/www.mountainhosteltarter.com\/wp-content\/uploads\/2021\/08\/mountain-hostel-tarter-andorra-toilet-26.jpg\" data-elementor-open-lightbox=\"yes\" data-e-action-hash=\"#elementor-action%3Aaction%3Dlightbox%26settings%3DeyJpZCI6MTcyOTYsInVybCI6Imh0dHBzOlwvXC93d3cubW91bnRhaW5ob3N0ZWx0YXJ0ZXIuY29tXC93cC1jb250ZW50XC91cGxvYWRzXC8yMDIxXC8wOFwvbW91bnRhaW4taG9zdGVsLXRhcnRlci1hbmRvcnJhLXRvaWxldC0yNi5qcGcifQ%3D%3D\">\n\t\t\t\t\t\t\t<img decoding=\"async\" width=\"665\" height=\"1000\" src=\"https:\/\/www.mountainhosteltarter.com\/wp-content\/uploads\/2021\/08\/mountain-hostel-tarter-andorra-toilet-26.jpg\" class=\"attachment-large size-large wp-image-17296\" alt=\"\" srcset=\"https:\/\/www.mountainhosteltarter.com\/wp-content\/uploads\/2021\/08\/mountain-hostel-tarter-andorra-toilet-26.jpg 665w, https:\/\/www.mountainhosteltarter.com\/wp-content\/uploads\/2021\/08\/mountain-hostel-tarter-andorra-toilet-26-200x300.jpg 200w\" sizes=\"(max-width: 665px) 100vw, 665px\" \/>\t\t\t\t\t\t\t\t<\/a>\n\t\t\t\t\t\t\t\t\t\t\t\t\t<\/div>\n\t\t\t\t<\/div>\n\t\t\t\t\t<\/div>\n\t\t<\/div>\n\t\t\t\t\t<\/div>\n\t\t<\/section>\n\t\t\t\t<div class=\"elementor-element elementor-element-30d0a57 elementor-widget elementor-widget-text-editor\" data-id=\"30d0a57\" data-element_type=\"widget\" data-widget_type=\"text-editor.default\">\n\t\t\t\t<div class=\"elementor-widget-container\">\n\t\t\t\t\t\t\t<a class=\"readmore\" href=\"https:\/\/www.mountainhosteltarter.com\/ca\/espais\"><i class=\"fa fa-angle-left\"><\/i> tornar a espais<\/a>\t\t\t\t\t\t<\/div>\n\t\t\t\t<\/div>\n\t\t\t\t<div class=\"elementor-element elementor-element-08de1ae elementor-widget elementor-widget-spacer\" data-id=\"08de1ae\" data-element_type=\"widget\" data-widget_type=\"spacer.default\">\n\t\t\t\t<div class=\"elementor-widget-container\">\n\t\t\t\t\t<div class=\"elementor-spacer\">\n\t\t\t<div class=\"elementor-spacer-inner\"><\/div>\n\t\t<\/div>\n\t\t\t\t<\/div>\n\t\t\t\t<\/div>\n\t\t\t\t\t<\/div>\n\t\t<\/div>\n\t\t\t\t<div class=\"elementor-column elementor-col-50 elementor-top-column elementor-element elementor-element-52d6274 imagen-fondo\" data-id=\"52d6274\" data-element_type=\"column\" data-settings=\"{&quot;background_background&quot;:&quot;classic&quot;}\">\n\t\t\t<div class=\"elementor-widget-wrap elementor-element-populated\">\n\t\t\t\t\t<div class=\"elementor-background-overlay\"><\/div>\n\t\t\t\t\t\t<div class=\"elementor-element elementor-element-170641e text-right-list elementor-widget elementor-widget-text-editor\" data-id=\"170641e\" data-element_type=\"widget\" data-widget_type=\"text-editor.default\">\n\t\t\t\t<div class=\"elementor-widget-container\">\n\t\t\t\t\t\t\t<h2 class=\"h2-white1\">BANYS I LAVABOS SEMPRE A PUNT<\/h2>\n<b style=\"text-align: justify;\">Dutxes en cabines individuals amb tancament interior<\/b>\t\t\t\t\t\t<\/div>\n\t\t\t\t<\/div>\n\t\t\t\t\t<\/div>\n\t\t<\/div>\n\t\t\t\t\t<\/div>\n\t\t<\/section>\n\t\t\t\t<\/div>\n\t\t","protected":false},"excerpt":{"rendered":"<p>Al Mountain Hostel Tarter els banys tamb\u00e9 s\u00f3n compartits. Sempre nets. Tant els sanitaris com les dutxes estan organitzats en cabines individuals amb tancament interior. Dins de cada dutxa disposes d\u2019un banc propi i penjadors, perqu\u00e8 puguis eixugar-te i vestir-te c\u00f2modament dins de la cabina. Trobar\u00e0s aigua calenta 24 hores i sab\u00f3 de mans. La &#8230; <a title=\"Banys dutxes\" class=\"read-more\" href=\"https:\/\/www.mountainhosteltarter.com\/ca\/espais\/banys-dutxes\/\" aria-label=\"Read more about Banys dutxes\">Llegir m\u00e9s<\/a><\/p>\n","protected":false},"author":1,"featured_media":0,"parent":17256,"menu_order":20,"comment_status":"closed","ping_status":"closed","template":"","meta":{"_glsr_average":0,"_glsr_ranking":0,"_glsr_reviews":0,"footnotes":""},"yoast_head":"<!-- This site is optimized with the Yoast SEO plugin v22.8 - https:\/\/yoast.com\/wordpress\/plugins\/seo\/ -->\n<title>Hostel Grandvalira - Banys compartits, amplis i sempre nets per a tu<\/title>\n<meta name=\"description\" content=\"En el nostre hostel els banys compartits estan sempre nets i a punt. Dutxes en cabines individuals amb tancament interior.\" \/>\n<meta name=\"robots\" content=\"index, follow, max-snippet:-1, max-image-preview:large, max-video-preview:-1\" \/>\n<link rel=\"canonical\" href=\"https:\/\/www.mountainhosteltarter.com\/ca\/espais\/banys-dutxes\/\" \/>\n<meta property=\"og:locale\" content=\"ca_ES\" \/>\n<meta property=\"og:type\" content=\"article\" \/>\n<meta property=\"og:title\" content=\"Hostel Grandvalira - Banys compartits, amplis i sempre nets per a tu\" \/>\n<meta property=\"og:description\" content=\"En el nostre hostel els banys compartits estan sempre nets i a punt. Dutxes en cabines individuals amb tancament interior.\" \/>\n<meta property=\"og:url\" content=\"https:\/\/www.mountainhosteltarter.com\/ca\/espais\/banys-dutxes\/\" \/>\n<meta property=\"og:site_name\" content=\"Mountain Hostel Tarter\" \/>\n<meta property=\"article:modified_time\" content=\"2021-10-20T17:31:54+00:00\" \/>\n<meta property=\"og:image\" content=\"https:\/\/www.mountainhosteltarter.com\/wp-content\/uploads\/2021\/08\/mountain-hostel-tarter-andorra-toilets-64-681x1024.jpg\" \/>\n<meta name=\"twitter:card\" content=\"summary_large_image\" \/>\n<meta name=\"twitter:label1\" content=\"Temps estimat de lectura\" \/>\n\t<meta name=\"twitter:data1\" content=\"2 minuts\" \/>\n<script type=\"application\/ld+json\" class=\"yoast-schema-graph\">{\"@context\":\"https:\/\/schema.org\",\"@graph\":[{\"@type\":\"WebPage\",\"@id\":\"https:\/\/www.mountainhosteltarter.com\/ca\/espais\/banys-dutxes\/\",\"url\":\"https:\/\/www.mountainhosteltarter.com\/ca\/espais\/banys-dutxes\/\",\"name\":\"Hostel Grandvalira - Banys compartits, amplis i sempre nets per a tu\",\"isPartOf\":{\"@id\":\"https:\/\/www.mountainhosteltarter.com\/fr\/#website\"},\"primaryImageOfPage\":{\"@id\":\"https:\/\/www.mountainhosteltarter.com\/ca\/espais\/banys-dutxes\/#primaryimage\"},\"image\":{\"@id\":\"https:\/\/www.mountainhosteltarter.com\/ca\/espais\/banys-dutxes\/#primaryimage\"},\"thumbnailUrl\":\"https:\/\/www.mountainhosteltarter.com\/wp-content\/uploads\/2021\/08\/mountain-hostel-tarter-andorra-toilets-64-681x1024.jpg\",\"datePublished\":\"2021-09-21T22:08:26+00:00\",\"dateModified\":\"2021-10-20T17:31:54+00:00\",\"description\":\"En el nostre hostel els banys compartits estan sempre nets i a punt. Dutxes en cabines individuals amb tancament interior.\",\"breadcrumb\":{\"@id\":\"https:\/\/www.mountainhosteltarter.com\/ca\/espais\/banys-dutxes\/#breadcrumb\"},\"inLanguage\":\"ca\",\"potentialAction\":[{\"@type\":\"ReadAction\",\"target\":[\"https:\/\/www.mountainhosteltarter.com\/ca\/espais\/banys-dutxes\/\"]}]},{\"@type\":\"ImageObject\",\"inLanguage\":\"ca\",\"@id\":\"https:\/\/www.mountainhosteltarter.com\/ca\/espais\/banys-dutxes\/#primaryimage\",\"url\":\"https:\/\/www.mountainhosteltarter.com\/wp-content\/uploads\/2021\/08\/mountain-hostel-tarter-andorra-toilets-64-681x1024.jpg\",\"contentUrl\":\"https:\/\/www.mountainhosteltarter.com\/wp-content\/uploads\/2021\/08\/mountain-hostel-tarter-andorra-toilets-64-681x1024.jpg\"},{\"@type\":\"BreadcrumbList\",\"@id\":\"https:\/\/www.mountainhosteltarter.com\/ca\/espais\/banys-dutxes\/#breadcrumb\",\"itemListElement\":[{\"@type\":\"ListItem\",\"position\":1,\"name\":\"Portada\",\"item\":\"https:\/\/www.mountainhosteltarter.com\/ca\/\"},{\"@type\":\"ListItem\",\"position\":2,\"name\":\"espais\",\"item\":\"https:\/\/www.mountainhosteltarter.com\/ca\/espais\/\"},{\"@type\":\"ListItem\",\"position\":3,\"name\":\"Banys dutxes\"}]},{\"@type\":\"WebSite\",\"@id\":\"https:\/\/www.mountainhosteltarter.com\/fr\/#website\",\"url\":\"https:\/\/www.mountainhosteltarter.com\/fr\/\",\"name\":\"Mountain Hostel Tarter\",\"description\":\"El mejor Hostal en Grandvalira Andorra\",\"publisher\":{\"@id\":\"https:\/\/www.mountainhosteltarter.com\/fr\/#organization\"},\"potentialAction\":[{\"@type\":\"SearchAction\",\"target\":{\"@type\":\"EntryPoint\",\"urlTemplate\":\"https:\/\/www.mountainhosteltarter.com\/fr\/?s={search_term_string}\"},\"query-input\":\"required name=search_term_string\"}],\"inLanguage\":\"ca\"},{\"@type\":\"Organization\",\"@id\":\"https:\/\/www.mountainhosteltarter.com\/fr\/#organization\",\"name\":\"Mountain Hostel Tarter\",\"url\":\"https:\/\/www.mountainhosteltarter.com\/fr\/\",\"logo\":{\"@type\":\"ImageObject\",\"inLanguage\":\"ca\",\"@id\":\"https:\/\/www.mountainhosteltarter.com\/fr\/#\/schema\/logo\/image\/\",\"url\":\"https:\/\/www.mountainhosteltarter.com\/wp-content\/uploads\/2021\/08\/logo.png\",\"contentUrl\":\"https:\/\/www.mountainhosteltarter.com\/wp-content\/uploads\/2021\/08\/logo.png\",\"width\":200,\"height\":103,\"caption\":\"Mountain Hostel Tarter\"},\"image\":{\"@id\":\"https:\/\/www.mountainhosteltarter.com\/fr\/#\/schema\/logo\/image\/\"}}]}<\/script>\n<!-- \/ Yoast SEO plugin. -->","yoast_head_json":{"title":"Hostel Grandvalira - Banys compartits, amplis i sempre nets per a tu","description":"En el nostre hostel els banys compartits estan sempre nets i a punt. Dutxes en cabines individuals amb tancament interior.","robots":{"index":"index","follow":"follow","max-snippet":"max-snippet:-1","max-image-preview":"max-image-preview:large","max-video-preview":"max-video-preview:-1"},"canonical":"https:\/\/www.mountainhosteltarter.com\/ca\/espais\/banys-dutxes\/","og_locale":"ca_ES","og_type":"article","og_title":"Hostel Grandvalira - Banys compartits, amplis i sempre nets per a tu","og_description":"En el nostre hostel els banys compartits estan sempre nets i a punt. Dutxes en cabines individuals amb tancament interior.","og_url":"https:\/\/www.mountainhosteltarter.com\/ca\/espais\/banys-dutxes\/","og_site_name":"Mountain Hostel Tarter","article_modified_time":"2021-10-20T17:31:54+00:00","og_image":[{"url":"https:\/\/www.mountainhosteltarter.com\/wp-content\/uploads\/2021\/08\/mountain-hostel-tarter-andorra-toilets-64-681x1024.jpg"}],"twitter_card":"summary_large_image","twitter_misc":{"Temps estimat de lectura":"2 minuts"},"schema":{"@context":"https:\/\/schema.org","@graph":[{"@type":"WebPage","@id":"https:\/\/www.mountainhosteltarter.com\/ca\/espais\/banys-dutxes\/","url":"https:\/\/www.mountainhosteltarter.com\/ca\/espais\/banys-dutxes\/","name":"Hostel Grandvalira - Banys compartits, amplis i sempre nets per a tu","isPartOf":{"@id":"https:\/\/www.mountainhosteltarter.com\/fr\/#website"},"primaryImageOfPage":{"@id":"https:\/\/www.mountainhosteltarter.com\/ca\/espais\/banys-dutxes\/#primaryimage"},"image":{"@id":"https:\/\/www.mountainhosteltarter.com\/ca\/espais\/banys-dutxes\/#primaryimage"},"thumbnailUrl":"https:\/\/www.mountainhosteltarter.com\/wp-content\/uploads\/2021\/08\/mountain-hostel-tarter-andorra-toilets-64-681x1024.jpg","datePublished":"2021-09-21T22:08:26+00:00","dateModified":"2021-10-20T17:31:54+00:00","description":"En el nostre hostel els banys compartits estan sempre nets i a punt. Dutxes en cabines individuals amb tancament interior.","breadcrumb":{"@id":"https:\/\/www.mountainhosteltarter.com\/ca\/espais\/banys-dutxes\/#breadcrumb"},"inLanguage":"ca","potentialAction":[{"@type":"ReadAction","target":["https:\/\/www.mountainhosteltarter.com\/ca\/espais\/banys-dutxes\/"]}]},{"@type":"ImageObject","inLanguage":"ca","@id":"https:\/\/www.mountainhosteltarter.com\/ca\/espais\/banys-dutxes\/#primaryimage","url":"https:\/\/www.mountainhosteltarter.com\/wp-content\/uploads\/2021\/08\/mountain-hostel-tarter-andorra-toilets-64-681x1024.jpg","contentUrl":"https:\/\/www.mountainhosteltarter.com\/wp-content\/uploads\/2021\/08\/mountain-hostel-tarter-andorra-toilets-64-681x1024.jpg"},{"@type":"BreadcrumbList","@id":"https:\/\/www.mountainhosteltarter.com\/ca\/espais\/banys-dutxes\/#breadcrumb","itemListElement":[{"@type":"ListItem","position":1,"name":"Portada","item":"https:\/\/www.mountainhosteltarter.com\/ca\/"},{"@type":"ListItem","position":2,"name":"espais","item":"https:\/\/www.mountainhosteltarter.com\/ca\/espais\/"},{"@type":"ListItem","position":3,"name":"Banys dutxes"}]},{"@type":"WebSite","@id":"https:\/\/www.mountainhosteltarter.com\/fr\/#website","url":"https:\/\/www.mountainhosteltarter.com\/fr\/","name":"Mountain Hostel Tarter","description":"El mejor Hostal en Grandvalira Andorra","publisher":{"@id":"https:\/\/www.mountainhosteltarter.com\/fr\/#organization"},"potentialAction":[{"@type":"SearchAction","target":{"@type":"EntryPoint","urlTemplate":"https:\/\/www.mountainhosteltarter.com\/fr\/?s={search_term_string}"},"query-input":"required name=search_term_string"}],"inLanguage":"ca"},{"@type":"Organization","@id":"https:\/\/www.mountainhosteltarter.com\/fr\/#organization","name":"Mountain Hostel Tarter","url":"https:\/\/www.mountainhosteltarter.com\/fr\/","logo":{"@type":"ImageObject","inLanguage":"ca","@id":"https:\/\/www.mountainhosteltarter.com\/fr\/#\/schema\/logo\/image\/","url":"https:\/\/www.mountainhosteltarter.com\/wp-content\/uploads\/2021\/08\/logo.png","contentUrl":"https:\/\/www.mountainhosteltarter.com\/wp-content\/uploads\/2021\/08\/logo.png","width":200,"height":103,"caption":"Mountain Hostel Tarter"},"image":{"@id":"https:\/\/www.mountainhosteltarter.com\/fr\/#\/schema\/logo\/image\/"}}]}},"_links":{"self":[{"href":"https:\/\/www.mountainhosteltarter.com\/ca\/wp-json\/wp\/v2\/pages\/17282"}],"collection":[{"href":"https:\/\/www.mountainhosteltarter.com\/ca\/wp-json\/wp\/v2\/pages"}],"about":[{"href":"https:\/\/www.mountainhosteltarter.com\/ca\/wp-json\/wp\/v2\/types\/page"}],"author":[{"embeddable":true,"href":"https:\/\/www.mountainhosteltarter.com\/ca\/wp-json\/wp\/v2\/users\/1"}],"replies":[{"embeddable":true,"href":"https:\/\/www.mountainhosteltarter.com\/ca\/wp-json\/wp\/v2\/comments?post=17282"}],"version-history":[{"count":0,"href":"https:\/\/www.mountainhosteltarter.com\/ca\/wp-json\/wp\/v2\/pages\/17282\/revisions"}],"up":[{"embeddable":true,"href":"https:\/\/www.mountainhosteltarter.com\/ca\/wp-json\/wp\/v2\/pages\/17256"}],"wp:attachment":[{"href":"https:\/\/www.mountainhosteltarter.com\/ca\/wp-json\/wp\/v2\/media?parent=17282"}],"curies":[{"name":"wp","href":"https:\/\/api.w.org\/{rel}","templated":true}]}}