{"id":17334,"date":"2021-09-21T22:34:12","date_gmt":"2021-09-21T22:34:12","guid":{"rendered":"https:\/\/www.mountainhosteltarter.com\/?page_id=17334"},"modified":"2021-10-19T21:43:05","modified_gmt":"2021-10-19T21:43:05","slug":"habitacions","status":"publish","type":"page","link":"https:\/\/www.mountainhosteltarter.com\/ca\/espais\/habitacions\/","title":{"rendered":"Habitacions"},"content":{"rendered":"<div class=\"pld-like-dislike-wrap pld-template-2\">\r\n    <div class=\"pld-like-wrap  pld-common-wrap\">\r\n    <a href=\"javascript:void(0)\" class=\"pld-like-trigger pld-like-dislike-trigger  \" title=\"Me Gusta\" data-post-id=\"17117\" data-trigger-type=\"like\" data-restriction=\"cookie\" data-already-liked=\"0\">\r\n                        <i class=\"fas fa-heart\"><\/i>\r\n                <\/a>\r\n    <span class=\"pld-like-count-wrap pld-count-wrap\">2    <\/span>\r\n<\/div><\/div>\t\t<div data-elementor-type=\"wp-post\" data-elementor-id=\"17334\" class=\"elementor elementor-17334 elementor-14062\">\n\t\t\t\t\t\t<section class=\"elementor-section elementor-top-section elementor-element elementor-element-24f31f6 elementor-section-boxed elementor-section-height-default elementor-section-height-default\" data-id=\"24f31f6\" data-element_type=\"section\">\n\t\t\t\t\t\t<div class=\"elementor-container elementor-column-gap-default\">\n\t\t\t\t\t<div class=\"elementor-column elementor-col-100 elementor-top-column elementor-element elementor-element-eea188f\" data-id=\"eea188f\" data-element_type=\"column\">\n\t\t\t<div class=\"elementor-widget-wrap elementor-element-populated\">\n\t\t\t\t\t\t<div class=\"elementor-element elementor-element-982e12a elementor-widget elementor-widget-spacer\" data-id=\"982e12a\" data-element_type=\"widget\" data-widget_type=\"spacer.default\">\n\t\t\t\t<div class=\"elementor-widget-container\">\n\t\t\t<style>\/*! elementor - v3.21.0 - 26-05-2024 *\/\n.elementor-column .elementor-spacer-inner{height:var(--spacer-size)}.e-con{--container-widget-width:100%}.e-con-inner>.elementor-widget-spacer,.e-con>.elementor-widget-spacer{width:var(--container-widget-width,var(--spacer-size));--align-self:var(--container-widget-align-self,initial);--flex-shrink:0}.e-con-inner>.elementor-widget-spacer>.elementor-widget-container,.e-con>.elementor-widget-spacer>.elementor-widget-container{height:100%;width:100%}.e-con-inner>.elementor-widget-spacer>.elementor-widget-container>.elementor-spacer,.e-con>.elementor-widget-spacer>.elementor-widget-container>.elementor-spacer{height:100%}.e-con-inner>.elementor-widget-spacer>.elementor-widget-container>.elementor-spacer>.elementor-spacer-inner,.e-con>.elementor-widget-spacer>.elementor-widget-container>.elementor-spacer>.elementor-spacer-inner{height:var(--container-widget-height,var(--spacer-size))}.e-con-inner>.elementor-widget-spacer.elementor-widget-empty,.e-con>.elementor-widget-spacer.elementor-widget-empty{position:relative;min-height:22px;min-width:22px}.e-con-inner>.elementor-widget-spacer.elementor-widget-empty .elementor-widget-empty-icon,.e-con>.elementor-widget-spacer.elementor-widget-empty .elementor-widget-empty-icon{position:absolute;top:0;bottom:0;left:0;right:0;margin:auto;padding:0;width:22px;height:22px}<\/style>\t\t<div class=\"elementor-spacer\">\n\t\t\t<div class=\"elementor-spacer-inner\"><\/div>\n\t\t<\/div>\n\t\t\t\t<\/div>\n\t\t\t\t<\/div>\n\t\t\t\t\t<\/div>\n\t\t<\/div>\n\t\t\t\t\t<\/div>\n\t\t<\/section>\n\t\t\t\t<section class=\"elementor-section elementor-top-section elementor-element elementor-element-fa28b95 elementor-section-full_width habitaciones-list elementor-section-content-middle elementor-section-height-default elementor-section-height-default\" data-id=\"fa28b95\" data-element_type=\"section\">\n\t\t\t\t\t\t<div class=\"elementor-container elementor-column-gap-default\">\n\t\t\t\t\t<div class=\"elementor-column elementor-col-50 elementor-top-column elementor-element elementor-element-0c02608\" data-id=\"0c02608\" data-element_type=\"column\">\n\t\t\t<div class=\"elementor-widget-wrap elementor-element-populated\">\n\t\t\t\t\t\t<div class=\"elementor-element elementor-element-f6a1fab elementor-widget elementor-widget-text-editor\" data-id=\"f6a1fab\" data-element_type=\"widget\" data-widget_type=\"text-editor.default\">\n\t\t\t\t<div class=\"elementor-widget-container\">\n\t\t\t<style>\/*! elementor - v3.21.0 - 26-05-2024 *\/\n.elementor-widget-text-editor.elementor-drop-cap-view-stacked .elementor-drop-cap{background-color:#69727d;color:#fff}.elementor-widget-text-editor.elementor-drop-cap-view-framed .elementor-drop-cap{color:#69727d;border:3px solid;background-color:transparent}.elementor-widget-text-editor:not(.elementor-drop-cap-view-default) .elementor-drop-cap{margin-top:8px}.elementor-widget-text-editor:not(.elementor-drop-cap-view-default) .elementor-drop-cap-letter{width:1em;height:1em}.elementor-widget-text-editor .elementor-drop-cap{float:left;text-align:center;line-height:1;font-size:50px}.elementor-widget-text-editor .elementor-drop-cap-letter{display:inline-block}<\/style>\t\t\t\t<h4 style=\"font-size: 25px!important; color: #4eb5b3!important; margin-bottom: 0!important;\"><strong>Tria la teva habitaci\u00f3:<\/strong><\/h4>\t\t\t\t\t\t<\/div>\n\t\t\t\t<\/div>\n\t\t\t\t<div class=\"elementor-element elementor-element-cd72aaa elementor-widget-divider--view-line elementor-widget elementor-widget-divider\" data-id=\"cd72aaa\" data-element_type=\"widget\" data-widget_type=\"divider.default\">\n\t\t\t\t<div class=\"elementor-widget-container\">\n\t\t\t<style>\/*! elementor - v3.21.0 - 26-05-2024 *\/\n.elementor-widget-divider{--divider-border-style:none;--divider-border-width:1px;--divider-color:#0c0d0e;--divider-icon-size:20px;--divider-element-spacing:10px;--divider-pattern-height:24px;--divider-pattern-size:20px;--divider-pattern-url:none;--divider-pattern-repeat:repeat-x}.elementor-widget-divider .elementor-divider{display:flex}.elementor-widget-divider .elementor-divider__text{font-size:15px;line-height:1;max-width:95%}.elementor-widget-divider .elementor-divider__element{margin:0 var(--divider-element-spacing);flex-shrink:0}.elementor-widget-divider .elementor-icon{font-size:var(--divider-icon-size)}.elementor-widget-divider .elementor-divider-separator{display:flex;margin:0;direction:ltr}.elementor-widget-divider--view-line_icon .elementor-divider-separator,.elementor-widget-divider--view-line_text .elementor-divider-separator{align-items:center}.elementor-widget-divider--view-line_icon .elementor-divider-separator:after,.elementor-widget-divider--view-line_icon .elementor-divider-separator:before,.elementor-widget-divider--view-line_text .elementor-divider-separator:after,.elementor-widget-divider--view-line_text .elementor-divider-separator:before{display:block;content:\"\";border-block-end:0;flex-grow:1;border-block-start:var(--divider-border-width) var(--divider-border-style) var(--divider-color)}.elementor-widget-divider--element-align-left .elementor-divider .elementor-divider-separator>.elementor-divider__svg:first-of-type{flex-grow:0;flex-shrink:100}.elementor-widget-divider--element-align-left .elementor-divider-separator:before{content:none}.elementor-widget-divider--element-align-left .elementor-divider__element{margin-left:0}.elementor-widget-divider--element-align-right .elementor-divider .elementor-divider-separator>.elementor-divider__svg:last-of-type{flex-grow:0;flex-shrink:100}.elementor-widget-divider--element-align-right .elementor-divider-separator:after{content:none}.elementor-widget-divider--element-align-right .elementor-divider__element{margin-right:0}.elementor-widget-divider--element-align-start .elementor-divider .elementor-divider-separator>.elementor-divider__svg:first-of-type{flex-grow:0;flex-shrink:100}.elementor-widget-divider--element-align-start .elementor-divider-separator:before{content:none}.elementor-widget-divider--element-align-start .elementor-divider__element{margin-inline-start:0}.elementor-widget-divider--element-align-end .elementor-divider .elementor-divider-separator>.elementor-divider__svg:last-of-type{flex-grow:0;flex-shrink:100}.elementor-widget-divider--element-align-end .elementor-divider-separator:after{content:none}.elementor-widget-divider--element-align-end .elementor-divider__element{margin-inline-end:0}.elementor-widget-divider:not(.elementor-widget-divider--view-line_text):not(.elementor-widget-divider--view-line_icon) .elementor-divider-separator{border-block-start:var(--divider-border-width) var(--divider-border-style) var(--divider-color)}.elementor-widget-divider--separator-type-pattern{--divider-border-style:none}.elementor-widget-divider--separator-type-pattern.elementor-widget-divider--view-line .elementor-divider-separator,.elementor-widget-divider--separator-type-pattern:not(.elementor-widget-divider--view-line) .elementor-divider-separator:after,.elementor-widget-divider--separator-type-pattern:not(.elementor-widget-divider--view-line) .elementor-divider-separator:before,.elementor-widget-divider--separator-type-pattern:not([class*=elementor-widget-divider--view]) .elementor-divider-separator{width:100%;min-height:var(--divider-pattern-height);-webkit-mask-size:var(--divider-pattern-size) 100%;mask-size:var(--divider-pattern-size) 100%;-webkit-mask-repeat:var(--divider-pattern-repeat);mask-repeat:var(--divider-pattern-repeat);background-color:var(--divider-color);-webkit-mask-image:var(--divider-pattern-url);mask-image:var(--divider-pattern-url)}.elementor-widget-divider--no-spacing{--divider-pattern-size:auto}.elementor-widget-divider--bg-round{--divider-pattern-repeat:round}.rtl .elementor-widget-divider .elementor-divider__text{direction:rtl}.e-con-inner>.elementor-widget-divider,.e-con>.elementor-widget-divider{width:var(--container-widget-width,100%);--flex-grow:var(--container-widget-flex-grow)}<\/style>\t\t<div class=\"elementor-divider\">\n\t\t\t<span class=\"elementor-divider-separator\">\n\t\t\t\t\t\t<\/span>\n\t\t<\/div>\n\t\t\t\t<\/div>\n\t\t\t\t<\/div>\n\t\t\t\t<div class=\"elementor-element elementor-element-29459eb elementor-widget elementor-widget-shortcode\" data-id=\"29459eb\" data-element_type=\"widget\" data-widget_type=\"shortcode.default\">\n\t\t\t\t<div class=\"elementor-widget-container\">\n\t\t\t\t\t<div class=\"elementor-shortcode\"><style>.wp-show-posts-columns#wpsp-14061 {margin-left: -2em; }.wp-show-posts-columns#wpsp-14061 .wp-show-posts-inner {margin: 0 0 2em 2em; }<\/style><section id=\"wpsp-14061\" class=\" wp-show-posts\" style=\"\"><article class=\" wp-show-posts-single wpsp-clearfix post-17227 habitaciones type-habitaciones status-publish format-standard has-post-thumbnail hentry\" itemtype=\"http:\/\/schema.org\/CreativeWork\" itemscope><div class=\"wp-show-posts-inner\" style=\"\">\t\t\t\t\t\t<header class=\"wp-show-posts-entry-header\">\n\t\t\t\t\t\t\t<h2 class=\"wp-show-posts-entry-title\" itemprop=\"headline\"><a href=\"https:\/\/www.mountainhosteltarter.com\/ca\/habitacions\/habitacion-doble-privada-para-2-personas\/\" rel=\"bookmark\">HABITACI\u00d3 DOBLE, PRIVADA PER A 2 PERSONES<\/a><\/h2><div class=\"pld-like-dislike-wrap pld-template-2\">\r\n    <div class=\"pld-like-wrap  pld-common-wrap\">\r\n    <a href=\"javascript:void(0)\" class=\"pld-like-trigger pld-like-dislike-trigger  \" title=\"Me Gusta\" data-post-id=\"0\" data-trigger-type=\"like\" data-restriction=\"cookie\" data-already-liked=\"0\">\r\n                        <i class=\"fas fa-heart\"><\/i>\r\n                <\/a>\r\n    <span class=\"pld-like-count-wrap pld-count-wrap\">    <\/span>\r\n<\/div><\/div>\t\t\t\t\t\t<\/header><!-- .entry-header -->\n\t\t\t\t\t\t\t<div class=\"wp-show-posts-image  wpsp-image-center \">\n\t\t\t<a href=\"https:\/\/www.mountainhosteltarter.com\/ca\/habitacions\/habitacion-doble-privada-para-2-personas\/\"  title=\"HABITACI\u00d3 DOBLE, PRIVADA PER A 2 PERSONES\"><img loading=\"lazy\" decoding=\"async\" width=\"700\" height=\"490\" src=\"https:\/\/www.mountainhosteltarter.com\/wp-content\/uploads\/2021\/08\/hostel_2017-20_gallery__60465bcfc42c2.jpg\" class=\"attachment-full size-full wp-post-image\" alt=\"\" itemprop=\"image\" srcset=\"https:\/\/www.mountainhosteltarter.com\/wp-content\/uploads\/2021\/08\/hostel_2017-20_gallery__60465bcfc42c2.jpg 700w, https:\/\/www.mountainhosteltarter.com\/wp-content\/uploads\/2021\/08\/hostel_2017-20_gallery__60465bcfc42c2-300x210.jpg 300w\" sizes=\"(max-width: 700px) 100vw, 700px\" \/><\/a>\t\t<\/div>\n\t\t\t\t\t\t\t\t<div class=\"wp-show-posts-entry-content\" itemprop=\"text\">\n\t\t\t\t\t\t\t<div class=\"pld-like-dislike-wrap pld-template-2\">\r\n    <div class=\"pld-like-wrap  pld-common-wrap\">\r\n    <a href=\"javascript:void(0)\" class=\"pld-like-trigger pld-like-dislike-trigger  \" title=\"Me Gusta\" data-post-id=\"17227\" data-trigger-type=\"like\" data-restriction=\"cookie\" data-already-liked=\"0\">\r\n                        <i class=\"fas fa-heart\"><\/i>\r\n                <\/a>\r\n    <span class=\"pld-like-count-wrap pld-count-wrap\">4    <\/span>\r\n<\/div><\/div>\n<figure class=\"wp-block-gallery columns-4 is-cropped wp-block-gallery-1 is-layout-flex wp-block-gallery-is-layout-flex\"><ul class=\"blocks-gallery-grid\"><li class=\"blocks-gallery-item\"><figure><a href=\"https:\/\/www.mountainhosteltarter.com\/wp-content\/uploads\/2021\/08\/hostel_2017-17_featured__60465bce01a05-1.jpg\"><img fetchpriority=\"high\" fetchpriority=\"high\" decoding=\"async\" width=\"300\" height=\"210\" src=\"https:\/\/www.mountainhosteltarter.com\/wp-content\/uploads\/2021\/08\/hostel_2017-17_featured__60465bce01a05-1-300x210.jpg\" alt=\"\" data-id=\"14789\" data-full-url=\"https:\/\/www.mountainhosteltarter.com\/wp-content\/uploads\/2021\/08\/hostel_2017-17_featured__60465bce01a05-1.jpg\" data-link=\"https:\/\/www.mountainhosteltarter.com\/?attachment_id=14789#main\" class=\"wp-image-17229\" srcset=\"https:\/\/www.mountainhosteltarter.com\/wp-content\/uploads\/2021\/08\/hostel_2017-17_featured__60465bce01a05-1-300x210.jpg 300w, https:\/\/www.mountainhosteltarter.com\/wp-content\/uploads\/2021\/08\/hostel_2017-17_featured__60465bce01a05-1.jpg 700w\" sizes=\"(max-width: 300px) 100vw, 300px\" \/><\/a><\/figure><\/li><li class=\"blocks-gallery-item\"><figure><a href=\"https:\/\/www.mountainhosteltarter.com\/wp-content\/uploads\/2021\/08\/hostel_2017-18_gallery__60465bcede6cd.jpg\"><img decoding=\"async\" width=\"300\" height=\"210\" src=\"https:\/\/www.mountainhosteltarter.com\/wp-content\/uploads\/2021\/08\/hostel_2017-18_gallery__60465bcede6cd-300x210.jpg\" alt=\"\" data-id=\"14790\" data-full-url=\"https:\/\/www.mountainhosteltarter.com\/wp-content\/uploads\/2021\/08\/hostel_2017-18_gallery__60465bcede6cd.jpg\" data-link=\"https:\/\/www.mountainhosteltarter.com\/?attachment_id=14790#main\" class=\"wp-image-17230\" srcset=\"https:\/\/www.mountainhosteltarter.com\/wp-content\/uploads\/2021\/08\/hostel_2017-18_gallery__60465bcede6cd-300x210.jpg 300w, https:\/\/www.mountainhosteltarter.com\/wp-content\/uploads\/2021\/08\/hostel_2017-18_gallery__60465bcede6cd.jpg 700w\" sizes=\"(max-width: 300px) 100vw, 300px\" \/><\/a><\/figure><\/li><li class=\"blocks-gallery-item\"><figure><a href=\"https:\/\/www.mountainhosteltarter.com\/wp-content\/uploads\/2021\/08\/hostel_2017-20_gallery__60465bcfc42c2.jpg\"><img decoding=\"async\" width=\"300\" height=\"210\" src=\"https:\/\/www.mountainhosteltarter.com\/wp-content\/uploads\/2021\/08\/hostel_2017-20_gallery__60465bcfc42c2-300x210.jpg\" alt=\"\" data-id=\"14791\" data-full-url=\"https:\/\/www.mountainhosteltarter.com\/wp-content\/uploads\/2021\/08\/hostel_2017-20_gallery__60465bcfc42c2.jpg\" data-link=\"https:\/\/www.mountainhosteltarter.com\/?attachment_id=14791#main\" class=\"wp-image-17231\" srcset=\"https:\/\/www.mountainhosteltarter.com\/wp-content\/uploads\/2021\/08\/hostel_2017-20_gallery__60465bcfc42c2-300x210.jpg 300w, https:\/\/www.mountainhosteltarter.com\/wp-content\/uploads\/2021\/08\/hostel_2017-20_gallery__60465bcfc42c2.jpg 700w\" sizes=\"(max-width: 300px) 100vw, 300px\" \/><\/a><\/figure><\/li><li class=\"blocks-gallery-item\"><figure><a href=\"https:\/\/www.mountainhosteltarter.com\/wp-content\/uploads\/2021\/08\/hostel_2017-98_gallery__60465bd0a7d1f.jpg\"><img loading=\"lazy\" loading=\"lazy\" decoding=\"async\" width=\"300\" height=\"210\" src=\"https:\/\/www.mountainhosteltarter.com\/wp-content\/uploads\/2021\/08\/hostel_2017-98_gallery__60465bd0a7d1f-300x210.jpg\" alt=\"\" data-id=\"14792\" data-full-url=\"https:\/\/www.mountainhosteltarter.com\/wp-content\/uploads\/2021\/08\/hostel_2017-98_gallery__60465bd0a7d1f.jpg\" data-link=\"https:\/\/www.mountainhosteltarter.com\/?attachment_id=14792#main\" class=\"wp-image-17232\" srcset=\"https:\/\/www.mountainhosteltarter.com\/wp-content\/uploads\/2021\/08\/hostel_2017-98_gallery__60465bd0a7d1f-300x210.jpg 300w, https:\/\/www.mountainhosteltarter.com\/wp-content\/uploads\/2021\/08\/hostel_2017-98_gallery__60465bd0a7d1f.jpg 700w\" sizes=\"(max-width: 300px) 100vw, 300px\" \/><\/a><\/figure><\/li><\/ul><\/figure>\n\n\n\n<ul><li>Hostes: 2 persones.<\/li><\/ul>\n\n\n\n<p>La teva pr\u00f2pia habitaci\u00f3: L&#8217;HABITACI\u00d3 DOBLE del Mountain Hostel Tarter. Un nou concepte d&#8217;habitaci\u00f3. \u00c9s una opci\u00f3 perfecta si vens sol \/ a o si vens amb el teu &#8220;millor amic \/ a&#8221;. Habitaci\u00f3 amb 2 confortables llits individuals que d\u00f3na la privacitat necess\u00e0ria, seguint l&#8217;estil del nostre hostel.<\/p>\n\n\n\n\t\t\t\t\t\t<\/div><!-- .entry-content -->\n\t\t\t\t\t<div class=\"wp-show-posts-entry-meta wp-show-posts-entry-meta-below-post post-meta-stack\"><span class=\"wp-show-posts-terms wp-show-posts-meta\"><\/span><\/div><\/div><!-- wp-show-posts-inner --><div class=\"wpsp-clear\"><\/div><\/article><article class=\" wp-show-posts-single wpsp-clearfix post-17206 habitaciones type-habitaciones status-publish format-standard has-post-thumbnail hentry\" itemtype=\"http:\/\/schema.org\/CreativeWork\" itemscope><div class=\"wp-show-posts-inner\" style=\"\">\t\t\t\t\t\t<header class=\"wp-show-posts-entry-header\">\n\t\t\t\t\t\t\t<h2 class=\"wp-show-posts-entry-title\" itemprop=\"headline\"><a href=\"https:\/\/www.mountainhosteltarter.com\/ca\/habitacions\/llit-en-habitacio-compartida-per-a-4-persones\/\" rel=\"bookmark\">LLIT en habitaci\u00f3 compartida per a 4 persones<\/a><\/h2><div class=\"pld-like-dislike-wrap pld-template-2\">\r\n    <div class=\"pld-like-wrap  pld-common-wrap\">\r\n    <a href=\"javascript:void(0)\" class=\"pld-like-trigger pld-like-dislike-trigger  \" title=\"Me Gusta\" data-post-id=\"0\" data-trigger-type=\"like\" data-restriction=\"cookie\" data-already-liked=\"0\">\r\n                        <i class=\"fas fa-heart\"><\/i>\r\n                <\/a>\r\n    <span class=\"pld-like-count-wrap pld-count-wrap\">    <\/span>\r\n<\/div><\/div>\t\t\t\t\t\t<\/header><!-- .entry-header -->\n\t\t\t\t\t\t\t<div class=\"wp-show-posts-image  wpsp-image-center \">\n\t\t\t<a href=\"https:\/\/www.mountainhosteltarter.com\/ca\/habitacions\/llit-en-habitacio-compartida-per-a-4-persones\/\"  title=\"LLIT en habitaci\u00f3 compartida per a 4 persones\"><img loading=\"lazy\" decoding=\"async\" width=\"700\" height=\"490\" src=\"https:\/\/www.mountainhosteltarter.com\/wp-content\/uploads\/2021\/08\/hostel_2017-43_featured__604651849eea0-1-1.jpg\" class=\"attachment-full size-full wp-post-image\" alt=\"\" itemprop=\"image\" srcset=\"https:\/\/www.mountainhosteltarter.com\/wp-content\/uploads\/2021\/08\/hostel_2017-43_featured__604651849eea0-1-1.jpg 700w, https:\/\/www.mountainhosteltarter.com\/wp-content\/uploads\/2021\/08\/hostel_2017-43_featured__604651849eea0-1-1-300x210.jpg 300w\" sizes=\"(max-width: 700px) 100vw, 700px\" \/><\/a>\t\t<\/div>\n\t\t\t\t\t\t\t\t<div class=\"wp-show-posts-entry-content\" itemprop=\"text\">\n\t\t\t\t\t\t\t<div class=\"pld-like-dislike-wrap pld-template-2\">\r\n    <div class=\"pld-like-wrap  pld-common-wrap\">\r\n    <a href=\"javascript:void(0)\" class=\"pld-like-trigger pld-like-dislike-trigger  \" title=\"Me Gusta\" data-post-id=\"17206\" data-trigger-type=\"like\" data-restriction=\"cookie\" data-already-liked=\"0\">\r\n                        <i class=\"fas fa-heart\"><\/i>\r\n                <\/a>\r\n    <span class=\"pld-like-count-wrap pld-count-wrap\">2    <\/span>\r\n<\/div><\/div>\n<figure class=\"wp-block-gallery columns-4 is-cropped wp-block-gallery-2 is-layout-flex wp-block-gallery-is-layout-flex\"><ul class=\"blocks-gallery-grid\"><li class=\"blocks-gallery-item\"><figure><a href=\"https:\/\/www.mountainhosteltarter.com\/wp-content\/uploads\/2021\/08\/hostel_2017-43_featured__604651849eea0-2.jpg\"><img loading=\"lazy\" loading=\"lazy\" decoding=\"async\" width=\"300\" height=\"210\" src=\"https:\/\/www.mountainhosteltarter.com\/wp-content\/uploads\/2021\/08\/hostel_2017-43_featured__604651849eea0-2-300x210.jpg\" alt=\"\" data-id=\"14806\" data-full-url=\"https:\/\/www.mountainhosteltarter.com\/wp-content\/uploads\/2021\/08\/hostel_2017-43_featured__604651849eea0-2.jpg\" data-link=\"https:\/\/www.mountainhosteltarter.com\/habitaciones\/cama-en-habitacion-compartida-para-4-personas\/hostel_2017-43_featured__604651849eea0-2\/#main\" class=\"wp-image-17208\" srcset=\"https:\/\/www.mountainhosteltarter.com\/wp-content\/uploads\/2021\/08\/hostel_2017-43_featured__604651849eea0-2-300x210.jpg 300w, https:\/\/www.mountainhosteltarter.com\/wp-content\/uploads\/2021\/08\/hostel_2017-43_featured__604651849eea0-2.jpg 700w\" sizes=\"(max-width: 300px) 100vw, 300px\" \/><\/a><\/figure><\/li><li class=\"blocks-gallery-item\"><figure><a href=\"https:\/\/www.mountainhosteltarter.com\/wp-content\/uploads\/2021\/08\/hostel_2017-45_gallery__60465185b12c4-1.jpg\"><img loading=\"lazy\" loading=\"lazy\" decoding=\"async\" width=\"300\" height=\"210\" src=\"https:\/\/www.mountainhosteltarter.com\/wp-content\/uploads\/2021\/08\/hostel_2017-45_gallery__60465185b12c4-1-300x210.jpg\" alt=\"\" data-id=\"14807\" data-full-url=\"https:\/\/www.mountainhosteltarter.com\/wp-content\/uploads\/2021\/08\/hostel_2017-45_gallery__60465185b12c4-1.jpg\" data-link=\"https:\/\/www.mountainhosteltarter.com\/habitaciones\/cama-en-habitacion-compartida-para-4-personas\/hostel_2017-45_gallery__60465185b12c4-2\/#main\" class=\"wp-image-17209\" srcset=\"https:\/\/www.mountainhosteltarter.com\/wp-content\/uploads\/2021\/08\/hostel_2017-45_gallery__60465185b12c4-1-300x210.jpg 300w, https:\/\/www.mountainhosteltarter.com\/wp-content\/uploads\/2021\/08\/hostel_2017-45_gallery__60465185b12c4-1.jpg 700w\" sizes=\"(max-width: 300px) 100vw, 300px\" \/><\/a><\/figure><\/li><li class=\"blocks-gallery-item\"><figure><a href=\"https:\/\/www.mountainhosteltarter.com\/wp-content\/uploads\/2021\/08\/hostel_2017-47_gallery__60465186b9095-1.jpg\"><img loading=\"lazy\" loading=\"lazy\" decoding=\"async\" width=\"300\" height=\"210\" src=\"https:\/\/www.mountainhosteltarter.com\/wp-content\/uploads\/2021\/08\/hostel_2017-47_gallery__60465186b9095-1-300x210.jpg\" alt=\"\" data-id=\"14808\" data-full-url=\"https:\/\/www.mountainhosteltarter.com\/wp-content\/uploads\/2021\/08\/hostel_2017-47_gallery__60465186b9095-1.jpg\" data-link=\"https:\/\/www.mountainhosteltarter.com\/habitaciones\/cama-en-habitacion-compartida-para-4-personas\/hostel_2017-47_gallery__60465186b9095-2\/#main\" class=\"wp-image-17210\" srcset=\"https:\/\/www.mountainhosteltarter.com\/wp-content\/uploads\/2021\/08\/hostel_2017-47_gallery__60465186b9095-1-300x210.jpg 300w, https:\/\/www.mountainhosteltarter.com\/wp-content\/uploads\/2021\/08\/hostel_2017-47_gallery__60465186b9095-1.jpg 700w\" sizes=\"(max-width: 300px) 100vw, 300px\" \/><\/a><\/figure><\/li><li class=\"blocks-gallery-item\"><figure><a href=\"https:\/\/www.mountainhosteltarter.com\/wp-content\/uploads\/2021\/08\/hostel_2017-49_gallery__60465187bc63c-1.jpg\"><img loading=\"lazy\" loading=\"lazy\" decoding=\"async\" width=\"300\" height=\"210\" src=\"https:\/\/www.mountainhosteltarter.com\/wp-content\/uploads\/2021\/08\/hostel_2017-49_gallery__60465187bc63c-1-300x210.jpg\" alt=\"\" data-id=\"14809\" data-full-url=\"https:\/\/www.mountainhosteltarter.com\/wp-content\/uploads\/2021\/08\/hostel_2017-49_gallery__60465187bc63c-1.jpg\" data-link=\"https:\/\/www.mountainhosteltarter.com\/habitaciones\/cama-en-habitacion-compartida-para-4-personas\/hostel_2017-49_gallery__60465187bc63c-2\/#main\" class=\"wp-image-17211\" srcset=\"https:\/\/www.mountainhosteltarter.com\/wp-content\/uploads\/2021\/08\/hostel_2017-49_gallery__60465187bc63c-1-300x210.jpg 300w, https:\/\/www.mountainhosteltarter.com\/wp-content\/uploads\/2021\/08\/hostel_2017-49_gallery__60465187bc63c-1.jpg 700w\" sizes=\"(max-width: 300px) 100vw, 300px\" \/><\/a><\/figure><\/li><li class=\"blocks-gallery-item\"><figure><a href=\"https:\/\/www.mountainhosteltarter.com\/wp-content\/uploads\/2021\/08\/la_foto-12_gallery__604651896ea52-1.jpg\"><img loading=\"lazy\" loading=\"lazy\" decoding=\"async\" width=\"300\" height=\"210\" src=\"https:\/\/www.mountainhosteltarter.com\/wp-content\/uploads\/2021\/08\/la_foto-12_gallery__604651896ea52-1-300x210.jpg\" alt=\"\" data-id=\"14810\" data-full-url=\"https:\/\/www.mountainhosteltarter.com\/wp-content\/uploads\/2021\/08\/la_foto-12_gallery__604651896ea52-1.jpg\" data-link=\"https:\/\/www.mountainhosteltarter.com\/habitaciones\/cama-en-habitacion-compartida-para-4-personas\/la_foto-12_gallery__604651896ea52-2\/#main\" class=\"wp-image-17212\" srcset=\"https:\/\/www.mountainhosteltarter.com\/wp-content\/uploads\/2021\/08\/la_foto-12_gallery__604651896ea52-1-300x210.jpg 300w, https:\/\/www.mountainhosteltarter.com\/wp-content\/uploads\/2021\/08\/la_foto-12_gallery__604651896ea52-1.jpg 700w\" sizes=\"(max-width: 300px) 100vw, 300px\" \/><\/a><\/figure><\/li><li class=\"blocks-gallery-item\"><figure><a href=\"https:\/\/www.mountainhosteltarter.com\/wp-content\/uploads\/2021\/08\/mountainhosteltarter-29_gallery__6046518a0dc26-1.jpg\"><img loading=\"lazy\" loading=\"lazy\" decoding=\"async\" width=\"300\" height=\"210\" src=\"https:\/\/www.mountainhosteltarter.com\/wp-content\/uploads\/2021\/08\/mountainhosteltarter-29_gallery__6046518a0dc26-1-300x210.jpg\" alt=\"\" data-id=\"14811\" data-full-url=\"https:\/\/www.mountainhosteltarter.com\/wp-content\/uploads\/2021\/08\/mountainhosteltarter-29_gallery__6046518a0dc26-1.jpg\" data-link=\"https:\/\/www.mountainhosteltarter.com\/habitaciones\/cama-en-habitacion-compartida-para-4-personas\/mountainhosteltarter-29_gallery__6046518a0dc26-2\/#main\" class=\"wp-image-17213\" srcset=\"https:\/\/www.mountainhosteltarter.com\/wp-content\/uploads\/2021\/08\/mountainhosteltarter-29_gallery__6046518a0dc26-1-300x210.jpg 300w, https:\/\/www.mountainhosteltarter.com\/wp-content\/uploads\/2021\/08\/mountainhosteltarter-29_gallery__6046518a0dc26-1.jpg 700w\" sizes=\"(max-width: 300px) 100vw, 300px\" \/><\/a><\/figure><\/li><li class=\"blocks-gallery-item\"><figure><a href=\"https:\/\/www.mountainhosteltarter.com\/wp-content\/uploads\/2021\/08\/mountainhosteltarter-61_gallery__6046518864023-1.jpg\"><img loading=\"lazy\" loading=\"lazy\" decoding=\"async\" width=\"300\" height=\"210\" src=\"https:\/\/www.mountainhosteltarter.com\/wp-content\/uploads\/2021\/08\/mountainhosteltarter-61_gallery__6046518864023-1-300x210.jpg\" alt=\"\" data-id=\"14812\" data-full-url=\"https:\/\/www.mountainhosteltarter.com\/wp-content\/uploads\/2021\/08\/mountainhosteltarter-61_gallery__6046518864023-1.jpg\" data-link=\"https:\/\/www.mountainhosteltarter.com\/habitaciones\/cama-en-habitacion-compartida-para-4-personas\/mountainhosteltarter-61_gallery__6046518864023-2\/#main\" class=\"wp-image-17214\" srcset=\"https:\/\/www.mountainhosteltarter.com\/wp-content\/uploads\/2021\/08\/mountainhosteltarter-61_gallery__6046518864023-1-300x210.jpg 300w, https:\/\/www.mountainhosteltarter.com\/wp-content\/uploads\/2021\/08\/mountainhosteltarter-61_gallery__6046518864023-1.jpg 700w\" sizes=\"(max-width: 300px) 100vw, 300px\" \/><\/a><\/figure><\/li><\/ul><\/figure>\n\n\n\n<ul><li>Hostes: 4 persones.<\/li><\/ul>\n\n\n\n<p>EL TEU PROPI ESPAI, EN UNA HABITACI\u00d3 COMPARTIDA PER A 4 PERSONES.<br \/>Reserva el teu llit en una habitaci\u00f3 compartida. Aquesta habitaci\u00f3 t\u00e9 una capacitat m\u00e0xima per a 4 persones, \u00e9s una habitaci\u00f3 mixta i el bany \u00e9s compartit, fora de l&#8217;habitaci\u00f3.<br \/><\/p>\n\n\n\n\t\t\t\t\t\t<\/div><!-- .entry-content -->\n\t\t\t\t\t<div class=\"wp-show-posts-entry-meta wp-show-posts-entry-meta-below-post post-meta-stack\"><span class=\"wp-show-posts-terms wp-show-posts-meta\"><\/span><\/div><\/div><!-- wp-show-posts-inner --><div class=\"wpsp-clear\"><\/div><\/article><article class=\" wp-show-posts-single wpsp-clearfix post-17182 habitaciones type-habitaciones status-publish format-standard has-post-thumbnail hentry\" itemtype=\"http:\/\/schema.org\/CreativeWork\" itemscope><div class=\"wp-show-posts-inner\" style=\"\">\t\t\t\t\t\t<header class=\"wp-show-posts-entry-header\">\n\t\t\t\t\t\t\t<h2 class=\"wp-show-posts-entry-title\" itemprop=\"headline\"><a href=\"https:\/\/www.mountainhosteltarter.com\/ca\/habitacions\/habitacio-privada-per-a-4-persones\/\" rel=\"bookmark\">Habitaci\u00f3 privada per a 4 persones<\/a><\/h2><div class=\"pld-like-dislike-wrap pld-template-2\">\r\n    <div class=\"pld-like-wrap  pld-common-wrap\">\r\n    <a href=\"javascript:void(0)\" class=\"pld-like-trigger pld-like-dislike-trigger  \" title=\"Me Gusta\" data-post-id=\"0\" data-trigger-type=\"like\" data-restriction=\"cookie\" data-already-liked=\"0\">\r\n                        <i class=\"fas fa-heart\"><\/i>\r\n                <\/a>\r\n    <span class=\"pld-like-count-wrap pld-count-wrap\">    <\/span>\r\n<\/div><\/div>\t\t\t\t\t\t<\/header><!-- .entry-header -->\n\t\t\t\t\t\t\t<div class=\"wp-show-posts-image  wpsp-image-center \">\n\t\t\t<a href=\"https:\/\/www.mountainhosteltarter.com\/ca\/habitacions\/habitacio-privada-per-a-4-persones\/\"  title=\"Habitaci\u00f3 privada per a 4 persones\"><img loading=\"lazy\" decoding=\"async\" width=\"700\" height=\"490\" src=\"https:\/\/www.mountainhosteltarter.com\/wp-content\/uploads\/2021\/08\/hostel_2017-44_featured__6059daefb203c.jpg\" class=\"attachment-full size-full wp-post-image\" alt=\"\" itemprop=\"image\" srcset=\"https:\/\/www.mountainhosteltarter.com\/wp-content\/uploads\/2021\/08\/hostel_2017-44_featured__6059daefb203c.jpg 700w, https:\/\/www.mountainhosteltarter.com\/wp-content\/uploads\/2021\/08\/hostel_2017-44_featured__6059daefb203c-300x210.jpg 300w\" sizes=\"(max-width: 700px) 100vw, 700px\" \/><\/a>\t\t<\/div>\n\t\t\t\t\t\t\t\t<div class=\"wp-show-posts-entry-content\" itemprop=\"text\">\n\t\t\t\t\t\t\t<div class=\"pld-like-dislike-wrap pld-template-2\">\r\n    <div class=\"pld-like-wrap  pld-common-wrap\">\r\n    <a href=\"javascript:void(0)\" class=\"pld-like-trigger pld-like-dislike-trigger  \" title=\"Me Gusta\" data-post-id=\"17182\" data-trigger-type=\"like\" data-restriction=\"cookie\" data-already-liked=\"0\">\r\n                        <i class=\"fas fa-heart\"><\/i>\r\n                <\/a>\r\n    <span class=\"pld-like-count-wrap pld-count-wrap\">4    <\/span>\r\n<\/div><\/div>\n<figure class=\"wp-block-gallery columns-4 is-cropped wp-block-gallery-3 is-layout-flex wp-block-gallery-is-layout-flex\"><ul class=\"blocks-gallery-grid\"><li class=\"blocks-gallery-item\"><figure><a href=\"https:\/\/www.mountainhosteltarter.com\/wp-content\/uploads\/2021\/08\/hostel_2017-43_featured__604651849eea0-1.jpg\"><img loading=\"lazy\" loading=\"lazy\" decoding=\"async\" width=\"300\" height=\"210\" src=\"https:\/\/www.mountainhosteltarter.com\/wp-content\/uploads\/2021\/08\/hostel_2017-43_featured__604651849eea0-1-300x210.jpg\" alt=\"\" data-id=\"14108\" data-full-url=\"https:\/\/www.mountainhosteltarter.com\/wp-content\/uploads\/2021\/08\/hostel_2017-43_featured__604651849eea0-1.jpg\" data-link=\"https:\/\/www.mountainhosteltarter.com\/habitaciones\/habitacion-doble-duplicate-1\/hostel_2017-43_featured__604651849eea0-1\/#main\" class=\"wp-image-17184\" srcset=\"https:\/\/www.mountainhosteltarter.com\/wp-content\/uploads\/2021\/08\/hostel_2017-43_featured__604651849eea0-1-300x210.jpg 300w, https:\/\/www.mountainhosteltarter.com\/wp-content\/uploads\/2021\/08\/hostel_2017-43_featured__604651849eea0-1.jpg 700w\" sizes=\"(max-width: 300px) 100vw, 300px\" \/><\/a><\/figure><\/li><li class=\"blocks-gallery-item\"><figure><a href=\"https:\/\/www.mountainhosteltarter.com\/wp-content\/uploads\/2021\/08\/hostel_2017-45_gallery__60465185b12c4.jpg\"><img loading=\"lazy\" loading=\"lazy\" decoding=\"async\" width=\"300\" height=\"210\" src=\"https:\/\/www.mountainhosteltarter.com\/wp-content\/uploads\/2021\/08\/hostel_2017-45_gallery__60465185b12c4-300x210.jpg\" alt=\"\" data-id=\"14109\" data-full-url=\"https:\/\/www.mountainhosteltarter.com\/wp-content\/uploads\/2021\/08\/hostel_2017-45_gallery__60465185b12c4.jpg\" data-link=\"https:\/\/www.mountainhosteltarter.com\/habitaciones\/habitacion-doble-duplicate-1\/hostel_2017-45_gallery__60465185b12c4\/#main\" class=\"wp-image-17185\" srcset=\"https:\/\/www.mountainhosteltarter.com\/wp-content\/uploads\/2021\/08\/hostel_2017-45_gallery__60465185b12c4-300x210.jpg 300w, https:\/\/www.mountainhosteltarter.com\/wp-content\/uploads\/2021\/08\/hostel_2017-45_gallery__60465185b12c4.jpg 700w\" sizes=\"(max-width: 300px) 100vw, 300px\" \/><\/a><\/figure><\/li><li class=\"blocks-gallery-item\"><figure><a href=\"https:\/\/www.mountainhosteltarter.com\/wp-content\/uploads\/2021\/08\/hostel_2017-47_gallery__60465186b9095.jpg\"><img loading=\"lazy\" loading=\"lazy\" decoding=\"async\" width=\"300\" height=\"210\" src=\"https:\/\/www.mountainhosteltarter.com\/wp-content\/uploads\/2021\/08\/hostel_2017-47_gallery__60465186b9095-300x210.jpg\" alt=\"\" data-id=\"14110\" data-full-url=\"https:\/\/www.mountainhosteltarter.com\/wp-content\/uploads\/2021\/08\/hostel_2017-47_gallery__60465186b9095.jpg\" data-link=\"https:\/\/www.mountainhosteltarter.com\/habitaciones\/habitacion-doble-duplicate-1\/hostel_2017-47_gallery__60465186b9095\/#main\" class=\"wp-image-17186\" srcset=\"https:\/\/www.mountainhosteltarter.com\/wp-content\/uploads\/2021\/08\/hostel_2017-47_gallery__60465186b9095-300x210.jpg 300w, https:\/\/www.mountainhosteltarter.com\/wp-content\/uploads\/2021\/08\/hostel_2017-47_gallery__60465186b9095.jpg 700w\" sizes=\"(max-width: 300px) 100vw, 300px\" \/><\/a><\/figure><\/li><li class=\"blocks-gallery-item\"><figure><a href=\"https:\/\/www.mountainhosteltarter.com\/wp-content\/uploads\/2021\/08\/hostel_2017-49_gallery__60465187bc63c.jpg\"><img loading=\"lazy\" loading=\"lazy\" decoding=\"async\" width=\"300\" height=\"210\" src=\"https:\/\/www.mountainhosteltarter.com\/wp-content\/uploads\/2021\/08\/hostel_2017-49_gallery__60465187bc63c-300x210.jpg\" alt=\"\" data-id=\"14111\" data-full-url=\"https:\/\/www.mountainhosteltarter.com\/wp-content\/uploads\/2021\/08\/hostel_2017-49_gallery__60465187bc63c.jpg\" data-link=\"https:\/\/www.mountainhosteltarter.com\/habitaciones\/habitacion-doble-duplicate-1\/hostel_2017-49_gallery__60465187bc63c\/#main\" class=\"wp-image-17187\" srcset=\"https:\/\/www.mountainhosteltarter.com\/wp-content\/uploads\/2021\/08\/hostel_2017-49_gallery__60465187bc63c-300x210.jpg 300w, https:\/\/www.mountainhosteltarter.com\/wp-content\/uploads\/2021\/08\/hostel_2017-49_gallery__60465187bc63c.jpg 700w\" sizes=\"(max-width: 300px) 100vw, 300px\" \/><\/a><\/figure><\/li><li class=\"blocks-gallery-item\"><figure><a href=\"https:\/\/www.mountainhosteltarter.com\/wp-content\/uploads\/2021\/08\/la_foto-12_gallery__604651896ea52.jpg\"><img loading=\"lazy\" loading=\"lazy\" decoding=\"async\" width=\"300\" height=\"210\" src=\"https:\/\/www.mountainhosteltarter.com\/wp-content\/uploads\/2021\/08\/la_foto-12_gallery__604651896ea52-300x210.jpg\" alt=\"\" data-id=\"14112\" data-full-url=\"https:\/\/www.mountainhosteltarter.com\/wp-content\/uploads\/2021\/08\/la_foto-12_gallery__604651896ea52.jpg\" data-link=\"https:\/\/www.mountainhosteltarter.com\/habitaciones\/habitacion-doble-duplicate-1\/la_foto-12_gallery__604651896ea52\/#main\" class=\"wp-image-17188\" srcset=\"https:\/\/www.mountainhosteltarter.com\/wp-content\/uploads\/2021\/08\/la_foto-12_gallery__604651896ea52-300x210.jpg 300w, https:\/\/www.mountainhosteltarter.com\/wp-content\/uploads\/2021\/08\/la_foto-12_gallery__604651896ea52.jpg 700w\" sizes=\"(max-width: 300px) 100vw, 300px\" \/><\/a><\/figure><\/li><li class=\"blocks-gallery-item\"><figure><a href=\"https:\/\/www.mountainhosteltarter.com\/wp-content\/uploads\/2021\/08\/mountainhosteltarter-29_gallery__6046518a0dc26.jpg\"><img loading=\"lazy\" loading=\"lazy\" decoding=\"async\" width=\"300\" height=\"210\" src=\"https:\/\/www.mountainhosteltarter.com\/wp-content\/uploads\/2021\/08\/mountainhosteltarter-29_gallery__6046518a0dc26-300x210.jpg\" alt=\"\" data-id=\"14113\" data-full-url=\"https:\/\/www.mountainhosteltarter.com\/wp-content\/uploads\/2021\/08\/mountainhosteltarter-29_gallery__6046518a0dc26.jpg\" data-link=\"https:\/\/www.mountainhosteltarter.com\/habitaciones\/habitacion-doble-duplicate-1\/mountainhosteltarter-29_gallery__6046518a0dc26\/#main\" class=\"wp-image-17189\" srcset=\"https:\/\/www.mountainhosteltarter.com\/wp-content\/uploads\/2021\/08\/mountainhosteltarter-29_gallery__6046518a0dc26-300x210.jpg 300w, https:\/\/www.mountainhosteltarter.com\/wp-content\/uploads\/2021\/08\/mountainhosteltarter-29_gallery__6046518a0dc26.jpg 700w\" sizes=\"(max-width: 300px) 100vw, 300px\" \/><\/a><\/figure><\/li><li class=\"blocks-gallery-item\"><figure><a href=\"https:\/\/www.mountainhosteltarter.com\/wp-content\/uploads\/2021\/08\/mountainhosteltarter-61_gallery__6046518864023.jpg\"><img loading=\"lazy\" loading=\"lazy\" decoding=\"async\" width=\"300\" height=\"210\" src=\"https:\/\/www.mountainhosteltarter.com\/wp-content\/uploads\/2021\/08\/mountainhosteltarter-61_gallery__6046518864023-300x210.jpg\" alt=\"\" data-id=\"14114\" data-full-url=\"https:\/\/www.mountainhosteltarter.com\/wp-content\/uploads\/2021\/08\/mountainhosteltarter-61_gallery__6046518864023.jpg\" data-link=\"https:\/\/www.mountainhosteltarter.com\/habitaciones\/habitacion-doble-duplicate-1\/mountainhosteltarter-61_gallery__6046518864023\/#main\" class=\"wp-image-17190\" srcset=\"https:\/\/www.mountainhosteltarter.com\/wp-content\/uploads\/2021\/08\/mountainhosteltarter-61_gallery__6046518864023-300x210.jpg 300w, https:\/\/www.mountainhosteltarter.com\/wp-content\/uploads\/2021\/08\/mountainhosteltarter-61_gallery__6046518864023.jpg 700w\" sizes=\"(max-width: 300px) 100vw, 300px\" \/><\/a><\/figure><\/li><\/ul><\/figure>\n\n\n\n<ul><li>Hostes: 4 persones.<\/li><\/ul>\n\n\n\n<p>\u00bfViatges amb amics o en fam\u00edlia? Aquesta \u00e9s la teva HABITACI\u00d3 PRIVADA PER A GRUPS DE FINS A 4 PERSONES.<br \/>Si sou 4 persones (o menys), reserva tot el dormitori complet per a vosaltres, sense haver de compartir habitaci\u00f3 amb ning\u00fa que no sigui del vostre grup. Aquesta habitaci\u00f3 t\u00e9 una capacitat m\u00e0xima de 4 persones (2 lliteres).<\/p>\n\n\n\n\t\t\t\t\t\t<\/div><!-- .entry-content -->\n\t\t\t\t\t<div class=\"wp-show-posts-entry-meta wp-show-posts-entry-meta-below-post post-meta-stack\"><span class=\"wp-show-posts-terms wp-show-posts-meta\"><\/span><\/div><\/div><!-- wp-show-posts-inner --><div class=\"wpsp-clear\"><\/div><\/article><article class=\" wp-show-posts-single wpsp-clearfix post-17162 habitaciones type-habitaciones status-publish format-standard has-post-thumbnail hentry\" itemtype=\"http:\/\/schema.org\/CreativeWork\" itemscope><div class=\"wp-show-posts-inner\" style=\"\">\t\t\t\t\t\t<header class=\"wp-show-posts-entry-header\">\n\t\t\t\t\t\t\t<h2 class=\"wp-show-posts-entry-title\" itemprop=\"headline\"><a href=\"https:\/\/www.mountainhosteltarter.com\/ca\/habitacions\/llit-en-habitacio-compartida-per-a-5-persones\/\" rel=\"bookmark\">LLIT en habitaci\u00f3 compartida per a 5 persones<\/a><\/h2><div class=\"pld-like-dislike-wrap pld-template-2\">\r\n    <div class=\"pld-like-wrap  pld-common-wrap\">\r\n    <a href=\"javascript:void(0)\" class=\"pld-like-trigger pld-like-dislike-trigger  \" title=\"Me Gusta\" data-post-id=\"0\" data-trigger-type=\"like\" data-restriction=\"cookie\" data-already-liked=\"0\">\r\n                        <i class=\"fas fa-heart\"><\/i>\r\n                <\/a>\r\n    <span class=\"pld-like-count-wrap pld-count-wrap\">    <\/span>\r\n<\/div><\/div>\t\t\t\t\t\t<\/header><!-- .entry-header -->\n\t\t\t\t\t\t\t<div class=\"wp-show-posts-image  wpsp-image-center \">\n\t\t\t<a href=\"https:\/\/www.mountainhosteltarter.com\/ca\/habitacions\/llit-en-habitacio-compartida-per-a-5-persones\/\"  title=\"LLIT en habitaci\u00f3 compartida per a 5 persones\"><img loading=\"lazy\" decoding=\"async\" width=\"700\" height=\"490\" src=\"https:\/\/www.mountainhosteltarter.com\/wp-content\/uploads\/2021\/08\/mountainhosteltarter-28_gallery__6058874c15ff1.jpg\" class=\"attachment-full size-full wp-post-image\" alt=\"\" itemprop=\"image\" srcset=\"https:\/\/www.mountainhosteltarter.com\/wp-content\/uploads\/2021\/08\/mountainhosteltarter-28_gallery__6058874c15ff1.jpg 700w, https:\/\/www.mountainhosteltarter.com\/wp-content\/uploads\/2021\/08\/mountainhosteltarter-28_gallery__6058874c15ff1-300x210.jpg 300w\" sizes=\"(max-width: 700px) 100vw, 700px\" \/><\/a>\t\t<\/div>\n\t\t\t\t\t\t\t\t<div class=\"wp-show-posts-entry-content\" itemprop=\"text\">\n\t\t\t\t\t\t\t<div class=\"pld-like-dislike-wrap pld-template-2\">\r\n    <div class=\"pld-like-wrap  pld-common-wrap\">\r\n    <a href=\"javascript:void(0)\" class=\"pld-like-trigger pld-like-dislike-trigger  \" title=\"Me Gusta\" data-post-id=\"17162\" data-trigger-type=\"like\" data-restriction=\"cookie\" data-already-liked=\"0\">\r\n                        <i class=\"fas fa-heart\"><\/i>\r\n                <\/a>\r\n    <span class=\"pld-like-count-wrap pld-count-wrap\">3    <\/span>\r\n<\/div><\/div>\n<figure class=\"wp-block-gallery columns-4 is-cropped wp-block-gallery-4 is-layout-flex wp-block-gallery-is-layout-flex\"><ul class=\"blocks-gallery-grid\"><li class=\"blocks-gallery-item\"><figure><a href=\"https:\/\/www.mountainhosteltarter.com\/wp-content\/uploads\/2021\/08\/hostel_2017-28_featured__605886e6a5a9e.jpg\"><img loading=\"lazy\" loading=\"lazy\" decoding=\"async\" width=\"300\" height=\"210\" src=\"https:\/\/www.mountainhosteltarter.com\/wp-content\/uploads\/2021\/08\/hostel_2017-28_featured__605886e6a5a9e-300x210.jpg\" alt=\"\" data-id=\"14824\" data-full-url=\"https:\/\/www.mountainhosteltarter.com\/wp-content\/uploads\/2021\/08\/hostel_2017-28_featured__605886e6a5a9e.jpg\" data-link=\"https:\/\/www.mountainhosteltarter.com\/habitaciones\/cama-en-habitacion-compartida-para-5-personas\/hostel_2017-28_featured__605886e6a5a9e\/#main\" class=\"wp-image-17164\" srcset=\"https:\/\/www.mountainhosteltarter.com\/wp-content\/uploads\/2021\/08\/hostel_2017-28_featured__605886e6a5a9e-300x210.jpg 300w, https:\/\/www.mountainhosteltarter.com\/wp-content\/uploads\/2021\/08\/hostel_2017-28_featured__605886e6a5a9e.jpg 700w\" sizes=\"(max-width: 300px) 100vw, 300px\" \/><\/a><\/figure><\/li><li class=\"blocks-gallery-item\"><figure><a href=\"https:\/\/www.mountainhosteltarter.com\/wp-content\/uploads\/2021\/08\/la_foto-12_gallery__6058871f2d4ff.jpg\"><img loading=\"lazy\" loading=\"lazy\" decoding=\"async\" width=\"300\" height=\"210\" src=\"https:\/\/www.mountainhosteltarter.com\/wp-content\/uploads\/2021\/08\/la_foto-12_gallery__6058871f2d4ff-300x210.jpg\" alt=\"\" data-id=\"14825\" data-full-url=\"https:\/\/www.mountainhosteltarter.com\/wp-content\/uploads\/2021\/08\/la_foto-12_gallery__6058871f2d4ff.jpg\" data-link=\"https:\/\/www.mountainhosteltarter.com\/habitaciones\/cama-en-habitacion-compartida-para-5-personas\/la_foto-12_gallery__6058871f2d4ff\/#main\" class=\"wp-image-17165\" srcset=\"https:\/\/www.mountainhosteltarter.com\/wp-content\/uploads\/2021\/08\/la_foto-12_gallery__6058871f2d4ff-300x210.jpg 300w, https:\/\/www.mountainhosteltarter.com\/wp-content\/uploads\/2021\/08\/la_foto-12_gallery__6058871f2d4ff.jpg 700w\" sizes=\"(max-width: 300px) 100vw, 300px\" \/><\/a><\/figure><\/li><li class=\"blocks-gallery-item\"><figure><a href=\"https:\/\/www.mountainhosteltarter.com\/wp-content\/uploads\/2021\/08\/mountainhosteltarter-27_gallery__60588748276b8.jpg\"><img loading=\"lazy\" loading=\"lazy\" decoding=\"async\" width=\"300\" height=\"210\" src=\"https:\/\/www.mountainhosteltarter.com\/wp-content\/uploads\/2021\/08\/mountainhosteltarter-27_gallery__60588748276b8-300x210.jpg\" alt=\"\" data-id=\"14826\" data-full-url=\"https:\/\/www.mountainhosteltarter.com\/wp-content\/uploads\/2021\/08\/mountainhosteltarter-27_gallery__60588748276b8.jpg\" data-link=\"https:\/\/www.mountainhosteltarter.com\/habitaciones\/cama-en-habitacion-compartida-para-5-personas\/mountainhosteltarter-27_gallery__60588748276b8\/#main\" class=\"wp-image-17166\" srcset=\"https:\/\/www.mountainhosteltarter.com\/wp-content\/uploads\/2021\/08\/mountainhosteltarter-27_gallery__60588748276b8-300x210.jpg 300w, https:\/\/www.mountainhosteltarter.com\/wp-content\/uploads\/2021\/08\/mountainhosteltarter-27_gallery__60588748276b8.jpg 700w\" sizes=\"(max-width: 300px) 100vw, 300px\" \/><\/a><\/figure><\/li><li class=\"blocks-gallery-item\"><figure><a href=\"https:\/\/www.mountainhosteltarter.com\/wp-content\/uploads\/2021\/08\/mountainhosteltarter-28_gallery__6058874c15ff1.jpg\"><img loading=\"lazy\" loading=\"lazy\" decoding=\"async\" width=\"300\" height=\"210\" src=\"https:\/\/www.mountainhosteltarter.com\/wp-content\/uploads\/2021\/08\/mountainhosteltarter-28_gallery__6058874c15ff1-300x210.jpg\" alt=\"\" data-id=\"14827\" data-full-url=\"https:\/\/www.mountainhosteltarter.com\/wp-content\/uploads\/2021\/08\/mountainhosteltarter-28_gallery__6058874c15ff1.jpg\" data-link=\"https:\/\/www.mountainhosteltarter.com\/habitaciones\/cama-en-habitacion-compartida-para-5-personas\/mountainhosteltarter-28_gallery__6058874c15ff1\/#main\" class=\"wp-image-17167\" srcset=\"https:\/\/www.mountainhosteltarter.com\/wp-content\/uploads\/2021\/08\/mountainhosteltarter-28_gallery__6058874c15ff1-300x210.jpg 300w, https:\/\/www.mountainhosteltarter.com\/wp-content\/uploads\/2021\/08\/mountainhosteltarter-28_gallery__6058874c15ff1.jpg 700w\" sizes=\"(max-width: 300px) 100vw, 300px\" \/><\/a><\/figure><\/li><li class=\"blocks-gallery-item\"><figure><a href=\"https:\/\/www.mountainhosteltarter.com\/wp-content\/uploads\/2021\/08\/mountainhosteltarter-30_gallery__6058875457fa1.jpg\"><img loading=\"lazy\" loading=\"lazy\" decoding=\"async\" width=\"300\" height=\"210\" src=\"https:\/\/www.mountainhosteltarter.com\/wp-content\/uploads\/2021\/08\/mountainhosteltarter-30_gallery__6058875457fa1-300x210.jpg\" alt=\"\" data-id=\"14828\" data-full-url=\"https:\/\/www.mountainhosteltarter.com\/wp-content\/uploads\/2021\/08\/mountainhosteltarter-30_gallery__6058875457fa1.jpg\" data-link=\"https:\/\/www.mountainhosteltarter.com\/habitaciones\/cama-en-habitacion-compartida-para-5-personas\/mountainhosteltarter-30_gallery__6058875457fa1\/#main\" class=\"wp-image-17168\" srcset=\"https:\/\/www.mountainhosteltarter.com\/wp-content\/uploads\/2021\/08\/mountainhosteltarter-30_gallery__6058875457fa1-300x210.jpg 300w, https:\/\/www.mountainhosteltarter.com\/wp-content\/uploads\/2021\/08\/mountainhosteltarter-30_gallery__6058875457fa1.jpg 700w\" sizes=\"(max-width: 300px) 100vw, 300px\" \/><\/a><\/figure><\/li><li class=\"blocks-gallery-item\"><figure><a href=\"https:\/\/www.mountainhosteltarter.com\/wp-content\/uploads\/2021\/08\/mountainhosteltarter-37_gallery__60588761aad0a.jpg\"><img loading=\"lazy\" loading=\"lazy\" decoding=\"async\" width=\"300\" height=\"210\" src=\"https:\/\/www.mountainhosteltarter.com\/wp-content\/uploads\/2021\/08\/mountainhosteltarter-37_gallery__60588761aad0a-300x210.jpg\" alt=\"\" data-id=\"14829\" data-full-url=\"https:\/\/www.mountainhosteltarter.com\/wp-content\/uploads\/2021\/08\/mountainhosteltarter-37_gallery__60588761aad0a.jpg\" data-link=\"https:\/\/www.mountainhosteltarter.com\/habitaciones\/cama-en-habitacion-compartida-para-5-personas\/mountainhosteltarter-37_gallery__60588761aad0a\/#main\" class=\"wp-image-17169\" srcset=\"https:\/\/www.mountainhosteltarter.com\/wp-content\/uploads\/2021\/08\/mountainhosteltarter-37_gallery__60588761aad0a-300x210.jpg 300w, https:\/\/www.mountainhosteltarter.com\/wp-content\/uploads\/2021\/08\/mountainhosteltarter-37_gallery__60588761aad0a.jpg 700w\" sizes=\"(max-width: 300px) 100vw, 300px\" \/><\/a><\/figure><\/li><li class=\"blocks-gallery-item\"><figure><a href=\"https:\/\/www.mountainhosteltarter.com\/wp-content\/uploads\/2021\/08\/mountainhosteltarter-60_gallery__6058876bef312.jpg\"><img loading=\"lazy\" loading=\"lazy\" decoding=\"async\" width=\"300\" height=\"210\" src=\"https:\/\/www.mountainhosteltarter.com\/wp-content\/uploads\/2021\/08\/mountainhosteltarter-60_gallery__6058876bef312-300x210.jpg\" alt=\"\" data-id=\"14830\" data-full-url=\"https:\/\/www.mountainhosteltarter.com\/wp-content\/uploads\/2021\/08\/mountainhosteltarter-60_gallery__6058876bef312.jpg\" data-link=\"https:\/\/www.mountainhosteltarter.com\/habitaciones\/cama-en-habitacion-compartida-para-5-personas\/mountainhosteltarter-60_gallery__6058876bef312\/#main\" class=\"wp-image-17170\" srcset=\"https:\/\/www.mountainhosteltarter.com\/wp-content\/uploads\/2021\/08\/mountainhosteltarter-60_gallery__6058876bef312-300x210.jpg 300w, https:\/\/www.mountainhosteltarter.com\/wp-content\/uploads\/2021\/08\/mountainhosteltarter-60_gallery__6058876bef312.jpg 700w\" sizes=\"(max-width: 300px) 100vw, 300px\" \/><\/a><\/figure><\/li><\/ul><\/figure>\n\n\n\n<ul><li>Hostes: 5 persones.<\/li><\/ul>\n\n\n\n<p>EL TEU PROPI ESPAI, EN UNA HABITACI\u00d3 COMPARTIDA PER A 5 PERSONES.<br \/>Reserva el teu llit en una habitaci\u00f3 compartida. Aquesta habitaci\u00f3 t\u00e9 una capacitat m\u00e0xima per a 5 persones, \u00e9s una habitaci\u00f3 mixta i el bany \u00e9s compartit, fora de l&#8217;habitaci\u00f3.<\/p>\n\n\n\n\t\t\t\t\t\t<\/div><!-- .entry-content -->\n\t\t\t\t\t<div class=\"wp-show-posts-entry-meta wp-show-posts-entry-meta-below-post post-meta-stack\"><span class=\"wp-show-posts-terms wp-show-posts-meta\"><\/span><\/div><\/div><!-- wp-show-posts-inner --><div class=\"wpsp-clear\"><\/div><\/article><article class=\" wp-show-posts-single wpsp-clearfix post-17141 habitaciones type-habitaciones status-publish format-standard has-post-thumbnail hentry\" itemtype=\"http:\/\/schema.org\/CreativeWork\" itemscope><div class=\"wp-show-posts-inner\" style=\"\">\t\t\t\t\t\t<header class=\"wp-show-posts-entry-header\">\n\t\t\t\t\t\t\t<h2 class=\"wp-show-posts-entry-title\" itemprop=\"headline\"><a href=\"https:\/\/www.mountainhosteltarter.com\/ca\/habitacions\/habitacio-privada-per-a-5-persones\/\" rel=\"bookmark\">Habitaci\u00f3 Privada per a 5 persones<\/a><\/h2><div class=\"pld-like-dislike-wrap pld-template-2\">\r\n    <div class=\"pld-like-wrap  pld-common-wrap\">\r\n    <a href=\"javascript:void(0)\" class=\"pld-like-trigger pld-like-dislike-trigger  \" title=\"Me Gusta\" data-post-id=\"0\" data-trigger-type=\"like\" data-restriction=\"cookie\" data-already-liked=\"0\">\r\n                        <i class=\"fas fa-heart\"><\/i>\r\n                <\/a>\r\n    <span class=\"pld-like-count-wrap pld-count-wrap\">    <\/span>\r\n<\/div><\/div>\t\t\t\t\t\t<\/header><!-- .entry-header -->\n\t\t\t\t\t\t\t<div class=\"wp-show-posts-image  wpsp-image-center \">\n\t\t\t<a href=\"https:\/\/www.mountainhosteltarter.com\/ca\/habitacions\/habitacio-privada-per-a-5-persones\/\"  title=\"Habitaci\u00f3 Privada per a 5 persones\"><img loading=\"lazy\" decoding=\"async\" width=\"700\" height=\"490\" src=\"https:\/\/www.mountainhosteltarter.com\/wp-content\/uploads\/2021\/08\/mountainhosteltarter-60_gallery__6059dc3bcee88.jpg\" class=\"attachment-full size-full wp-post-image\" alt=\"\" itemprop=\"image\" srcset=\"https:\/\/www.mountainhosteltarter.com\/wp-content\/uploads\/2021\/08\/mountainhosteltarter-60_gallery__6059dc3bcee88.jpg 700w, https:\/\/www.mountainhosteltarter.com\/wp-content\/uploads\/2021\/08\/mountainhosteltarter-60_gallery__6059dc3bcee88-300x210.jpg 300w\" sizes=\"(max-width: 700px) 100vw, 700px\" \/><\/a>\t\t<\/div>\n\t\t\t\t\t\t\t\t<div class=\"wp-show-posts-entry-content\" itemprop=\"text\">\n\t\t\t\t\t\t\t<div class=\"pld-like-dislike-wrap pld-template-2\">\r\n    <div class=\"pld-like-wrap  pld-common-wrap\">\r\n    <a href=\"javascript:void(0)\" class=\"pld-like-trigger pld-like-dislike-trigger  \" title=\"Me Gusta\" data-post-id=\"17141\" data-trigger-type=\"like\" data-restriction=\"cookie\" data-already-liked=\"0\">\r\n                        <i class=\"fas fa-heart\"><\/i>\r\n                <\/a>\r\n    <span class=\"pld-like-count-wrap pld-count-wrap\">2    <\/span>\r\n<\/div><\/div>\n<figure class=\"wp-block-gallery columns-4 is-cropped wp-block-gallery-5 is-layout-flex wp-block-gallery-is-layout-flex\"><ul class=\"blocks-gallery-grid\"><li class=\"blocks-gallery-item\"><figure><a href=\"https:\/\/www.mountainhosteltarter.com\/wp-content\/uploads\/2021\/08\/hostel_2017-28_featured__6059dc948d3bd.jpg\"><img loading=\"lazy\" loading=\"lazy\" decoding=\"async\" width=\"300\" height=\"210\" src=\"https:\/\/www.mountainhosteltarter.com\/wp-content\/uploads\/2021\/08\/hostel_2017-28_featured__6059dc948d3bd-300x210.jpg\" alt=\"\" data-id=\"14836\" data-full-url=\"https:\/\/www.mountainhosteltarter.com\/wp-content\/uploads\/2021\/08\/hostel_2017-28_featured__6059dc948d3bd.jpg\" data-link=\"https:\/\/www.mountainhosteltarter.com\/habitaciones\/habitacion-privada-para-5-personas\/hostel_2017-28_featured__6059dc948d3bd\/#main\" class=\"wp-image-17142\" srcset=\"https:\/\/www.mountainhosteltarter.com\/wp-content\/uploads\/2021\/08\/hostel_2017-28_featured__6059dc948d3bd-300x210.jpg 300w, https:\/\/www.mountainhosteltarter.com\/wp-content\/uploads\/2021\/08\/hostel_2017-28_featured__6059dc948d3bd.jpg 700w\" sizes=\"(max-width: 300px) 100vw, 300px\" \/><\/a><\/figure><\/li><li class=\"blocks-gallery-item\"><figure><a href=\"https:\/\/www.mountainhosteltarter.com\/wp-content\/uploads\/2021\/08\/mountainhosteltarter-27_gallery__6059dc613393a.jpg\"><img loading=\"lazy\" loading=\"lazy\" decoding=\"async\" width=\"300\" height=\"210\" src=\"https:\/\/www.mountainhosteltarter.com\/wp-content\/uploads\/2021\/08\/mountainhosteltarter-27_gallery__6059dc613393a-300x210.jpg\" alt=\"\" data-id=\"14837\" data-full-url=\"https:\/\/www.mountainhosteltarter.com\/wp-content\/uploads\/2021\/08\/mountainhosteltarter-27_gallery__6059dc613393a.jpg\" data-link=\"https:\/\/www.mountainhosteltarter.com\/habitaciones\/habitacion-privada-para-5-personas\/mountainhosteltarter-27_gallery__6059dc613393a\/#main\" class=\"wp-image-17143\" srcset=\"https:\/\/www.mountainhosteltarter.com\/wp-content\/uploads\/2021\/08\/mountainhosteltarter-27_gallery__6059dc613393a-300x210.jpg 300w, https:\/\/www.mountainhosteltarter.com\/wp-content\/uploads\/2021\/08\/mountainhosteltarter-27_gallery__6059dc613393a.jpg 700w\" sizes=\"(max-width: 300px) 100vw, 300px\" \/><\/a><\/figure><\/li><li class=\"blocks-gallery-item\"><figure><a href=\"https:\/\/www.mountainhosteltarter.com\/wp-content\/uploads\/2021\/08\/mountainhosteltarter-30_gallery__6059dc55d1d2d.jpg\"><img loading=\"lazy\" loading=\"lazy\" decoding=\"async\" width=\"300\" height=\"210\" src=\"https:\/\/www.mountainhosteltarter.com\/wp-content\/uploads\/2021\/08\/mountainhosteltarter-30_gallery__6059dc55d1d2d-300x210.jpg\" alt=\"\" data-id=\"14838\" data-full-url=\"https:\/\/www.mountainhosteltarter.com\/wp-content\/uploads\/2021\/08\/mountainhosteltarter-30_gallery__6059dc55d1d2d.jpg\" data-link=\"https:\/\/www.mountainhosteltarter.com\/habitaciones\/habitacion-privada-para-5-personas\/mountainhosteltarter-30_gallery__6059dc55d1d2d\/#main\" class=\"wp-image-17144\" srcset=\"https:\/\/www.mountainhosteltarter.com\/wp-content\/uploads\/2021\/08\/mountainhosteltarter-30_gallery__6059dc55d1d2d-300x210.jpg 300w, https:\/\/www.mountainhosteltarter.com\/wp-content\/uploads\/2021\/08\/mountainhosteltarter-30_gallery__6059dc55d1d2d.jpg 700w\" sizes=\"(max-width: 300px) 100vw, 300px\" \/><\/a><\/figure><\/li><li class=\"blocks-gallery-item\"><figure><a href=\"https:\/\/www.mountainhosteltarter.com\/wp-content\/uploads\/2021\/08\/mountainhosteltarter-60_gallery__6059dc3bcee88.jpg\"><img loading=\"lazy\" loading=\"lazy\" decoding=\"async\" width=\"300\" height=\"210\" src=\"https:\/\/www.mountainhosteltarter.com\/wp-content\/uploads\/2021\/08\/mountainhosteltarter-60_gallery__6059dc3bcee88-300x210.jpg\" alt=\"\" data-id=\"14839\" data-full-url=\"https:\/\/www.mountainhosteltarter.com\/wp-content\/uploads\/2021\/08\/mountainhosteltarter-60_gallery__6059dc3bcee88.jpg\" data-link=\"https:\/\/www.mountainhosteltarter.com\/habitaciones\/habitacion-privada-para-5-personas\/mountainhosteltarter-60_gallery__6059dc3bcee88\/#main\" class=\"wp-image-17145\" srcset=\"https:\/\/www.mountainhosteltarter.com\/wp-content\/uploads\/2021\/08\/mountainhosteltarter-60_gallery__6059dc3bcee88-300x210.jpg 300w, https:\/\/www.mountainhosteltarter.com\/wp-content\/uploads\/2021\/08\/mountainhosteltarter-60_gallery__6059dc3bcee88.jpg 700w\" sizes=\"(max-width: 300px) 100vw, 300px\" \/><\/a><\/figure><\/li><\/ul><\/figure>\n\n\n\n<ul><li>Hostes: 5 persones.<\/li><\/ul>\n\n\n\n<p>\u00bfViatges amb amics o en fam\u00edlia? Aquesta \u00e9s la teva HABITACI\u00d3 PRIVADA PER A GRUPS DE FINS A 5 PERSONES.<br \/>Si sou 5 persones (o menys), reserva tot el dormitori complet per a vosaltres, sense haver de compartir habitaci\u00f3 amb ning\u00fa que no sigui del vostre grup.<\/p>\n\n\n\n\t\t\t\t\t\t<\/div><!-- .entry-content -->\n\t\t\t\t\t<div class=\"wp-show-posts-entry-meta wp-show-posts-entry-meta-below-post post-meta-stack\"><span class=\"wp-show-posts-terms wp-show-posts-meta\"><\/span><\/div><\/div><!-- wp-show-posts-inner --><div class=\"wpsp-clear\"><\/div><\/article><article class=\" wp-show-posts-single wpsp-clearfix post-17123 habitaciones type-habitaciones status-publish format-standard has-post-thumbnail hentry\" itemtype=\"http:\/\/schema.org\/CreativeWork\" itemscope><div class=\"wp-show-posts-inner\" style=\"\">\t\t\t\t\t\t<header class=\"wp-show-posts-entry-header\">\n\t\t\t\t\t\t\t<h2 class=\"wp-show-posts-entry-title\" itemprop=\"headline\"><a href=\"https:\/\/www.mountainhosteltarter.com\/ca\/habitacions\/llit-en-habitacio-compartida-per-a-6-persones\/\" rel=\"bookmark\">LLIT en habitaci\u00f3 compartida per a 6 persones<\/a><\/h2><div class=\"pld-like-dislike-wrap pld-template-2\">\r\n    <div class=\"pld-like-wrap  pld-common-wrap\">\r\n    <a href=\"javascript:void(0)\" class=\"pld-like-trigger pld-like-dislike-trigger  \" title=\"Me Gusta\" data-post-id=\"0\" data-trigger-type=\"like\" data-restriction=\"cookie\" data-already-liked=\"0\">\r\n                        <i class=\"fas fa-heart\"><\/i>\r\n                <\/a>\r\n    <span class=\"pld-like-count-wrap pld-count-wrap\">    <\/span>\r\n<\/div><\/div>\t\t\t\t\t\t<\/header><!-- .entry-header -->\n\t\t\t\t\t\t\t<div class=\"wp-show-posts-image  wpsp-image-center \">\n\t\t\t<a href=\"https:\/\/www.mountainhosteltarter.com\/ca\/habitacions\/llit-en-habitacio-compartida-per-a-6-persones\/\"  title=\"LLIT en habitaci\u00f3 compartida per a 6 persones\"><img loading=\"lazy\" decoding=\"async\" width=\"700\" height=\"490\" src=\"https:\/\/www.mountainhosteltarter.com\/wp-content\/uploads\/2021\/08\/mountainhosteltarter-29_gallery__605889f6bc56f.jpg\" class=\"attachment-full size-full wp-post-image\" alt=\"\" itemprop=\"image\" srcset=\"https:\/\/www.mountainhosteltarter.com\/wp-content\/uploads\/2021\/08\/mountainhosteltarter-29_gallery__605889f6bc56f.jpg 700w, https:\/\/www.mountainhosteltarter.com\/wp-content\/uploads\/2021\/08\/mountainhosteltarter-29_gallery__605889f6bc56f-300x210.jpg 300w\" sizes=\"(max-width: 700px) 100vw, 700px\" \/><\/a>\t\t<\/div>\n\t\t\t\t\t\t\t\t<div class=\"wp-show-posts-entry-content\" itemprop=\"text\">\n\t\t\t\t\t\t\t<div class=\"pld-like-dislike-wrap pld-template-2\">\r\n    <div class=\"pld-like-wrap  pld-common-wrap\">\r\n    <a href=\"javascript:void(0)\" class=\"pld-like-trigger pld-like-dislike-trigger  \" title=\"Me Gusta\" data-post-id=\"17123\" data-trigger-type=\"like\" data-restriction=\"cookie\" data-already-liked=\"0\">\r\n                        <i class=\"fas fa-heart\"><\/i>\r\n                <\/a>\r\n    <span class=\"pld-like-count-wrap pld-count-wrap\">2    <\/span>\r\n<\/div><\/div>\n<figure class=\"wp-block-gallery columns-4 is-cropped wp-block-gallery-6 is-layout-flex wp-block-gallery-is-layout-flex\"><ul class=\"blocks-gallery-grid\"><li class=\"blocks-gallery-item\"><figure><a href=\"https:\/\/www.mountainhosteltarter.com\/wp-content\/uploads\/2021\/08\/hostel_2017-26_featured__60588a35d2d7f.jpg\"><img loading=\"lazy\" loading=\"lazy\" decoding=\"async\" width=\"300\" height=\"210\" src=\"https:\/\/www.mountainhosteltarter.com\/wp-content\/uploads\/2021\/08\/hostel_2017-26_featured__60588a35d2d7f-300x210.jpg\" alt=\"\" data-id=\"14850\" data-full-url=\"https:\/\/www.mountainhosteltarter.com\/wp-content\/uploads\/2021\/08\/hostel_2017-26_featured__60588a35d2d7f.jpg\" data-link=\"https:\/\/www.mountainhosteltarter.com\/habitaciones\/cama-en-habitacion-compartida-para-6-personas\/hostel_2017-26_featured__60588a35d2d7f\/#main\" class=\"wp-image-17125\" srcset=\"https:\/\/www.mountainhosteltarter.com\/wp-content\/uploads\/2021\/08\/hostel_2017-26_featured__60588a35d2d7f-300x210.jpg 300w, https:\/\/www.mountainhosteltarter.com\/wp-content\/uploads\/2021\/08\/hostel_2017-26_featured__60588a35d2d7f.jpg 700w\" sizes=\"(max-width: 300px) 100vw, 300px\" \/><\/a><\/figure><\/li><li class=\"blocks-gallery-item\"><figure><a href=\"https:\/\/www.mountainhosteltarter.com\/wp-content\/uploads\/2021\/08\/hostel_2017-27_gallery__60588a26f3c88.jpg\"><img loading=\"lazy\" loading=\"lazy\" decoding=\"async\" width=\"300\" height=\"210\" src=\"https:\/\/www.mountainhosteltarter.com\/wp-content\/uploads\/2021\/08\/hostel_2017-27_gallery__60588a26f3c88-300x210.jpg\" alt=\"\" data-id=\"14851\" data-full-url=\"https:\/\/www.mountainhosteltarter.com\/wp-content\/uploads\/2021\/08\/hostel_2017-27_gallery__60588a26f3c88.jpg\" data-link=\"https:\/\/www.mountainhosteltarter.com\/habitaciones\/cama-en-habitacion-compartida-para-6-personas\/hostel_2017-27_gallery__60588a26f3c88\/#main\" class=\"wp-image-17126\" srcset=\"https:\/\/www.mountainhosteltarter.com\/wp-content\/uploads\/2021\/08\/hostel_2017-27_gallery__60588a26f3c88-300x210.jpg 300w, https:\/\/www.mountainhosteltarter.com\/wp-content\/uploads\/2021\/08\/hostel_2017-27_gallery__60588a26f3c88.jpg 700w\" sizes=\"(max-width: 300px) 100vw, 300px\" \/><\/a><\/figure><\/li><li class=\"blocks-gallery-item\"><figure><a href=\"https:\/\/www.mountainhosteltarter.com\/wp-content\/uploads\/2021\/08\/la_foto-12_gallery__605889e5cd797.jpg\"><img loading=\"lazy\" loading=\"lazy\" decoding=\"async\" width=\"300\" height=\"210\" src=\"https:\/\/www.mountainhosteltarter.com\/wp-content\/uploads\/2021\/08\/la_foto-12_gallery__605889e5cd797-300x210.jpg\" alt=\"\" data-id=\"14852\" data-full-url=\"https:\/\/www.mountainhosteltarter.com\/wp-content\/uploads\/2021\/08\/la_foto-12_gallery__605889e5cd797.jpg\" data-link=\"https:\/\/www.mountainhosteltarter.com\/habitaciones\/cama-en-habitacion-compartida-para-6-personas\/la_foto-12_gallery__605889e5cd797\/#main\" class=\"wp-image-17127\" srcset=\"https:\/\/www.mountainhosteltarter.com\/wp-content\/uploads\/2021\/08\/la_foto-12_gallery__605889e5cd797-300x210.jpg 300w, https:\/\/www.mountainhosteltarter.com\/wp-content\/uploads\/2021\/08\/la_foto-12_gallery__605889e5cd797.jpg 700w\" sizes=\"(max-width: 300px) 100vw, 300px\" \/><\/a><\/figure><\/li><li class=\"blocks-gallery-item\"><figure><a href=\"https:\/\/www.mountainhosteltarter.com\/wp-content\/uploads\/2021\/08\/mountainhosteltarter-29_gallery__605889f6bc56f.jpg\"><img loading=\"lazy\" loading=\"lazy\" decoding=\"async\" width=\"300\" height=\"210\" src=\"https:\/\/www.mountainhosteltarter.com\/wp-content\/uploads\/2021\/08\/mountainhosteltarter-29_gallery__605889f6bc56f-300x210.jpg\" alt=\"\" data-id=\"14853\" data-full-url=\"https:\/\/www.mountainhosteltarter.com\/wp-content\/uploads\/2021\/08\/mountainhosteltarter-29_gallery__605889f6bc56f.jpg\" data-link=\"https:\/\/www.mountainhosteltarter.com\/habitaciones\/cama-en-habitacion-compartida-para-6-personas\/mountainhosteltarter-29_gallery__605889f6bc56f\/#main\" class=\"wp-image-17128\" srcset=\"https:\/\/www.mountainhosteltarter.com\/wp-content\/uploads\/2021\/08\/mountainhosteltarter-29_gallery__605889f6bc56f-300x210.jpg 300w, https:\/\/www.mountainhosteltarter.com\/wp-content\/uploads\/2021\/08\/mountainhosteltarter-29_gallery__605889f6bc56f.jpg 700w\" sizes=\"(max-width: 300px) 100vw, 300px\" \/><\/a><\/figure><\/li><li class=\"blocks-gallery-item\"><figure><a href=\"https:\/\/www.mountainhosteltarter.com\/wp-content\/uploads\/2021\/08\/mountainhosteltarter-37_gallery__605889fdcf55a.jpg\"><img loading=\"lazy\" loading=\"lazy\" decoding=\"async\" width=\"300\" height=\"210\" src=\"https:\/\/www.mountainhosteltarter.com\/wp-content\/uploads\/2021\/08\/mountainhosteltarter-37_gallery__605889fdcf55a-300x210.jpg\" alt=\"\" data-id=\"14854\" data-full-url=\"https:\/\/www.mountainhosteltarter.com\/wp-content\/uploads\/2021\/08\/mountainhosteltarter-37_gallery__605889fdcf55a.jpg\" data-link=\"https:\/\/www.mountainhosteltarter.com\/habitaciones\/cama-en-habitacion-compartida-para-6-personas\/mountainhosteltarter-37_gallery__605889fdcf55a\/#main\" class=\"wp-image-17129\" srcset=\"https:\/\/www.mountainhosteltarter.com\/wp-content\/uploads\/2021\/08\/mountainhosteltarter-37_gallery__605889fdcf55a-300x210.jpg 300w, https:\/\/www.mountainhosteltarter.com\/wp-content\/uploads\/2021\/08\/mountainhosteltarter-37_gallery__605889fdcf55a.jpg 700w\" sizes=\"(max-width: 300px) 100vw, 300px\" \/><\/a><\/figure><\/li><li class=\"blocks-gallery-item\"><figure><a href=\"https:\/\/www.mountainhosteltarter.com\/wp-content\/uploads\/2021\/08\/mountainhosteltarter-61_gallery__60588a05367c3.jpg\"><img loading=\"lazy\" loading=\"lazy\" decoding=\"async\" width=\"300\" height=\"210\" src=\"https:\/\/www.mountainhosteltarter.com\/wp-content\/uploads\/2021\/08\/mountainhosteltarter-61_gallery__60588a05367c3-300x210.jpg\" alt=\"\" data-id=\"14855\" data-full-url=\"https:\/\/www.mountainhosteltarter.com\/wp-content\/uploads\/2021\/08\/mountainhosteltarter-61_gallery__60588a05367c3.jpg\" data-link=\"https:\/\/www.mountainhosteltarter.com\/habitaciones\/cama-en-habitacion-compartida-para-6-personas\/mountainhosteltarter-61_gallery__60588a05367c3\/#main\" class=\"wp-image-17130\" srcset=\"https:\/\/www.mountainhosteltarter.com\/wp-content\/uploads\/2021\/08\/mountainhosteltarter-61_gallery__60588a05367c3-300x210.jpg 300w, https:\/\/www.mountainhosteltarter.com\/wp-content\/uploads\/2021\/08\/mountainhosteltarter-61_gallery__60588a05367c3.jpg 700w\" sizes=\"(max-width: 300px) 100vw, 300px\" \/><\/a><\/figure><\/li><\/ul><\/figure>\n\n\n\n<ul><li>Hostes: 6 persones.<\/li><\/ul>\n\n\n\n<p>EL TEU PROPI ESPAI, EN UNA HABITACI\u00d3 COMPARTIDA PER A 6 PERSONES.<br \/>Reserva el teu llit en una habitaci\u00f3 compartida. Aquesta habitaci\u00f3 t\u00e9 una capacitat m\u00e0xima per a 6 persones, \u00e9s una habitaci\u00f3 mixta i el bany \u00e9s compartit, fora de l&#8217;habitaci\u00f3.<\/p>\n\n\n\n\t\t\t\t\t\t<\/div><!-- .entry-content -->\n\t\t\t\t\t<div class=\"wp-show-posts-entry-meta wp-show-posts-entry-meta-below-post post-meta-stack\"><span class=\"wp-show-posts-terms wp-show-posts-meta\"><\/span><\/div><\/div><!-- wp-show-posts-inner --><div class=\"wpsp-clear\"><\/div><\/article><article class=\" wp-show-posts-single wpsp-clearfix post-17117 habitaciones type-habitaciones status-publish format-standard has-post-thumbnail hentry\" itemtype=\"http:\/\/schema.org\/CreativeWork\" itemscope><div class=\"wp-show-posts-inner\" style=\"\">\t\t\t\t\t\t<header class=\"wp-show-posts-entry-header\">\n\t\t\t\t\t\t\t<h2 class=\"wp-show-posts-entry-title\" itemprop=\"headline\"><a href=\"https:\/\/www.mountainhosteltarter.com\/ca\/habitacions\/habitacio-privada-per-a-6\/\" rel=\"bookmark\">Habitaci\u00f3 Privada per a 6<\/a><\/h2><div class=\"pld-like-dislike-wrap pld-template-2\">\r\n    <div class=\"pld-like-wrap  pld-common-wrap\">\r\n    <a href=\"javascript:void(0)\" class=\"pld-like-trigger pld-like-dislike-trigger  \" title=\"Me Gusta\" data-post-id=\"0\" data-trigger-type=\"like\" data-restriction=\"cookie\" data-already-liked=\"0\">\r\n                        <i class=\"fas fa-heart\"><\/i>\r\n                <\/a>\r\n    <span class=\"pld-like-count-wrap pld-count-wrap\">    <\/span>\r\n<\/div><\/div>\t\t\t\t\t\t<\/header><!-- .entry-header -->\n\t\t\t\t\t\t\t<div class=\"wp-show-posts-image  wpsp-image-center \">\n\t\t\t<a href=\"https:\/\/www.mountainhosteltarter.com\/ca\/habitacions\/habitacio-privada-per-a-6\/\"  title=\"Habitaci\u00f3 Privada per a 6\"><img loading=\"lazy\" decoding=\"async\" width=\"700\" height=\"490\" src=\"https:\/\/www.mountainhosteltarter.com\/wp-content\/uploads\/2021\/08\/hostel_2017-27_gallery__60588a26f3c88.jpg\" class=\"attachment-full size-full wp-post-image\" alt=\"\" itemprop=\"image\" srcset=\"https:\/\/www.mountainhosteltarter.com\/wp-content\/uploads\/2021\/08\/hostel_2017-27_gallery__60588a26f3c88.jpg 700w, https:\/\/www.mountainhosteltarter.com\/wp-content\/uploads\/2021\/08\/hostel_2017-27_gallery__60588a26f3c88-300x210.jpg 300w\" sizes=\"(max-width: 700px) 100vw, 700px\" \/><\/a>\t\t<\/div>\n\t\t\t\t\t\t\t\t<div class=\"wp-show-posts-entry-content\" itemprop=\"text\">\n\t\t\t\t\t\t\t<div class=\"pld-like-dislike-wrap pld-template-2\">\r\n    <div class=\"pld-like-wrap  pld-common-wrap\">\r\n    <a href=\"javascript:void(0)\" class=\"pld-like-trigger pld-like-dislike-trigger  \" title=\"Me Gusta\" data-post-id=\"17117\" data-trigger-type=\"like\" data-restriction=\"cookie\" data-already-liked=\"0\">\r\n                        <i class=\"fas fa-heart\"><\/i>\r\n                <\/a>\r\n    <span class=\"pld-like-count-wrap pld-count-wrap\">2    <\/span>\r\n<\/div><\/div>\n<figure class=\"wp-block-gallery columns-4 is-cropped wp-block-gallery-7 is-layout-flex wp-block-gallery-is-layout-flex\"><ul class=\"blocks-gallery-grid\"><li class=\"blocks-gallery-item\"><figure><a href=\"https:\/\/www.mountainhosteltarter.com\/wp-content\/uploads\/2021\/08\/hostel_2017-26_featured__60588a35d2d7f.jpg\"><img loading=\"lazy\" loading=\"lazy\" decoding=\"async\" width=\"300\" height=\"210\" src=\"https:\/\/www.mountainhosteltarter.com\/wp-content\/uploads\/2021\/08\/hostel_2017-26_featured__60588a35d2d7f-300x210.jpg\" alt=\"\" data-id=\"14850\" data-full-url=\"https:\/\/www.mountainhosteltarter.com\/wp-content\/uploads\/2021\/08\/hostel_2017-26_featured__60588a35d2d7f.jpg\" data-link=\"https:\/\/www.mountainhosteltarter.com\/habitaciones\/cama-en-habitacion-compartida-para-6-personas\/hostel_2017-26_featured__60588a35d2d7f\/#main\" class=\"wp-image-17125\" srcset=\"https:\/\/www.mountainhosteltarter.com\/wp-content\/uploads\/2021\/08\/hostel_2017-26_featured__60588a35d2d7f-300x210.jpg 300w, https:\/\/www.mountainhosteltarter.com\/wp-content\/uploads\/2021\/08\/hostel_2017-26_featured__60588a35d2d7f.jpg 700w\" sizes=\"(max-width: 300px) 100vw, 300px\" \/><\/a><\/figure><\/li><li class=\"blocks-gallery-item\"><figure><a href=\"https:\/\/www.mountainhosteltarter.com\/wp-content\/uploads\/2021\/08\/hostel_2017-27_gallery__60588a26f3c88.jpg\"><img loading=\"lazy\" loading=\"lazy\" decoding=\"async\" width=\"300\" height=\"210\" src=\"https:\/\/www.mountainhosteltarter.com\/wp-content\/uploads\/2021\/08\/hostel_2017-27_gallery__60588a26f3c88-300x210.jpg\" alt=\"\" data-id=\"14851\" data-full-url=\"https:\/\/www.mountainhosteltarter.com\/wp-content\/uploads\/2021\/08\/hostel_2017-27_gallery__60588a26f3c88.jpg\" data-link=\"https:\/\/www.mountainhosteltarter.com\/habitaciones\/cama-en-habitacion-compartida-para-6-personas\/hostel_2017-27_gallery__60588a26f3c88\/#main\" class=\"wp-image-17126\" srcset=\"https:\/\/www.mountainhosteltarter.com\/wp-content\/uploads\/2021\/08\/hostel_2017-27_gallery__60588a26f3c88-300x210.jpg 300w, https:\/\/www.mountainhosteltarter.com\/wp-content\/uploads\/2021\/08\/hostel_2017-27_gallery__60588a26f3c88.jpg 700w\" sizes=\"(max-width: 300px) 100vw, 300px\" \/><\/a><\/figure><\/li><li class=\"blocks-gallery-item\"><figure><a href=\"https:\/\/www.mountainhosteltarter.com\/wp-content\/uploads\/2021\/08\/la_foto-12_gallery__605889e5cd797.jpg\"><img loading=\"lazy\" loading=\"lazy\" decoding=\"async\" width=\"300\" height=\"210\" src=\"https:\/\/www.mountainhosteltarter.com\/wp-content\/uploads\/2021\/08\/la_foto-12_gallery__605889e5cd797-300x210.jpg\" alt=\"\" data-id=\"14852\" data-full-url=\"https:\/\/www.mountainhosteltarter.com\/wp-content\/uploads\/2021\/08\/la_foto-12_gallery__605889e5cd797.jpg\" data-link=\"https:\/\/www.mountainhosteltarter.com\/habitaciones\/cama-en-habitacion-compartida-para-6-personas\/la_foto-12_gallery__605889e5cd797\/#main\" class=\"wp-image-17127\" srcset=\"https:\/\/www.mountainhosteltarter.com\/wp-content\/uploads\/2021\/08\/la_foto-12_gallery__605889e5cd797-300x210.jpg 300w, https:\/\/www.mountainhosteltarter.com\/wp-content\/uploads\/2021\/08\/la_foto-12_gallery__605889e5cd797.jpg 700w\" sizes=\"(max-width: 300px) 100vw, 300px\" \/><\/a><\/figure><\/li><li class=\"blocks-gallery-item\"><figure><a href=\"https:\/\/www.mountainhosteltarter.com\/wp-content\/uploads\/2021\/08\/mountainhosteltarter-29_gallery__605889f6bc56f.jpg\"><img loading=\"lazy\" loading=\"lazy\" decoding=\"async\" width=\"300\" height=\"210\" src=\"https:\/\/www.mountainhosteltarter.com\/wp-content\/uploads\/2021\/08\/mountainhosteltarter-29_gallery__605889f6bc56f-300x210.jpg\" alt=\"\" data-id=\"14853\" data-full-url=\"https:\/\/www.mountainhosteltarter.com\/wp-content\/uploads\/2021\/08\/mountainhosteltarter-29_gallery__605889f6bc56f.jpg\" data-link=\"https:\/\/www.mountainhosteltarter.com\/habitaciones\/cama-en-habitacion-compartida-para-6-personas\/mountainhosteltarter-29_gallery__605889f6bc56f\/#main\" class=\"wp-image-17128\" srcset=\"https:\/\/www.mountainhosteltarter.com\/wp-content\/uploads\/2021\/08\/mountainhosteltarter-29_gallery__605889f6bc56f-300x210.jpg 300w, https:\/\/www.mountainhosteltarter.com\/wp-content\/uploads\/2021\/08\/mountainhosteltarter-29_gallery__605889f6bc56f.jpg 700w\" sizes=\"(max-width: 300px) 100vw, 300px\" \/><\/a><\/figure><\/li><li class=\"blocks-gallery-item\"><figure><a href=\"https:\/\/www.mountainhosteltarter.com\/wp-content\/uploads\/2021\/08\/mountainhosteltarter-37_gallery__605889fdcf55a.jpg\"><img loading=\"lazy\" loading=\"lazy\" decoding=\"async\" width=\"300\" height=\"210\" src=\"https:\/\/www.mountainhosteltarter.com\/wp-content\/uploads\/2021\/08\/mountainhosteltarter-37_gallery__605889fdcf55a-300x210.jpg\" alt=\"\" data-id=\"14854\" data-full-url=\"https:\/\/www.mountainhosteltarter.com\/wp-content\/uploads\/2021\/08\/mountainhosteltarter-37_gallery__605889fdcf55a.jpg\" data-link=\"https:\/\/www.mountainhosteltarter.com\/habitaciones\/cama-en-habitacion-compartida-para-6-personas\/mountainhosteltarter-37_gallery__605889fdcf55a\/#main\" class=\"wp-image-17129\" srcset=\"https:\/\/www.mountainhosteltarter.com\/wp-content\/uploads\/2021\/08\/mountainhosteltarter-37_gallery__605889fdcf55a-300x210.jpg 300w, https:\/\/www.mountainhosteltarter.com\/wp-content\/uploads\/2021\/08\/mountainhosteltarter-37_gallery__605889fdcf55a.jpg 700w\" sizes=\"(max-width: 300px) 100vw, 300px\" \/><\/a><\/figure><\/li><li class=\"blocks-gallery-item\"><figure><a href=\"https:\/\/www.mountainhosteltarter.com\/wp-content\/uploads\/2021\/08\/mountainhosteltarter-61_gallery__60588a05367c3.jpg\"><img loading=\"lazy\" loading=\"lazy\" decoding=\"async\" width=\"300\" height=\"210\" src=\"https:\/\/www.mountainhosteltarter.com\/wp-content\/uploads\/2021\/08\/mountainhosteltarter-61_gallery__60588a05367c3-300x210.jpg\" alt=\"\" data-id=\"14855\" data-full-url=\"https:\/\/www.mountainhosteltarter.com\/wp-content\/uploads\/2021\/08\/mountainhosteltarter-61_gallery__60588a05367c3.jpg\" data-link=\"https:\/\/www.mountainhosteltarter.com\/habitaciones\/cama-en-habitacion-compartida-para-6-personas\/mountainhosteltarter-61_gallery__60588a05367c3\/#main\" class=\"wp-image-17130\" srcset=\"https:\/\/www.mountainhosteltarter.com\/wp-content\/uploads\/2021\/08\/mountainhosteltarter-61_gallery__60588a05367c3-300x210.jpg 300w, https:\/\/www.mountainhosteltarter.com\/wp-content\/uploads\/2021\/08\/mountainhosteltarter-61_gallery__60588a05367c3.jpg 700w\" sizes=\"(max-width: 300px) 100vw, 300px\" \/><\/a><\/figure><\/li><\/ul><\/figure>\n\n\n\n<ul><li>Hostes: 6 persones.<\/li><\/ul>\n\n\n\n<p>\u00bfViatges amb amics o en fam\u00edlia? Aquesta \u00e9s la teva HABITACI\u00d3 PRIVADA PER A GRUPS DE FINS A 6 PERSONES.<br \/>Si sou 6 persones (o menys), reserva tot el dormitori complet per a vosaltres, sense haver de compartir habitaci\u00f3 amb ning\u00fa que no sigui del vostre grup.<\/p>\n\n\n\n\t\t\t\t\t\t<\/div><!-- .entry-content -->\n\t\t\t\t\t<div class=\"wp-show-posts-entry-meta wp-show-posts-entry-meta-below-post post-meta-stack\"><span class=\"wp-show-posts-terms wp-show-posts-meta\"><\/span><\/div><\/div><!-- wp-show-posts-inner --><div class=\"wpsp-clear\"><\/div><\/article><\/section><!-- .wp-show-posts --><\/div>\n\t\t\t\t<\/div>\n\t\t\t\t<\/div>\n\t\t\t\t<section class=\"elementor-section elementor-inner-section elementor-element elementor-element-6bce849 elementor-section-full_width elementor-section-height-default elementor-section-height-default\" data-id=\"6bce849\" data-element_type=\"section\">\n\t\t\t\t\t\t<div class=\"elementor-container elementor-column-gap-no\">\n\t\t\t\t\t<div class=\"elementor-column elementor-col-100 elementor-inner-column elementor-element elementor-element-30539aa\" data-id=\"30539aa\" data-element_type=\"column\">\n\t\t\t<div class=\"elementor-widget-wrap elementor-element-populated\">\n\t\t\t\t\t\t<div class=\"elementor-element elementor-element-361a221 elementor-widget elementor-widget-text-editor\" data-id=\"361a221\" data-element_type=\"widget\" data-widget_type=\"text-editor.default\">\n\t\t\t\t<div class=\"elementor-widget-container\">\n\t\t\t\t\t\t\t<h3>Habitacions de hostel amb m\u00e0xim comfort<\/h3>\n<div class=\"one_third \">\n<ul>\n \t<li>Tots els nostres llits s\u00f3n de 90 x 200 cm.<\/li>\n \t<li>Quan arribis tindr\u00e0s el teu llit impecable amb llen\u00e7ols nets, coix\u00ed i edred\u00f3.<\/li>\n \t<li>Totes les habitacions tenen calefacci\u00f3, wi-fi gratu\u00eft i una finestra al sostre de fusta, tipus golfes que proporciona un ambient molt c\u00e0lid i de muntanya.<\/li>\n<\/ul>\n<\/div>\n<div class=\"one_third \">\n<ul>\n \t<li>Si necessites tovallola te la proporcionem durant la teva estada per 2 \u20ac per tovallola.<\/li>\n \t<li>Cada llit t\u00e9 la seva pr\u00f2pia llum, endoll i locker \u2013 calaix individual- que s\u2019ha de tancar amb el teu propi cadenat. Si no en tens, te\u2019n proporcionem un per 3 \u20ac que pots emportar-te i aprofitar per a la propera vegada.<\/li>\n<\/ul>\n<\/div>\t\t\t\t\t\t<\/div>\n\t\t\t\t<\/div>\n\t\t\t\t<div class=\"elementor-element elementor-element-df43758 elementor-widget elementor-widget-image-gallery\" data-id=\"df43758\" data-element_type=\"widget\" data-widget_type=\"image-gallery.default\">\n\t\t\t\t<div class=\"elementor-widget-container\">\n\t\t\t<style>\/*! elementor - v3.21.0 - 26-05-2024 *\/\n.elementor-image-gallery .gallery-item{display:inline-block;text-align:center;vertical-align:top;width:100%;max-width:100%;margin:0 auto}.elementor-image-gallery .gallery-item img{margin:0 auto}.elementor-image-gallery .gallery-item .gallery-caption{margin:0}.elementor-image-gallery figure img{display:block}.elementor-image-gallery figure figcaption{width:100%}.gallery-spacing-custom .elementor-image-gallery .gallery-icon{padding:0}@media (min-width:768px){.elementor-image-gallery .gallery-columns-2 .gallery-item{max-width:50%}.elementor-image-gallery .gallery-columns-3 .gallery-item{max-width:33.33%}.elementor-image-gallery .gallery-columns-4 .gallery-item{max-width:25%}.elementor-image-gallery .gallery-columns-5 .gallery-item{max-width:20%}.elementor-image-gallery .gallery-columns-6 .gallery-item{max-width:16.666%}.elementor-image-gallery .gallery-columns-7 .gallery-item{max-width:14.28%}.elementor-image-gallery .gallery-columns-8 .gallery-item{max-width:12.5%}.elementor-image-gallery .gallery-columns-9 .gallery-item{max-width:11.11%}.elementor-image-gallery .gallery-columns-10 .gallery-item{max-width:10%}}@media (min-width:480px) and (max-width:767px){.elementor-image-gallery .gallery.gallery-columns-2 .gallery-item,.elementor-image-gallery .gallery.gallery-columns-3 .gallery-item,.elementor-image-gallery .gallery.gallery-columns-4 .gallery-item,.elementor-image-gallery .gallery.gallery-columns-5 .gallery-item,.elementor-image-gallery .gallery.gallery-columns-6 .gallery-item,.elementor-image-gallery .gallery.gallery-columns-7 .gallery-item,.elementor-image-gallery .gallery.gallery-columns-8 .gallery-item,.elementor-image-gallery .gallery.gallery-columns-9 .gallery-item,.elementor-image-gallery .gallery.gallery-columns-10 .gallery-item{max-width:50%}}@media (max-width:479px){.elementor-image-gallery .gallery.gallery-columns-2 .gallery-item,.elementor-image-gallery .gallery.gallery-columns-3 .gallery-item,.elementor-image-gallery .gallery.gallery-columns-4 .gallery-item,.elementor-image-gallery .gallery.gallery-columns-5 .gallery-item,.elementor-image-gallery .gallery.gallery-columns-6 .gallery-item,.elementor-image-gallery .gallery.gallery-columns-7 .gallery-item,.elementor-image-gallery .gallery.gallery-columns-8 .gallery-item,.elementor-image-gallery .gallery.gallery-columns-9 .gallery-item,.elementor-image-gallery .gallery.gallery-columns-10 .gallery-item{max-width:100%}}<\/style>\t\t<div class=\"elementor-image-gallery\">\n\t\t\t<div id='gallery-1' class='gallery galleryid-17117 gallery-columns-4 gallery-size-thumbnail'><figure class='gallery-item'>\n\t\t\t<div class='gallery-icon landscape'>\n\t\t\t\t<a data-elementor-open-lightbox=\"yes\" data-elementor-lightbox-slideshow=\"df43758\" data-e-action-hash=\"#elementor-action%3Aaction%3Dlightbox%26settings%3DeyJpZCI6MTgxMTMsInVybCI6Imh0dHBzOlwvXC93d3cubW91bnRhaW5ob3N0ZWx0YXJ0ZXIuY29tXC93cC1jb250ZW50XC91cGxvYWRzXC8yMDIxXC8wOVwvbW91bnRhaW4taG9zdGVsLXRhcnRlci1hbmRvcnJhLWdyb3VwLXJvb20tc2xlZXBzLTQtNDQuanBnIiwic2xpZGVzaG93IjoiZGY0Mzc1OCJ9\" href='https:\/\/www.mountainhosteltarter.com\/wp-content\/uploads\/2021\/09\/mountain-hostel-tarter-andorra-group-room-sleeps-4-44.jpg'><img loading=\"lazy\" decoding=\"async\" width=\"150\" height=\"150\" src=\"https:\/\/www.mountainhosteltarter.com\/wp-content\/uploads\/2021\/09\/mountain-hostel-tarter-andorra-group-room-sleeps-4-44-150x150.jpg\" class=\"attachment-thumbnail size-thumbnail\" alt=\"\" \/><\/a>\n\t\t\t<\/div><\/figure><figure class='gallery-item'>\n\t\t\t<div class='gallery-icon landscape'>\n\t\t\t\t<a data-elementor-open-lightbox=\"yes\" data-elementor-lightbox-slideshow=\"df43758\" data-e-action-hash=\"#elementor-action%3Aaction%3Dlightbox%26settings%3DeyJpZCI6MTgxMTcsInVybCI6Imh0dHBzOlwvXC93d3cubW91bnRhaW5ob3N0ZWx0YXJ0ZXIuY29tXC93cC1jb250ZW50XC91cGxvYWRzXC8yMDIxXC8wOVwvbW91bnRhaW4taG9zdGVsLXRhcnRlci1hbmRvcnJhLWdyb3VwLXJvb20tc2xlZXBzLTQtNDUuanBnIiwic2xpZGVzaG93IjoiZGY0Mzc1OCJ9\" href='https:\/\/www.mountainhosteltarter.com\/wp-content\/uploads\/2021\/09\/mountain-hostel-tarter-andorra-group-room-sleeps-4-45.jpg'><img loading=\"lazy\" decoding=\"async\" width=\"150\" height=\"150\" src=\"https:\/\/www.mountainhosteltarter.com\/wp-content\/uploads\/2021\/09\/mountain-hostel-tarter-andorra-group-room-sleeps-4-45-150x150.jpg\" class=\"attachment-thumbnail size-thumbnail\" alt=\"\" \/><\/a>\n\t\t\t<\/div><\/figure><figure class='gallery-item'>\n\t\t\t<div class='gallery-icon portrait'>\n\t\t\t\t<a data-elementor-open-lightbox=\"yes\" data-elementor-lightbox-slideshow=\"df43758\" data-e-action-hash=\"#elementor-action%3Aaction%3Dlightbox%26settings%3DeyJpZCI6MTgxMjEsInVybCI6Imh0dHBzOlwvXC93d3cubW91bnRhaW5ob3N0ZWx0YXJ0ZXIuY29tXC93cC1jb250ZW50XC91cGxvYWRzXC8yMDIxXC8wOVwvbW91bnRhaW4taG9zdGVsLXRhcnRlci1hbmRvcnJhLWdyb3VwLXJvb20tc2xlZXBzLTQtNDguanBnIiwic2xpZGVzaG93IjoiZGY0Mzc1OCJ9\" href='https:\/\/www.mountainhosteltarter.com\/wp-content\/uploads\/2021\/09\/mountain-hostel-tarter-andorra-group-room-sleeps-4-48.jpg'><img loading=\"lazy\" decoding=\"async\" width=\"150\" height=\"150\" src=\"https:\/\/www.mountainhosteltarter.com\/wp-content\/uploads\/2021\/09\/mountain-hostel-tarter-andorra-group-room-sleeps-4-48-150x150.jpg\" class=\"attachment-thumbnail size-thumbnail\" alt=\"\" \/><\/a>\n\t\t\t<\/div><\/figure><figure class='gallery-item'>\n\t\t\t<div class='gallery-icon landscape'>\n\t\t\t\t<a data-elementor-open-lightbox=\"yes\" data-elementor-lightbox-slideshow=\"df43758\" data-e-action-hash=\"#elementor-action%3Aaction%3Dlightbox%26settings%3DeyJpZCI6MTgxMjUsInVybCI6Imh0dHBzOlwvXC93d3cubW91bnRhaW5ob3N0ZWx0YXJ0ZXIuY29tXC93cC1jb250ZW50XC91cGxvYWRzXC8yMDIxXC8wOVwvbW91bnRhaW4taG9zdGVsLXRhcnRlci1hbmRvcnJhLWdyb3VwLXJvb20tc2xlZXBzLTQtNTAuanBnIiwic2xpZGVzaG93IjoiZGY0Mzc1OCJ9\" href='https:\/\/www.mountainhosteltarter.com\/wp-content\/uploads\/2021\/09\/mountain-hostel-tarter-andorra-group-room-sleeps-4-50.jpg'><img loading=\"lazy\" decoding=\"async\" width=\"150\" height=\"150\" src=\"https:\/\/www.mountainhosteltarter.com\/wp-content\/uploads\/2021\/09\/mountain-hostel-tarter-andorra-group-room-sleeps-4-50-150x150.jpg\" class=\"attachment-thumbnail size-thumbnail\" alt=\"\" \/><\/a>\n\t\t\t<\/div><\/figure><figure class='gallery-item'>\n\t\t\t<div class='gallery-icon landscape'>\n\t\t\t\t<a data-elementor-open-lightbox=\"yes\" data-elementor-lightbox-slideshow=\"df43758\" data-e-action-hash=\"#elementor-action%3Aaction%3Dlightbox%26settings%3DeyJpZCI6MTgxMjksInVybCI6Imh0dHBzOlwvXC93d3cubW91bnRhaW5ob3N0ZWx0YXJ0ZXIuY29tXC93cC1jb250ZW50XC91cGxvYWRzXC8yMDIxXC8wOVwvbW91bnRhaW4taG9zdGVsLXRhcnRlci1hbmRvcnJhLWdyb3VwLXJvb20tc2xlZXBzLTUtNDYuanBnIiwic2xpZGVzaG93IjoiZGY0Mzc1OCJ9\" href='https:\/\/www.mountainhosteltarter.com\/wp-content\/uploads\/2021\/09\/mountain-hostel-tarter-andorra-group-room-sleeps-5-46.jpg'><img loading=\"lazy\" decoding=\"async\" width=\"150\" height=\"150\" src=\"https:\/\/www.mountainhosteltarter.com\/wp-content\/uploads\/2021\/09\/mountain-hostel-tarter-andorra-group-room-sleeps-5-46-150x150.jpg\" class=\"attachment-thumbnail size-thumbnail\" alt=\"\" \/><\/a>\n\t\t\t<\/div><\/figure><figure class='gallery-item'>\n\t\t\t<div class='gallery-icon landscape'>\n\t\t\t\t<a data-elementor-open-lightbox=\"yes\" data-elementor-lightbox-slideshow=\"df43758\" data-e-action-hash=\"#elementor-action%3Aaction%3Dlightbox%26settings%3DeyJpZCI6MTgxMzMsInVybCI6Imh0dHBzOlwvXC93d3cubW91bnRhaW5ob3N0ZWx0YXJ0ZXIuY29tXC93cC1jb250ZW50XC91cGxvYWRzXC8yMDIxXC8wOVwvbW91bnRhaW4taG9zdGVsLXRhcnRlci1hbmRvcnJhLWdyb3VwLXJvb20tc2xlZXBzLTYtMjYuanBnIiwic2xpZGVzaG93IjoiZGY0Mzc1OCJ9\" href='https:\/\/www.mountainhosteltarter.com\/wp-content\/uploads\/2021\/09\/mountain-hostel-tarter-andorra-group-room-sleeps-6-26.jpg'><img loading=\"lazy\" decoding=\"async\" width=\"150\" height=\"150\" src=\"https:\/\/www.mountainhosteltarter.com\/wp-content\/uploads\/2021\/09\/mountain-hostel-tarter-andorra-group-room-sleeps-6-26-150x150.jpg\" class=\"attachment-thumbnail size-thumbnail\" alt=\"\" \/><\/a>\n\t\t\t<\/div><\/figure><figure class='gallery-item'>\n\t\t\t<div class='gallery-icon landscape'>\n\t\t\t\t<a data-elementor-open-lightbox=\"yes\" data-elementor-lightbox-slideshow=\"df43758\" data-e-action-hash=\"#elementor-action%3Aaction%3Dlightbox%26settings%3DeyJpZCI6MTgxMzcsInVybCI6Imh0dHBzOlwvXC93d3cubW91bnRhaW5ob3N0ZWx0YXJ0ZXIuY29tXC93cC1jb250ZW50XC91cGxvYWRzXC8yMDIxXC8wOVwvbW91bnRhaW4taG9zdGVsLXRhcnRlci1hbmRvcnJhLWdyb3VwLXJvb20tc2xlZXBzLTYtMjctMS5qcGciLCJzbGlkZXNob3ciOiJkZjQzNzU4In0%3D\" href='https:\/\/www.mountainhosteltarter.com\/wp-content\/uploads\/2021\/09\/mountain-hostel-tarter-andorra-group-room-sleeps-6-27-1.jpg'><img loading=\"lazy\" decoding=\"async\" width=\"150\" height=\"150\" src=\"https:\/\/www.mountainhosteltarter.com\/wp-content\/uploads\/2021\/09\/mountain-hostel-tarter-andorra-group-room-sleeps-6-27-1-150x150.jpg\" class=\"attachment-thumbnail size-thumbnail\" alt=\"\" \/><\/a>\n\t\t\t<\/div><\/figure><figure class='gallery-item'>\n\t\t\t<div class='gallery-icon landscape'>\n\t\t\t\t<a data-elementor-open-lightbox=\"yes\" data-elementor-lightbox-slideshow=\"df43758\" data-e-action-hash=\"#elementor-action%3Aaction%3Dlightbox%26settings%3DeyJpZCI6MTgxNDEsInVybCI6Imh0dHBzOlwvXC93d3cubW91bnRhaW5ob3N0ZWx0YXJ0ZXIuY29tXC93cC1jb250ZW50XC91cGxvYWRzXC8yMDIxXC8wOVwvbW91bnRhaW4taG9zdGVsLXRhcnRlci1hbmRvcnJhLWdyb3VwLXJvb20tc2xlZXBzLTYtMjguanBnIiwic2xpZGVzaG93IjoiZGY0Mzc1OCJ9\" href='https:\/\/www.mountainhosteltarter.com\/wp-content\/uploads\/2021\/09\/mountain-hostel-tarter-andorra-group-room-sleeps-6-28.jpg'><img loading=\"lazy\" decoding=\"async\" width=\"150\" height=\"150\" src=\"https:\/\/www.mountainhosteltarter.com\/wp-content\/uploads\/2021\/09\/mountain-hostel-tarter-andorra-group-room-sleeps-6-28-150x150.jpg\" class=\"attachment-thumbnail size-thumbnail\" alt=\"\" \/><\/a>\n\t\t\t<\/div><\/figure><figure class='gallery-item'>\n\t\t\t<div class='gallery-icon landscape'>\n\t\t\t\t<a data-elementor-open-lightbox=\"yes\" data-elementor-lightbox-slideshow=\"df43758\" data-e-action-hash=\"#elementor-action%3Aaction%3Dlightbox%26settings%3DeyJpZCI6MTgxNDUsInVybCI6Imh0dHBzOlwvXC93d3cubW91bnRhaW5ob3N0ZWx0YXJ0ZXIuY29tXC93cC1jb250ZW50XC91cGxvYWRzXC8yMDIxXC8wOVwvbW91bnRhaW4taG9zdGVsLXRhcnRlci1hbmRvcnJhLWxvY2tlci02MC5qcGciLCJzbGlkZXNob3ciOiJkZjQzNzU4In0%3D\" href='https:\/\/www.mountainhosteltarter.com\/wp-content\/uploads\/2021\/09\/mountain-hostel-tarter-andorra-locker-60.jpg'><img loading=\"lazy\" decoding=\"async\" width=\"150\" height=\"150\" src=\"https:\/\/www.mountainhosteltarter.com\/wp-content\/uploads\/2021\/09\/mountain-hostel-tarter-andorra-locker-60-150x150.jpg\" class=\"attachment-thumbnail size-thumbnail\" alt=\"\" \/><\/a>\n\t\t\t<\/div><\/figure><figure class='gallery-item'>\n\t\t\t<div class='gallery-icon landscape'>\n\t\t\t\t<a data-elementor-open-lightbox=\"yes\" data-elementor-lightbox-slideshow=\"df43758\" data-e-action-hash=\"#elementor-action%3Aaction%3Dlightbox%26settings%3DeyJpZCI6MTgxNDksInVybCI6Imh0dHBzOlwvXC93d3cubW91bnRhaW5ob3N0ZWx0YXJ0ZXIuY29tXC93cC1jb250ZW50XC91cGxvYWRzXC8yMDIxXC8wOVwvbW91bnRhaW4taG9zdGVsLXRhcnRlci1hbmRvcnJhLXByaXZhdGUtcm9vbS0xNy5qcGciLCJzbGlkZXNob3ciOiJkZjQzNzU4In0%3D\" href='https:\/\/www.mountainhosteltarter.com\/wp-content\/uploads\/2021\/09\/mountain-hostel-tarter-andorra-private-room-17.jpg'><img loading=\"lazy\" decoding=\"async\" width=\"150\" height=\"150\" src=\"https:\/\/www.mountainhosteltarter.com\/wp-content\/uploads\/2021\/09\/mountain-hostel-tarter-andorra-private-room-17-150x150.jpg\" class=\"attachment-thumbnail size-thumbnail\" alt=\"\" \/><\/a>\n\t\t\t<\/div><\/figure><figure class='gallery-item'>\n\t\t\t<div class='gallery-icon landscape'>\n\t\t\t\t<a data-elementor-open-lightbox=\"yes\" data-elementor-lightbox-slideshow=\"df43758\" data-e-action-hash=\"#elementor-action%3Aaction%3Dlightbox%26settings%3DeyJpZCI6MTgxNTMsInVybCI6Imh0dHBzOlwvXC93d3cubW91bnRhaW5ob3N0ZWx0YXJ0ZXIuY29tXC93cC1jb250ZW50XC91cGxvYWRzXC8yMDIxXC8wOVwvbW91bnRhaW4taG9zdGVsLXRhcnRlci1hbmRvcnJhLXByaXZhdGUtcm9vbS0xOC5qcGciLCJzbGlkZXNob3ciOiJkZjQzNzU4In0%3D\" href='https:\/\/www.mountainhosteltarter.com\/wp-content\/uploads\/2021\/09\/mountain-hostel-tarter-andorra-private-room-18.jpg'><img loading=\"lazy\" decoding=\"async\" width=\"150\" height=\"150\" src=\"https:\/\/www.mountainhosteltarter.com\/wp-content\/uploads\/2021\/09\/mountain-hostel-tarter-andorra-private-room-18-150x150.jpg\" class=\"attachment-thumbnail size-thumbnail\" alt=\"\" \/><\/a>\n\t\t\t<\/div><\/figure><figure class='gallery-item'>\n\t\t\t<div class='gallery-icon portrait'>\n\t\t\t\t<a data-elementor-open-lightbox=\"yes\" data-elementor-lightbox-slideshow=\"df43758\" data-e-action-hash=\"#elementor-action%3Aaction%3Dlightbox%26settings%3DeyJpZCI6MTgxNTcsInVybCI6Imh0dHBzOlwvXC93d3cubW91bnRhaW5ob3N0ZWx0YXJ0ZXIuY29tXC93cC1jb250ZW50XC91cGxvYWRzXC8yMDIxXC8wOVwvbW91bnRhaW4taG9zdGVsLXRhcnRlci1hbmRvcnJhLXByaXZhdGUtcm9vbS0yNS5qcGciLCJzbGlkZXNob3ciOiJkZjQzNzU4In0%3D\" href='https:\/\/www.mountainhosteltarter.com\/wp-content\/uploads\/2021\/09\/mountain-hostel-tarter-andorra-private-room-25.jpg'><img loading=\"lazy\" decoding=\"async\" width=\"150\" height=\"150\" src=\"https:\/\/www.mountainhosteltarter.com\/wp-content\/uploads\/2021\/09\/mountain-hostel-tarter-andorra-private-room-25-150x150.jpg\" class=\"attachment-thumbnail size-thumbnail\" alt=\"\" \/><\/a>\n\t\t\t<\/div><\/figure><figure class='gallery-item'>\n\t\t\t<div class='gallery-icon landscape'>\n\t\t\t\t<a data-elementor-open-lightbox=\"yes\" data-elementor-lightbox-slideshow=\"df43758\" data-e-action-hash=\"#elementor-action%3Aaction%3Dlightbox%26settings%3DeyJpZCI6MTgxNjEsInVybCI6Imh0dHBzOlwvXC93d3cubW91bnRhaW5ob3N0ZWx0YXJ0ZXIuY29tXC93cC1jb250ZW50XC91cGxvYWRzXC8yMDIxXC8wOVwvbW91bnRhaW4taG9zdGVsLXRhcnRlci1hbmRvcnJhLXByaXZhdGUtcm9vbS05OC5qcGciLCJzbGlkZXNob3ciOiJkZjQzNzU4In0%3D\" href='https:\/\/www.mountainhosteltarter.com\/wp-content\/uploads\/2021\/09\/mountain-hostel-tarter-andorra-private-room-98.jpg'><img loading=\"lazy\" decoding=\"async\" width=\"150\" height=\"150\" src=\"https:\/\/www.mountainhosteltarter.com\/wp-content\/uploads\/2021\/09\/mountain-hostel-tarter-andorra-private-room-98-150x150.jpg\" class=\"attachment-thumbnail size-thumbnail\" alt=\"\" \/><\/a>\n\t\t\t<\/div><\/figure><figure class='gallery-item'>\n\t\t\t<div class='gallery-icon landscape'>\n\t\t\t\t<a data-elementor-open-lightbox=\"yes\" data-elementor-lightbox-slideshow=\"df43758\" data-e-action-hash=\"#elementor-action%3Aaction%3Dlightbox%26settings%3DeyJpZCI6MTgxNjUsInVybCI6Imh0dHBzOlwvXC93d3cubW91bnRhaW5ob3N0ZWx0YXJ0ZXIuY29tXC93cC1jb250ZW50XC91cGxvYWRzXC8yMDIxXC8wOVwvbW91bnRhaW4taG9zdGVsLXRhcnRlci1hbmRvcnJhLXByaXZhdGUtcm9vbS0xMDAuanBnIiwic2xpZGVzaG93IjoiZGY0Mzc1OCJ9\" href='https:\/\/www.mountainhosteltarter.com\/wp-content\/uploads\/2021\/09\/mountain-hostel-tarter-andorra-private-room-100.jpg'><img loading=\"lazy\" decoding=\"async\" width=\"150\" height=\"150\" src=\"https:\/\/www.mountainhosteltarter.com\/wp-content\/uploads\/2021\/09\/mountain-hostel-tarter-andorra-private-room-100-150x150.jpg\" class=\"attachment-thumbnail size-thumbnail\" alt=\"\" \/><\/a>\n\t\t\t<\/div><\/figure><figure class='gallery-item'>\n\t\t\t<div class='gallery-icon landscape'>\n\t\t\t\t<a data-elementor-open-lightbox=\"yes\" data-elementor-lightbox-slideshow=\"df43758\" data-e-action-hash=\"#elementor-action%3Aaction%3Dlightbox%26settings%3DeyJpZCI6MTgxNjksInVybCI6Imh0dHBzOlwvXC93d3cubW91bnRhaW5ob3N0ZWx0YXJ0ZXIuY29tXC93cC1jb250ZW50XC91cGxvYWRzXC8yMDIxXC8wOVwvbW91bnRhaW4taG9zdGVsLXRhcnRlci1hbmRvcnJhLXJvb20tY29ubmVjdGVkLTIwLmpwZyIsInNsaWRlc2hvdyI6ImRmNDM3NTgifQ%3D%3D\" href='https:\/\/www.mountainhosteltarter.com\/wp-content\/uploads\/2021\/09\/mountain-hostel-tarter-andorra-room-connected-20.jpg'><img loading=\"lazy\" decoding=\"async\" width=\"150\" height=\"150\" src=\"https:\/\/www.mountainhosteltarter.com\/wp-content\/uploads\/2021\/09\/mountain-hostel-tarter-andorra-room-connected-20-150x150.jpg\" class=\"attachment-thumbnail size-thumbnail\" alt=\"\" srcset=\"https:\/\/www.mountainhosteltarter.com\/wp-content\/uploads\/2021\/09\/mountain-hostel-tarter-andorra-room-connected-20-150x150.jpg 150w, https:\/\/www.mountainhosteltarter.com\/wp-content\/uploads\/2021\/09\/elementor\/thumbs\/mountain-hostel-tarter-andorra-room-connected-20-pfs7h7sggfgwveaptw4crrqp89lzaqfsmi5wizrsf4.jpg 400w\" sizes=\"(max-width: 150px) 100vw, 150px\" \/><\/a>\n\t\t\t<\/div><\/figure><figure class='gallery-item'>\n\t\t\t<div class='gallery-icon landscape'>\n\t\t\t\t<a data-elementor-open-lightbox=\"yes\" data-elementor-lightbox-slideshow=\"df43758\" data-e-action-hash=\"#elementor-action%3Aaction%3Dlightbox%26settings%3DeyJpZCI6MTgxNzMsInVybCI6Imh0dHBzOlwvXC93d3cubW91bnRhaW5ob3N0ZWx0YXJ0ZXIuY29tXC93cC1jb250ZW50XC91cGxvYWRzXC8yMDIxXC8wOVwvbW91bnRhaW4taG9zdGVsLXRhcnRlci1hbmRvcnJhLXJvb21zLTM3LmpwZyIsInNsaWRlc2hvdyI6ImRmNDM3NTgifQ%3D%3D\" href='https:\/\/www.mountainhosteltarter.com\/wp-content\/uploads\/2021\/09\/mountain-hostel-tarter-andorra-rooms-37.jpg'><img loading=\"lazy\" decoding=\"async\" width=\"150\" height=\"150\" src=\"https:\/\/www.mountainhosteltarter.com\/wp-content\/uploads\/2021\/09\/mountain-hostel-tarter-andorra-rooms-37-150x150.jpg\" class=\"attachment-thumbnail size-thumbnail\" alt=\"\" \/><\/a>\n\t\t\t<\/div><\/figure>\n\t\t<\/div>\n\t\t<\/div>\n\t\t\t\t<\/div>\n\t\t\t\t<\/div>\n\t\t\t\t<div class=\"elementor-element elementor-element-1a42879 elementor-widget elementor-widget-text-editor\" data-id=\"1a42879\" data-element_type=\"widget\" data-widget_type=\"text-editor.default\">\n\t\t\t\t<div class=\"elementor-widget-container\">\n\t\t\t\t\t\t\t<a class=\"readmore\" href=\"https:\/\/www.mountainhosteltarter.com\/ca\/espais\/\"><i class=\"fa fa-angle-left\"><\/i> tornar a espais<\/a>\t\t\t\t\t\t<\/div>\n\t\t\t\t<\/div>\n\t\t\t\t\t<\/div>\n\t\t<\/div>\n\t\t\t\t\t<\/div>\n\t\t<\/section>\n\t\t\t\t\t<\/div>\n\t\t<\/div>\n\t\t\t\t<div class=\"elementor-column elementor-col-50 elementor-top-column elementor-element elementor-element-52d6274 imagen-fondo\" data-id=\"52d6274\" data-element_type=\"column\" data-settings=\"{&quot;background_background&quot;:&quot;classic&quot;}\">\n\t\t\t<div class=\"elementor-widget-wrap elementor-element-populated\">\n\t\t\t\t\t<div class=\"elementor-background-overlay\"><\/div>\n\t\t\t\t\t\t<div class=\"elementor-element elementor-element-170641e text-right-list elementor-widget elementor-widget-text-editor\" data-id=\"170641e\" data-element_type=\"widget\" data-widget_type=\"text-editor.default\">\n\t\t\t\t<div class=\"elementor-widget-container\">\n\t\t\t\t\t\t\t<h2 class=\"h2-white1\">UNA HABITACI\u00d3 PER A CADA NECESSITAT<\/h2><p><b style=\"text-align: justify;\">Disposem de dormitoris per parelles, per amics inseparables o fam\u00edlies, i tamb\u00e9 habitacions compartides.<\/b><\/p>\t\t\t\t\t\t<\/div>\n\t\t\t\t<\/div>\n\t\t\t\t<div class=\"elementor-element elementor-element-ed5ab0e elementor-widget elementor-widget-text-editor\" data-id=\"ed5ab0e\" data-element_type=\"widget\" data-widget_type=\"text-editor.default\">\n\t\t\t\t<div class=\"elementor-widget-container\">\n\t\t\t\t\t\t\t<p>Tant si vols la privacitat d\u2019una habitaci\u00f3 per a tu sol (o per a tu i el teu amic o amiga o parella) com si prefereixes una confortable llitera en una de les nostres habitacions compartides, segur que trobes LA TEVA habitaci\u00f3.<br \/>Mountain Hostel Tarter, \u00e9s un hostel on es comparteixen habitacions, serveis i experi\u00e8ncies.<\/p><p>Tenim diversos tipus d\u2019habitacions:<\/p><ul><li>Habitacions compartides de 4, 5 o 6 persones que tamb\u00e9 pots reservar completes per al teu grup d\u2019amics, o per a la fam\u00edlia. O b\u00e9 pots reservar nom\u00e9s el teu llit en una d\u2019aquestes habitacions, opci\u00f3 ideal per a tots aquells amb poc pressupost o als quals els agrada con\u00e8ixer gent nova.<\/li><li>Una habitaci\u00f3 doble i privada, perfecta per a 2 persones<\/li><li>Si la reserva \u00e9s per llits, no podem garantir que l\u2019habitaci\u00f3 compartida sigui 100% femenina ja que totes s\u00f3n mixtes, per\u00f2 pots donar per fet que intentarem reunir a les noies a la mateixa habitaci\u00f3.<\/li><\/ul><p>El hostel es va inaugurar el 2013 i com ha estat mimat amb tot el nostre afecte, les habitacions estan com acabades d\u2019estrenar per assegurar la teva m\u00e0xima comoditat. Est\u00e0s preparat per despertar-te veient el cel des de la finestra de la teulada?<\/p>\t\t\t\t\t\t<\/div>\n\t\t\t\t<\/div>\n\t\t\t\t\t<\/div>\n\t\t<\/div>\n\t\t\t\t\t<\/div>\n\t\t<\/section>\n\t\t\t\t<\/div>\n\t\t","protected":false},"excerpt":{"rendered":"<p>2 Tria la teva habitaci\u00f3: Habitacions de hostel amb m\u00e0xim comfort Tots els nostres llits s\u00f3n de 90 x 200 cm. Quan arribis tindr\u00e0s el teu llit impecable amb llen\u00e7ols nets, coix\u00ed i edred\u00f3. Totes les habitacions tenen calefacci\u00f3, wi-fi gratu\u00eft i una finestra al sostre de fusta, tipus golfes que proporciona un ambient molt &#8230; <a title=\"Habitaci\u00f3 Privada per a 6\" class=\"read-more\" href=\"https:\/\/www.mountainhosteltarter.com\/ca\/habitacions\/habitacio-privada-per-a-6\/\" aria-label=\"Read more about Habitaci\u00f3 Privada per a 6\">Llegir m\u00e9s<\/a><\/p>\n","protected":false},"author":1,"featured_media":28,"parent":17256,"menu_order":81,"comment_status":"closed","ping_status":"closed","template":"","meta":{"_glsr_average":0,"_glsr_ranking":0,"_glsr_reviews":0,"footnotes":""},"yoast_head":"<!-- This site is optimized with the Yoast SEO plugin v22.8 - https:\/\/yoast.com\/wordpress\/plugins\/seo\/ -->\n<title>Alberg Andorra - Reservar habitacions privades o compartides<\/title>\n<meta name=\"description\" content=\"Al nostre alberg als peus de Grandvalira trobar\u00e0s habitacions compartides per a 4, 5 o 6 persones. I si ho prefereixes, reserva la nostra habitaci\u00f3 doble.\" \/>\n<meta name=\"robots\" content=\"index, follow, max-snippet:-1, max-image-preview:large, max-video-preview:-1\" \/>\n<link rel=\"canonical\" href=\"https:\/\/www.mountainhosteltarter.com\/ca\/espais\/habitacions\/\" \/>\n<meta property=\"og:locale\" content=\"ca_ES\" \/>\n<meta property=\"og:type\" content=\"article\" \/>\n<meta property=\"og:title\" content=\"Alberg Andorra - Reservar habitacions privades o compartides\" \/>\n<meta property=\"og:description\" content=\"Al nostre alberg als peus de Grandvalira trobar\u00e0s habitacions compartides per a 4, 5 o 6 persones. I si ho prefereixes, reserva la nostra habitaci\u00f3 doble.\" \/>\n<meta property=\"og:url\" content=\"https:\/\/www.mountainhosteltarter.com\/ca\/espais\/habitacions\/\" \/>\n<meta property=\"og:site_name\" content=\"Mountain Hostel Tarter\" \/>\n<meta property=\"article:modified_time\" content=\"2021-10-19T21:43:05+00:00\" \/>\n<meta property=\"og:image\" content=\"https:\/\/www.mountainhosteltarter.com\/wp-content\/uploads\/2017\/12\/SPL-Gallery-4.jpg\" \/>\n\t<meta property=\"og:image:width\" content=\"1920\" \/>\n\t<meta property=\"og:image:height\" content=\"1080\" \/>\n\t<meta property=\"og:image:type\" content=\"image\/jpeg\" \/>\n<meta name=\"twitter:card\" content=\"summary_large_image\" \/>\n<meta name=\"twitter:label1\" content=\"Temps estimat de lectura\" \/>\n\t<meta name=\"twitter:data1\" content=\"2 minuts\" \/>\n<script type=\"application\/ld+json\" class=\"yoast-schema-graph\">{\"@context\":\"https:\/\/schema.org\",\"@graph\":[{\"@type\":\"WebPage\",\"@id\":\"https:\/\/www.mountainhosteltarter.com\/ca\/espais\/habitacions\/\",\"url\":\"https:\/\/www.mountainhosteltarter.com\/ca\/espais\/habitacions\/\",\"name\":\"Alberg Andorra - Reservar habitacions privades o compartides\",\"isPartOf\":{\"@id\":\"https:\/\/www.mountainhosteltarter.com\/fr\/#website\"},\"primaryImageOfPage\":{\"@id\":\"https:\/\/www.mountainhosteltarter.com\/ca\/espais\/habitacions\/#primaryimage\"},\"image\":{\"@id\":\"https:\/\/www.mountainhosteltarter.com\/ca\/espais\/habitacions\/#primaryimage\"},\"thumbnailUrl\":\"https:\/\/www.mountainhosteltarter.com\/wp-content\/uploads\/2017\/12\/SPL-Gallery-4.jpg\",\"datePublished\":\"2021-09-21T22:34:12+00:00\",\"dateModified\":\"2021-10-19T21:43:05+00:00\",\"description\":\"Al nostre alberg als peus de Grandvalira trobar\u00e0s habitacions compartides per a 4, 5 o 6 persones. I si ho prefereixes, reserva la nostra habitaci\u00f3 doble.\",\"breadcrumb\":{\"@id\":\"https:\/\/www.mountainhosteltarter.com\/ca\/espais\/habitacions\/#breadcrumb\"},\"inLanguage\":\"ca\",\"potentialAction\":[{\"@type\":\"ReadAction\",\"target\":[\"https:\/\/www.mountainhosteltarter.com\/ca\/espais\/habitacions\/\"]}]},{\"@type\":\"ImageObject\",\"inLanguage\":\"ca\",\"@id\":\"https:\/\/www.mountainhosteltarter.com\/ca\/espais\/habitacions\/#primaryimage\",\"url\":\"https:\/\/www.mountainhosteltarter.com\/wp-content\/uploads\/2017\/12\/SPL-Gallery-4.jpg\",\"contentUrl\":\"https:\/\/www.mountainhosteltarter.com\/wp-content\/uploads\/2017\/12\/SPL-Gallery-4.jpg\",\"width\":1920,\"height\":1080,\"caption\":\"Mountain Hostel Tarter\"},{\"@type\":\"BreadcrumbList\",\"@id\":\"https:\/\/www.mountainhosteltarter.com\/ca\/espais\/habitacions\/#breadcrumb\",\"itemListElement\":[{\"@type\":\"ListItem\",\"position\":1,\"name\":\"Portada\",\"item\":\"https:\/\/www.mountainhosteltarter.com\/ca\/\"},{\"@type\":\"ListItem\",\"position\":2,\"name\":\"espais\",\"item\":\"https:\/\/www.mountainhosteltarter.com\/ca\/espais\/\"},{\"@type\":\"ListItem\",\"position\":3,\"name\":\"Habitacions\"}]},{\"@type\":\"WebSite\",\"@id\":\"https:\/\/www.mountainhosteltarter.com\/fr\/#website\",\"url\":\"https:\/\/www.mountainhosteltarter.com\/fr\/\",\"name\":\"Mountain Hostel Tarter\",\"description\":\"El mejor Hostal en Grandvalira Andorra\",\"publisher\":{\"@id\":\"https:\/\/www.mountainhosteltarter.com\/fr\/#organization\"},\"potentialAction\":[{\"@type\":\"SearchAction\",\"target\":{\"@type\":\"EntryPoint\",\"urlTemplate\":\"https:\/\/www.mountainhosteltarter.com\/fr\/?s={search_term_string}\"},\"query-input\":\"required name=search_term_string\"}],\"inLanguage\":\"ca\"},{\"@type\":\"Organization\",\"@id\":\"https:\/\/www.mountainhosteltarter.com\/fr\/#organization\",\"name\":\"Mountain Hostel Tarter\",\"url\":\"https:\/\/www.mountainhosteltarter.com\/fr\/\",\"logo\":{\"@type\":\"ImageObject\",\"inLanguage\":\"ca\",\"@id\":\"https:\/\/www.mountainhosteltarter.com\/fr\/#\/schema\/logo\/image\/\",\"url\":\"https:\/\/www.mountainhosteltarter.com\/wp-content\/uploads\/2021\/08\/logo.png\",\"contentUrl\":\"https:\/\/www.mountainhosteltarter.com\/wp-content\/uploads\/2021\/08\/logo.png\",\"width\":200,\"height\":103,\"caption\":\"Mountain Hostel Tarter\"},\"image\":{\"@id\":\"https:\/\/www.mountainhosteltarter.com\/fr\/#\/schema\/logo\/image\/\"}}]}<\/script>\n<!-- \/ Yoast SEO plugin. -->","yoast_head_json":{"title":"Alberg Andorra - Reservar habitacions privades o compartides","description":"Al nostre alberg als peus de Grandvalira trobar\u00e0s habitacions compartides per a 4, 5 o 6 persones. I si ho prefereixes, reserva la nostra habitaci\u00f3 doble.","robots":{"index":"index","follow":"follow","max-snippet":"max-snippet:-1","max-image-preview":"max-image-preview:large","max-video-preview":"max-video-preview:-1"},"canonical":"https:\/\/www.mountainhosteltarter.com\/ca\/espais\/habitacions\/","og_locale":"ca_ES","og_type":"article","og_title":"Alberg Andorra - Reservar habitacions privades o compartides","og_description":"Al nostre alberg als peus de Grandvalira trobar\u00e0s habitacions compartides per a 4, 5 o 6 persones. I si ho prefereixes, reserva la nostra habitaci\u00f3 doble.","og_url":"https:\/\/www.mountainhosteltarter.com\/ca\/espais\/habitacions\/","og_site_name":"Mountain Hostel Tarter","article_modified_time":"2021-10-19T21:43:05+00:00","og_image":[{"width":1920,"height":1080,"url":"https:\/\/www.mountainhosteltarter.com\/wp-content\/uploads\/2017\/12\/SPL-Gallery-4.jpg","type":"image\/jpeg"}],"twitter_card":"summary_large_image","twitter_misc":{"Temps estimat de lectura":"2 minuts"},"schema":{"@context":"https:\/\/schema.org","@graph":[{"@type":"WebPage","@id":"https:\/\/www.mountainhosteltarter.com\/ca\/espais\/habitacions\/","url":"https:\/\/www.mountainhosteltarter.com\/ca\/espais\/habitacions\/","name":"Alberg Andorra - Reservar habitacions privades o compartides","isPartOf":{"@id":"https:\/\/www.mountainhosteltarter.com\/fr\/#website"},"primaryImageOfPage":{"@id":"https:\/\/www.mountainhosteltarter.com\/ca\/espais\/habitacions\/#primaryimage"},"image":{"@id":"https:\/\/www.mountainhosteltarter.com\/ca\/espais\/habitacions\/#primaryimage"},"thumbnailUrl":"https:\/\/www.mountainhosteltarter.com\/wp-content\/uploads\/2017\/12\/SPL-Gallery-4.jpg","datePublished":"2021-09-21T22:34:12+00:00","dateModified":"2021-10-19T21:43:05+00:00","description":"Al nostre alberg als peus de Grandvalira trobar\u00e0s habitacions compartides per a 4, 5 o 6 persones. I si ho prefereixes, reserva la nostra habitaci\u00f3 doble.","breadcrumb":{"@id":"https:\/\/www.mountainhosteltarter.com\/ca\/espais\/habitacions\/#breadcrumb"},"inLanguage":"ca","potentialAction":[{"@type":"ReadAction","target":["https:\/\/www.mountainhosteltarter.com\/ca\/espais\/habitacions\/"]}]},{"@type":"ImageObject","inLanguage":"ca","@id":"https:\/\/www.mountainhosteltarter.com\/ca\/espais\/habitacions\/#primaryimage","url":"https:\/\/www.mountainhosteltarter.com\/wp-content\/uploads\/2017\/12\/SPL-Gallery-4.jpg","contentUrl":"https:\/\/www.mountainhosteltarter.com\/wp-content\/uploads\/2017\/12\/SPL-Gallery-4.jpg","width":1920,"height":1080,"caption":"Mountain Hostel Tarter"},{"@type":"BreadcrumbList","@id":"https:\/\/www.mountainhosteltarter.com\/ca\/espais\/habitacions\/#breadcrumb","itemListElement":[{"@type":"ListItem","position":1,"name":"Portada","item":"https:\/\/www.mountainhosteltarter.com\/ca\/"},{"@type":"ListItem","position":2,"name":"espais","item":"https:\/\/www.mountainhosteltarter.com\/ca\/espais\/"},{"@type":"ListItem","position":3,"name":"Habitacions"}]},{"@type":"WebSite","@id":"https:\/\/www.mountainhosteltarter.com\/fr\/#website","url":"https:\/\/www.mountainhosteltarter.com\/fr\/","name":"Mountain Hostel Tarter","description":"El mejor Hostal en Grandvalira Andorra","publisher":{"@id":"https:\/\/www.mountainhosteltarter.com\/fr\/#organization"},"potentialAction":[{"@type":"SearchAction","target":{"@type":"EntryPoint","urlTemplate":"https:\/\/www.mountainhosteltarter.com\/fr\/?s={search_term_string}"},"query-input":"required name=search_term_string"}],"inLanguage":"ca"},{"@type":"Organization","@id":"https:\/\/www.mountainhosteltarter.com\/fr\/#organization","name":"Mountain Hostel Tarter","url":"https:\/\/www.mountainhosteltarter.com\/fr\/","logo":{"@type":"ImageObject","inLanguage":"ca","@id":"https:\/\/www.mountainhosteltarter.com\/fr\/#\/schema\/logo\/image\/","url":"https:\/\/www.mountainhosteltarter.com\/wp-content\/uploads\/2021\/08\/logo.png","contentUrl":"https:\/\/www.mountainhosteltarter.com\/wp-content\/uploads\/2021\/08\/logo.png","width":200,"height":103,"caption":"Mountain Hostel Tarter"},"image":{"@id":"https:\/\/www.mountainhosteltarter.com\/fr\/#\/schema\/logo\/image\/"}}]}},"_links":{"self":[{"href":"https:\/\/www.mountainhosteltarter.com\/ca\/wp-json\/wp\/v2\/pages\/17334"}],"collection":[{"href":"https:\/\/www.mountainhosteltarter.com\/ca\/wp-json\/wp\/v2\/pages"}],"about":[{"href":"https:\/\/www.mountainhosteltarter.com\/ca\/wp-json\/wp\/v2\/types\/page"}],"author":[{"embeddable":true,"href":"https:\/\/www.mountainhosteltarter.com\/ca\/wp-json\/wp\/v2\/users\/1"}],"replies":[{"embeddable":true,"href":"https:\/\/www.mountainhosteltarter.com\/ca\/wp-json\/wp\/v2\/comments?post=17334"}],"version-history":[{"count":0,"href":"https:\/\/www.mountainhosteltarter.com\/ca\/wp-json\/wp\/v2\/pages\/17334\/revisions"}],"up":[{"embeddable":true,"href":"https:\/\/www.mountainhosteltarter.com\/ca\/wp-json\/wp\/v2\/pages\/17256"}],"wp:featuredmedia":[{"embeddable":true,"href":"https:\/\/www.mountainhosteltarter.com\/ca\/wp-json\/wp\/v2\/media\/28"}],"wp:attachment":[{"href":"https:\/\/www.mountainhosteltarter.com\/ca\/wp-json\/wp\/v2\/media?parent=17334"}],"curies":[{"name":"wp","href":"https:\/\/api.w.org\/{rel}","templated":true}]}}