{"id":17533,"date":"2021-09-22T13:09:02","date_gmt":"2021-09-22T13:09:02","guid":{"rendered":"https:\/\/www.mountainhosteltarter.com\/?page_id=17533"},"modified":"2021-10-20T17:31:06","modified_gmt":"2021-10-20T17:31:06","slug":"com-arribar","status":"publish","type":"page","link":"https:\/\/www.mountainhosteltarter.com\/ca\/com-arribar\/","title":{"rendered":"COM ARRIBAR"},"content":{"rendered":"\t\t<div data-elementor-type=\"wp-post\" data-elementor-id=\"17533\" class=\"elementor elementor-17533 elementor-15343\">\n\t\t\t\t\t\t<section class=\"elementor-section elementor-top-section elementor-element elementor-element-24f31f6 elementor-section-boxed elementor-section-height-default elementor-section-height-default\" data-id=\"24f31f6\" data-element_type=\"section\">\n\t\t\t\t\t\t<div class=\"elementor-container elementor-column-gap-default\">\n\t\t\t\t\t<div class=\"elementor-column elementor-col-100 elementor-top-column elementor-element elementor-element-eea188f\" data-id=\"eea188f\" data-element_type=\"column\">\n\t\t\t<div class=\"elementor-widget-wrap elementor-element-populated\">\n\t\t\t\t\t\t<div class=\"elementor-element elementor-element-982e12a elementor-widget elementor-widget-spacer\" data-id=\"982e12a\" data-element_type=\"widget\" data-widget_type=\"spacer.default\">\n\t\t\t\t<div class=\"elementor-widget-container\">\n\t\t\t<style>\/*! elementor - v3.21.0 - 26-05-2024 *\/\n.elementor-column .elementor-spacer-inner{height:var(--spacer-size)}.e-con{--container-widget-width:100%}.e-con-inner>.elementor-widget-spacer,.e-con>.elementor-widget-spacer{width:var(--container-widget-width,var(--spacer-size));--align-self:var(--container-widget-align-self,initial);--flex-shrink:0}.e-con-inner>.elementor-widget-spacer>.elementor-widget-container,.e-con>.elementor-widget-spacer>.elementor-widget-container{height:100%;width:100%}.e-con-inner>.elementor-widget-spacer>.elementor-widget-container>.elementor-spacer,.e-con>.elementor-widget-spacer>.elementor-widget-container>.elementor-spacer{height:100%}.e-con-inner>.elementor-widget-spacer>.elementor-widget-container>.elementor-spacer>.elementor-spacer-inner,.e-con>.elementor-widget-spacer>.elementor-widget-container>.elementor-spacer>.elementor-spacer-inner{height:var(--container-widget-height,var(--spacer-size))}.e-con-inner>.elementor-widget-spacer.elementor-widget-empty,.e-con>.elementor-widget-spacer.elementor-widget-empty{position:relative;min-height:22px;min-width:22px}.e-con-inner>.elementor-widget-spacer.elementor-widget-empty .elementor-widget-empty-icon,.e-con>.elementor-widget-spacer.elementor-widget-empty .elementor-widget-empty-icon{position:absolute;top:0;bottom:0;left:0;right:0;margin:auto;padding:0;width:22px;height:22px}<\/style>\t\t<div class=\"elementor-spacer\">\n\t\t\t<div class=\"elementor-spacer-inner\"><\/div>\n\t\t<\/div>\n\t\t\t\t<\/div>\n\t\t\t\t<\/div>\n\t\t\t\t\t<\/div>\n\t\t<\/div>\n\t\t\t\t\t<\/div>\n\t\t<\/section>\n\t\t\t\t<section class=\"elementor-section elementor-top-section elementor-element elementor-element-fa28b95 elementor-section-full_width habitaciones-list elementor-section-height-default elementor-section-height-default\" data-id=\"fa28b95\" data-element_type=\"section\">\n\t\t\t\t\t\t<div class=\"elementor-container elementor-column-gap-default\">\n\t\t\t\t\t<div class=\"elementor-column elementor-col-50 elementor-top-column elementor-element elementor-element-0c02608\" data-id=\"0c02608\" data-element_type=\"column\">\n\t\t\t<div class=\"elementor-widget-wrap elementor-element-populated\">\n\t\t\t\t\t\t<div class=\"elementor-element elementor-element-fdbae1c elementor-widget elementor-widget-heading\" data-id=\"fdbae1c\" data-element_type=\"widget\" data-widget_type=\"heading.default\">\n\t\t\t\t<div class=\"elementor-widget-container\">\n\t\t\t<style>\/*! elementor - v3.21.0 - 26-05-2024 *\/\n.elementor-heading-title{padding:0;margin:0;line-height:1}.elementor-widget-heading .elementor-heading-title[class*=elementor-size-]>a{color:inherit;font-size:inherit;line-height:inherit}.elementor-widget-heading .elementor-heading-title.elementor-size-small{font-size:15px}.elementor-widget-heading .elementor-heading-title.elementor-size-medium{font-size:19px}.elementor-widget-heading .elementor-heading-title.elementor-size-large{font-size:29px}.elementor-widget-heading .elementor-heading-title.elementor-size-xl{font-size:39px}.elementor-widget-heading .elementor-heading-title.elementor-size-xxl{font-size:59px}<\/style><h2 class=\"elementor-heading-title elementor-size-default\">COM ARRIBAR A ANDORRA\n<\/h2>\t\t<\/div>\n\t\t\t\t<\/div>\n\t\t\t\t<div class=\"elementor-element elementor-element-591c010 elementor-widget elementor-widget-text-editor\" data-id=\"591c010\" data-element_type=\"widget\" data-widget_type=\"text-editor.default\">\n\t\t\t\t<div class=\"elementor-widget-container\">\n\t\t\t<style>\/*! elementor - v3.21.0 - 26-05-2024 *\/\n.elementor-widget-text-editor.elementor-drop-cap-view-stacked .elementor-drop-cap{background-color:#69727d;color:#fff}.elementor-widget-text-editor.elementor-drop-cap-view-framed .elementor-drop-cap{color:#69727d;border:3px solid;background-color:transparent}.elementor-widget-text-editor:not(.elementor-drop-cap-view-default) .elementor-drop-cap{margin-top:8px}.elementor-widget-text-editor:not(.elementor-drop-cap-view-default) .elementor-drop-cap-letter{width:1em;height:1em}.elementor-widget-text-editor .elementor-drop-cap{float:left;text-align:center;line-height:1;font-size:50px}.elementor-widget-text-editor .elementor-drop-cap-letter{display:inline-block}<\/style>\t\t\t\t<p>A Andorra nom\u00e9s pots arribar-hi per carretera; \u00e9s el que t\u00e9 aquest petit pa\u00eds enmig de les muntanyes.<\/p><p><strong>EN COTXE, EN MOTO O EN BICICLETA<\/strong><br \/>Des d\u2019Espanya, s\u2019hi accedeix per la carretera C-145 des de Lleida i per la C-16 des del t\u00fanel del Cad\u00ed o Puigcerd\u00e0. Des de la frontera has de seguir les indicacions direcci\u00f3 Fran\u00e7a, fins a la cru\u00eflla de Sant Pere del Tarter a m\u00e0 esquerra, que trobar\u00e0s a 5,5 km despr\u00e9s de passar el poble de Canillo.<br \/>Des de Fran\u00e7a, s\u2019hi accedeix per la N-22 creuant la frontera pel Pas de la Casa, direcci\u00f3 Andorra la Vella, fins a la cru\u00eflla de Sant Pere del Tarter a m\u00e0 dreta, a 2,5 km despr\u00e9s de Soldeu.<\/p><p>Aquestes s\u00f3n les nostres coordenades GPS:<br \/>Latitud: 42.579117,1 | Longitud: 1.653239<br \/>42\u00b034\u201944.78\u2033N 1\u00b039\u201911.68\u2033E<\/p><p>Per informar-se sobre l\u2019estat de les carreteres a Andorra:<br \/>\u2013 tel\u00e8fon 24 hores: (+376) 1802 1802<br \/>\u2013 web:\u00a0<a href=\"http:\/\/www.mobilitat.ad\/\" target=\"_blank\" rel=\"noopener\">www.mobilitat.ad<\/a><br \/>\u2013 twitter: @Mobilitat_AND<\/p><p><strong>EN AVI\u00d3<\/strong><br \/>Els aeroports internacionals m\u00e9s propers s\u00f3n:<br \/>Aeroport internacional de Toulouse \u2013 Blagnac (195 km.) \u2013 Fran\u00e7a<br \/>Aeroport internacional de Barcelona \u2013 el Prat (200 km.) \u2013 Espanya<br \/>Aeroport internacional de Lleida \u2013 Alguaire (150 km.) \u2013 Espanya<br \/>Aeroport internacional de Reus (240 km.) \u2013 Espanya<br \/>Des d\u2019aquests aeroports hi ha serveis de transfer a Andorra. Veure la secci\u00f3 EN AUTOB\u00daS<\/p><p><strong>EN AUTOB\u00daS<br \/><\/strong>Andorra \u2013 Barcelona (Aeroport):\u00a0<a href=\"https:\/\/www.andorrabybus.com\/ca\" target=\"_blank\" rel=\"noopener\">ANDBUS<\/a>\u00a0Aquesta companyia pot deixar-te o recollir-te a El Tarter, per un suplement extra. Si reserves el bitllet online, selecciona com a destinaci\u00f3 ALBERG MOUNTAIN HOSTEL TARTER.<br \/>Andorra \u2013 Barcelona centre ciutat (Sants Estaci\u00f3) i Aeroport:\u00a0<a href=\"https:\/\/www.andorradirectbus.es\/ca\" target=\"_blank\" rel=\"noopener\">Andorra Direct Bus<\/a><br \/>Andorra \u2013 Toulouse (Aeroport i estaci\u00f3 de tren):\u00a0<a href=\"https:\/\/www.andorrabybus.com\/ca\" target=\"_blank\" rel=\"noopener\">ANDBUS<\/a><br \/>Andorra \u2013 Lleida:\u00a0<a href=\"http:\/\/www.montmantell.com\/index.php?accion=itinerari&amp;idmenu=2&amp;id=12\" target=\"_blank\" rel=\"noopener\">BUS MONTMANTELL<\/a><br \/>Andorra \u2013 Reus:\u00a0<a href=\"http:\/\/www.montmantell.com\/index.php?accion=itinerari&amp;idmenu=2&amp;id=11\" target=\"_blank\" rel=\"noopener\">BUS MONTMANTELL<\/a><br \/>Altres destins i combinacions:\u00a0<a href=\"https:\/\/www.alsa.es\/ca\/home\" target=\"_blank\" rel=\"noopener\">ALSA<\/a><\/p><p><strong>EN TREN<\/strong><br \/>L\u2019AVE et permet viatjar des de Madrid a Lleida (<a href=\"https:\/\/www.renfe.com\/CA\/viajeros\/index.html\" target=\"_blank\" rel=\"noopener\">www.renfe.com<\/a>). Des d\u2019all\u00e0, els autocars de Viatges Montmantell enllacen di\u00e0riament amb Andorra.\u00a0<a href=\"http:\/\/www.montmantell.com\/index.php?accion=itinerari&amp;idmenu=2&amp;id=12\" target=\"_blank\" rel=\"noopener\">BUS MONTMANTELL<\/a><br \/>Des de Fran\u00e7a, l\u2019estaci\u00f3 de trens m\u00e9s propera a Andorra \u00e9s Hospitalet-pr\u00e8s-l\u2019Andorre. Pots veure les opcions per viatjar en tren des de Fran\u00e7a en\u00a0<a href=\"https:\/\/www.sncf.com\/en\" target=\"_blank\" rel=\"noopener\">SNCF<\/a>. Per\u00f2 des d\u2019aquesta estaci\u00f3, no hi ha connexi\u00f3 d\u2019autob\u00fas amb Andorra. L\u2019\u00fanica opci\u00f3 per connectar l\u2019estaci\u00f3 Hospitalet-pr\u00e8s-l\u2019Andorre amb Andorra \u00e9s en taxi, i no \u00e9s ni f\u00e0cil ni barat. L\u2019opci\u00f3 m\u00e9s barata \u00e9s el\u00a0<a href=\"http:\/\/www.taxialtitud.com\/en\/service-2\/\" target=\"_blank\" rel=\"noopener\">\u00abTaxi Altitud Pas de la Casa\u00bb<\/a>. Si aquest no est\u00e0 disponible, nom\u00e9s queda el servei de taxi normal, que pot costar f\u00e0cilment 90 \u20ac per trajecte. (T. (+376) 863.000 ata@andorra.ad)<\/p><h3>\u00a0<\/h3><h3>COM ARRIBAR A MOUNTAIN HOSTEL TARTER DES d\u2019ANDORRA LA VELLA<\/h3><p>\u00c9s molt probable que la teva arribada a aquest petit pa\u00eds dels Pirineus es produeixi a Andorra la Vella, la ciutat, la capital. I Mountain Hostel Tarter \u00e9s al poble del Tarter, a 20km del centre. Tens diverses opcions per arribar al hostel:<\/p><ul><li>Si v\u00e9ns de l\u2019Aeroport de Barcelona o Toulose amb la companyia ANDBUS (<a href=\"https:\/\/www.andorrabybus.com\/ca\" target=\"_blank\" rel=\"noopener\">ANDBUS<\/a>) et recomanem contractar el servei porta a porta. Per un suplement el mateix bus et portar\u00e0 fins El Tarter. Si reserves el bitllet online, selecciona com a destinaci\u00f3 ALBERG MOUNTAIN HOSTEL TARTER.<\/li><li>Des d\u2019Andorra la Vella pots agafar un taxi fins a la porta del hostel. Costa al voltant d\u2019uns 30-35\u20ac.<\/li><li>Pots venir amb autob\u00fas de l\u00ednia regular. Per arribar a El Tarter, has d\u2019agafar\u00a0<a href=\"https:\/\/bus.ad\/linia-andorra-pasdelacasa\/\" target=\"_blank\" rel=\"noopener\"><strong>l\u2019autob\u00fas L4<\/strong><\/a>. El bus L4 est\u00e0 operatiu tot l\u2019any i fa el recorregut entre Andorra La Vella i el Pas de la Casa (i viceversa). L\u2019inici i el final de l\u00ednia a Andorra la Vella \u00e9s la mateixa ESTACI\u00d3 NACIONAL D\u2019AUTOBUSOS (on arriben i d\u2019on surten tots els autobusos de llarg recorregut). T\u00e9 una freq\u00fc\u00e8ncia d\u2019entre 30 i 45 minuts en funci\u00f3 de l\u2019hora del dia i del dia de la setmana. Recorda demanar la parada EL TARTER (151). Tingues en compte que l\u2019\u00faltim bus des d\u2019Andorra La Vella \u00e9s a les 21.15h. I el primer bus del dia des del Tarter a Andorra La Vella: 07.30h.\u00a0<a href=\"https:\/\/bus.ad\/linia-andorra-pasdelacasa\/\" target=\"_blank\" rel=\"noopener\">https:\/\/bus.ad\/linia-andorra-pasdelacasa\/<\/a>\u00a0El preu del trajecte Andorra la Vella \u2013 El Tarter \u00e9s de 4\u20ac per persona i per trajecte.<\/li><\/ul><h3>\u00a0<\/h3><h3>COM ARRIBAR A MOUNTAIN HOSTEL TARTER DES DE LA PARADA D\u2019AUTOB\u00daS DEL TARTER<\/h3><p>Un cop arribis a la parada d\u2019autob\u00fas del Tarter des d\u2019Andorra la Vella, has de caminar uns 100 metres en la mateixa direcci\u00f3 en qu\u00e8 va l\u2019autob\u00fas. En qualsevol cas, busca un cartell gran, a peu de carretera, que anuncia el Restaurant Dylans i segueix en aquesta mateixa direcci\u00f3. Un cop passat el restaurant, el hostel est\u00e0 a la propera cantonada a m\u00e0 dreta. L\u2019entrada \u00e9s davant de la petita esgl\u00e9sia de Sant Pere del Tarter. S\u00f3n entre 5 i 10 minuts caminant; per\u00f2 calma, que fa pujada!<\/p>\t\t\t\t\t\t<\/div>\n\t\t\t\t<\/div>\n\t\t\t\t\t<\/div>\n\t\t<\/div>\n\t\t\t\t<div class=\"elementor-column elementor-col-50 elementor-top-column elementor-element elementor-element-52d6274 imagen-fondo\" data-id=\"52d6274\" data-element_type=\"column\" data-settings=\"{&quot;background_background&quot;:&quot;classic&quot;}\">\n\t\t\t<div class=\"elementor-widget-wrap elementor-element-populated\">\n\t\t\t\t\t<div class=\"elementor-background-overlay\"><\/div>\n\t\t\t\t\t\t<div class=\"elementor-element elementor-element-170641e text-right-list elementor-widget elementor-widget-text-editor\" data-id=\"170641e\" data-element_type=\"widget\" data-widget_type=\"text-editor.default\">\n\t\t\t\t<div class=\"elementor-widget-container\">\n\t\t\t\t\t\t\t<h2 class=\"h2-white1\">COM ARRIBAR\n<\/h2>\t\t\t\t\t\t<\/div>\n\t\t\t\t<\/div>\n\t\t\t\t\t<\/div>\n\t\t<\/div>\n\t\t\t\t\t<\/div>\n\t\t<\/section>\n\t\t\t\t<\/div>\n\t\t","protected":false},"excerpt":{"rendered":"<p>COM ARRIBAR A ANDORRA A Andorra nom\u00e9s pots arribar-hi per carretera; \u00e9s el que t\u00e9 aquest petit pa\u00eds enmig de les muntanyes. EN COTXE, EN MOTO O EN BICICLETA Des d\u2019Espanya, s\u2019hi accedeix per la carretera C-145 des de Lleida i per la C-16 des del t\u00fanel del Cad\u00ed o Puigcerd\u00e0. Des de la frontera &#8230; <a title=\"COM ARRIBAR\" class=\"read-more\" href=\"https:\/\/www.mountainhosteltarter.com\/ca\/com-arribar\/\" aria-label=\"Read more about COM ARRIBAR\">Llegir m\u00e9s<\/a><\/p>\n","protected":false},"author":1,"featured_media":0,"parent":0,"menu_order":45,"comment_status":"closed","ping_status":"closed","template":"","meta":{"_glsr_average":0,"_glsr_ranking":0,"_glsr_reviews":0,"footnotes":""},"yoast_head":"<!-- This site is optimized with the Yoast SEO plugin v22.8 - https:\/\/yoast.com\/wordpress\/plugins\/seo\/ -->\n<title>Arribar al Mountain Hostel en vehicle particular o transport p\u00fablic<\/title>\n<meta name=\"description\" content=\"Segueix les nostres indicacions i sigui quin sigui el teu mitj\u00e0 de transport arribar\u00e0s a Mountain Hostel Tarter sense problemes\" \/>\n<meta name=\"robots\" content=\"index, follow, max-snippet:-1, max-image-preview:large, max-video-preview:-1\" \/>\n<link rel=\"canonical\" href=\"https:\/\/www.mountainhosteltarter.com\/ca\/com-arribar\/\" \/>\n<meta property=\"og:locale\" content=\"ca_ES\" \/>\n<meta property=\"og:type\" content=\"article\" \/>\n<meta property=\"og:title\" content=\"Arribar al Mountain Hostel en vehicle particular o transport p\u00fablic\" \/>\n<meta property=\"og:description\" content=\"Segueix les nostres indicacions i sigui quin sigui el teu mitj\u00e0 de transport arribar\u00e0s a Mountain Hostel Tarter sense problemes\" \/>\n<meta property=\"og:url\" content=\"https:\/\/www.mountainhosteltarter.com\/ca\/com-arribar\/\" \/>\n<meta property=\"og:site_name\" content=\"Mountain Hostel Tarter\" \/>\n<meta property=\"article:modified_time\" content=\"2021-10-20T17:31:06+00:00\" \/>\n<meta name=\"twitter:card\" content=\"summary_large_image\" \/>\n<meta name=\"twitter:label1\" content=\"Temps estimat de lectura\" \/>\n\t<meta name=\"twitter:data1\" content=\"4 minuts\" \/>\n<script type=\"application\/ld+json\" class=\"yoast-schema-graph\">{\"@context\":\"https:\/\/schema.org\",\"@graph\":[{\"@type\":\"WebPage\",\"@id\":\"https:\/\/www.mountainhosteltarter.com\/ca\/com-arribar\/\",\"url\":\"https:\/\/www.mountainhosteltarter.com\/ca\/com-arribar\/\",\"name\":\"Arribar al Mountain Hostel en vehicle particular o transport p\u00fablic\",\"isPartOf\":{\"@id\":\"https:\/\/www.mountainhosteltarter.com\/fr\/#website\"},\"datePublished\":\"2021-09-22T13:09:02+00:00\",\"dateModified\":\"2021-10-20T17:31:06+00:00\",\"description\":\"Segueix les nostres indicacions i sigui quin sigui el teu mitj\u00e0 de transport arribar\u00e0s a Mountain Hostel Tarter sense problemes\",\"breadcrumb\":{\"@id\":\"https:\/\/www.mountainhosteltarter.com\/ca\/com-arribar\/#breadcrumb\"},\"inLanguage\":\"ca\",\"potentialAction\":[{\"@type\":\"ReadAction\",\"target\":[\"https:\/\/www.mountainhosteltarter.com\/ca\/com-arribar\/\"]}]},{\"@type\":\"BreadcrumbList\",\"@id\":\"https:\/\/www.mountainhosteltarter.com\/ca\/com-arribar\/#breadcrumb\",\"itemListElement\":[{\"@type\":\"ListItem\",\"position\":1,\"name\":\"Portada\",\"item\":\"https:\/\/www.mountainhosteltarter.com\/ca\/\"},{\"@type\":\"ListItem\",\"position\":2,\"name\":\"COM ARRIBAR\"}]},{\"@type\":\"WebSite\",\"@id\":\"https:\/\/www.mountainhosteltarter.com\/fr\/#website\",\"url\":\"https:\/\/www.mountainhosteltarter.com\/fr\/\",\"name\":\"Mountain Hostel Tarter\",\"description\":\"El mejor Hostal en Grandvalira Andorra\",\"publisher\":{\"@id\":\"https:\/\/www.mountainhosteltarter.com\/fr\/#organization\"},\"potentialAction\":[{\"@type\":\"SearchAction\",\"target\":{\"@type\":\"EntryPoint\",\"urlTemplate\":\"https:\/\/www.mountainhosteltarter.com\/fr\/?s={search_term_string}\"},\"query-input\":\"required name=search_term_string\"}],\"inLanguage\":\"ca\"},{\"@type\":\"Organization\",\"@id\":\"https:\/\/www.mountainhosteltarter.com\/fr\/#organization\",\"name\":\"Mountain Hostel Tarter\",\"url\":\"https:\/\/www.mountainhosteltarter.com\/fr\/\",\"logo\":{\"@type\":\"ImageObject\",\"inLanguage\":\"ca\",\"@id\":\"https:\/\/www.mountainhosteltarter.com\/fr\/#\/schema\/logo\/image\/\",\"url\":\"https:\/\/www.mountainhosteltarter.com\/wp-content\/uploads\/2021\/08\/logo.png\",\"contentUrl\":\"https:\/\/www.mountainhosteltarter.com\/wp-content\/uploads\/2021\/08\/logo.png\",\"width\":200,\"height\":103,\"caption\":\"Mountain Hostel Tarter\"},\"image\":{\"@id\":\"https:\/\/www.mountainhosteltarter.com\/fr\/#\/schema\/logo\/image\/\"}}]}<\/script>\n<!-- \/ Yoast SEO plugin. -->","yoast_head_json":{"title":"Arribar al Mountain Hostel en vehicle particular o transport p\u00fablic","description":"Segueix les nostres indicacions i sigui quin sigui el teu mitj\u00e0 de transport arribar\u00e0s a Mountain Hostel Tarter sense problemes","robots":{"index":"index","follow":"follow","max-snippet":"max-snippet:-1","max-image-preview":"max-image-preview:large","max-video-preview":"max-video-preview:-1"},"canonical":"https:\/\/www.mountainhosteltarter.com\/ca\/com-arribar\/","og_locale":"ca_ES","og_type":"article","og_title":"Arribar al Mountain Hostel en vehicle particular o transport p\u00fablic","og_description":"Segueix les nostres indicacions i sigui quin sigui el teu mitj\u00e0 de transport arribar\u00e0s a Mountain Hostel Tarter sense problemes","og_url":"https:\/\/www.mountainhosteltarter.com\/ca\/com-arribar\/","og_site_name":"Mountain Hostel Tarter","article_modified_time":"2021-10-20T17:31:06+00:00","twitter_card":"summary_large_image","twitter_misc":{"Temps estimat de lectura":"4 minuts"},"schema":{"@context":"https:\/\/schema.org","@graph":[{"@type":"WebPage","@id":"https:\/\/www.mountainhosteltarter.com\/ca\/com-arribar\/","url":"https:\/\/www.mountainhosteltarter.com\/ca\/com-arribar\/","name":"Arribar al Mountain Hostel en vehicle particular o transport p\u00fablic","isPartOf":{"@id":"https:\/\/www.mountainhosteltarter.com\/fr\/#website"},"datePublished":"2021-09-22T13:09:02+00:00","dateModified":"2021-10-20T17:31:06+00:00","description":"Segueix les nostres indicacions i sigui quin sigui el teu mitj\u00e0 de transport arribar\u00e0s a Mountain Hostel Tarter sense problemes","breadcrumb":{"@id":"https:\/\/www.mountainhosteltarter.com\/ca\/com-arribar\/#breadcrumb"},"inLanguage":"ca","potentialAction":[{"@type":"ReadAction","target":["https:\/\/www.mountainhosteltarter.com\/ca\/com-arribar\/"]}]},{"@type":"BreadcrumbList","@id":"https:\/\/www.mountainhosteltarter.com\/ca\/com-arribar\/#breadcrumb","itemListElement":[{"@type":"ListItem","position":1,"name":"Portada","item":"https:\/\/www.mountainhosteltarter.com\/ca\/"},{"@type":"ListItem","position":2,"name":"COM ARRIBAR"}]},{"@type":"WebSite","@id":"https:\/\/www.mountainhosteltarter.com\/fr\/#website","url":"https:\/\/www.mountainhosteltarter.com\/fr\/","name":"Mountain Hostel Tarter","description":"El mejor Hostal en Grandvalira Andorra","publisher":{"@id":"https:\/\/www.mountainhosteltarter.com\/fr\/#organization"},"potentialAction":[{"@type":"SearchAction","target":{"@type":"EntryPoint","urlTemplate":"https:\/\/www.mountainhosteltarter.com\/fr\/?s={search_term_string}"},"query-input":"required name=search_term_string"}],"inLanguage":"ca"},{"@type":"Organization","@id":"https:\/\/www.mountainhosteltarter.com\/fr\/#organization","name":"Mountain Hostel Tarter","url":"https:\/\/www.mountainhosteltarter.com\/fr\/","logo":{"@type":"ImageObject","inLanguage":"ca","@id":"https:\/\/www.mountainhosteltarter.com\/fr\/#\/schema\/logo\/image\/","url":"https:\/\/www.mountainhosteltarter.com\/wp-content\/uploads\/2021\/08\/logo.png","contentUrl":"https:\/\/www.mountainhosteltarter.com\/wp-content\/uploads\/2021\/08\/logo.png","width":200,"height":103,"caption":"Mountain Hostel Tarter"},"image":{"@id":"https:\/\/www.mountainhosteltarter.com\/fr\/#\/schema\/logo\/image\/"}}]}},"_links":{"self":[{"href":"https:\/\/www.mountainhosteltarter.com\/ca\/wp-json\/wp\/v2\/pages\/17533"}],"collection":[{"href":"https:\/\/www.mountainhosteltarter.com\/ca\/wp-json\/wp\/v2\/pages"}],"about":[{"href":"https:\/\/www.mountainhosteltarter.com\/ca\/wp-json\/wp\/v2\/types\/page"}],"author":[{"embeddable":true,"href":"https:\/\/www.mountainhosteltarter.com\/ca\/wp-json\/wp\/v2\/users\/1"}],"replies":[{"embeddable":true,"href":"https:\/\/www.mountainhosteltarter.com\/ca\/wp-json\/wp\/v2\/comments?post=17533"}],"version-history":[{"count":0,"href":"https:\/\/www.mountainhosteltarter.com\/ca\/wp-json\/wp\/v2\/pages\/17533\/revisions"}],"wp:attachment":[{"href":"https:\/\/www.mountainhosteltarter.com\/ca\/wp-json\/wp\/v2\/media?parent=17533"}],"curies":[{"name":"wp","href":"https:\/\/api.w.org\/{rel}","templated":true}]}}