{"id":18207,"date":"2021-09-25T20:02:11","date_gmt":"2021-09-25T20:02:11","guid":{"rendered":"https:\/\/www.mountainhosteltarter.com\/?page_id=18207"},"modified":"2022-03-15T17:03:38","modified_gmt":"2022-03-15T17:03:38","slug":"aquest-es-el-nostre-compromis-amb-tu-a-casa-nostra-en-la-prevencio-de-la-covid-19","status":"publish","type":"page","link":"https:\/\/www.mountainhosteltarter.com\/ca\/aquest-es-el-nostre-compromis-amb-tu-a-casa-nostra-en-la-prevencio-de-la-covid-19\/","title":{"rendered":"AQUEST \u00c9S EL NOSTRE COMPROM\u00cdS AMB TU, A CASA NOSTRA, EN LA PREVENCI\u00d3 DE LA COVID-19"},"content":{"rendered":"\n<h3 class=\"wp-block-heading\">A Mountain Hostel Tarter, la teva salut i la del nostre personal \u00e9s el primer. Aquestes s\u00f3n les mesures que prenem per complir amb el nostre comprom\u00eds amb tu en la prevenci\u00f3 de la Covid-19.<\/h3>\n\n\n\n<p>Encara que l\u2019ess\u00e8ncia del nostre hostel \u00e9s la mateixa, alguna cosa ha canviat en aquests mesos, i volem explicar-t\u2019ho.<\/p>\n\n\n\n<p>A Mountain Hostel Tarter, la teva salut, benestar i seguretat \u00e9s el primer, a l\u2019igual que la del nostre personal. Aix\u00ed que, aqu\u00ed, t\u2019expliquem les mesures que hem pres per complir el nostre comprom\u00eds de neteja i benestar al nostre hostel.<\/p>\n\n\n\n<h3 class=\"wp-block-heading\">COM FUNCIONA EL HOSTEL ARA?<\/h3>\n\n\n\n<p>Tots els espais i serveis de l\u2019hostel estan en funcionament, excepte la sauna, de moment, per recomanaci\u00f3 del Ministeri de Salut del Govern d\u2019Andorra<\/p>\n\n\n\n<p>A m\u00e9s, tenim una capacitat m\u00e0xima limitada, per poder assegurar la dist\u00e0ncia recomanada de 1,5 metres entre hostes que no siguin de el mateix grup. Tot i aix\u00ed, assegura\u2019t de portar la teva mascareta, ja que el seu \u00fas \u00e9s obligatori a l\u2019interior de l\u2019hostel.<\/p>\n\n\n\n<p>Tamb\u00e9 et demanem que intentis, en la mesura del possible, fer reserva pr\u00e8via. Aix\u00ed ens podem organitzar millor per aplicar tots els protocols que hem posat en marxa per a la prevenci\u00f3 de la Covid-19. D\u2019aquesta manera, quan reservis, un cop confirmada la reserva, t\u2019enviarem les instruccions per al check-in, perqu\u00e8 quan arribis a l\u2019hostel haguem d\u2019intercanviar el m\u00ednim d\u2019elements possibles a la recepci\u00f3. Recorda que haur\u00e0s de presentar el passaport Covid a l&#8217;hora de fer el check-in.<\/p>\n\n\n\n<h4 class=\"wp-block-heading\">QU\u00c8 FEM NOSALTRES?<\/h4>\n\n\n\n<p>Cada dia comencem les nostres jornades de treball recordant l\u2019important que \u00e9s la neteja per a la nostra salut i la dels nostres hostes.<\/p>\n\n\n\n<p>Ens hem preparat de forma molt exigent sobre protocols de neteja i higiene de tots els nostres espais. Ja \u00e9rem exigents abans amb la neteja \u2026, imagina\u2019t ara! I seguim fent-ho dia a dia, molt conscienciats sobre la Covid-19, coordinats amb les autoritats locals i seguint les directrius del Ministeri de Salut dels el Govern d\u2019Andorra i l\u2019Organitzaci\u00f3 Mundial de la Salut. Per a nosaltres \u00e9s molt important el nostre comprom\u00eds amb tu a la prevenci\u00f3 de la Covid-19.<\/p>\n\n\n\n<h5 class=\"wp-block-heading\">A les habitacions<\/h5>\n\n\n\n<p>A l\u2019hora de netejar les habitacions, fem servir productes de neteja i desinfecci\u00f3 efectius contra el virus (viricides), i hem desenvolupat un protocol de neteja i desinfecci\u00f3, encara m\u00e9s exhaustiu, si \u00e9s possible, per netejar les habitacions. Especialment quan surt un hoste i abans que arribi el pr\u00f2xim, amb especial atenci\u00f3 als elements de contacte freq\u00fcent, polvoritzant producte desinfectant en totes les superf\u00edcies i airejant al m\u00e0xim les habitacions.<\/p>\n\n\n\n<p>A m\u00e9s, la desinfecci\u00f3 de la roba de llit est\u00e0 garantida. Tota la roba de llit es renta a m\u00e9s de 60\u00baC i s\u2019asseca amb assecadora a temperatures properes als 100\u00baC.<\/p>\n\n\n\n<p>Per descomptat, tamb\u00e9 es desinfecta la clau de l\u2019habitaci\u00f3 cada vegada que te la donem, o ens la tornes.<\/p>\n\n\n\n<p>Excepte l&#8217;habitaci\u00f3 doble, la resta d&#8217;habitacions del hostel s\u00f3n  compartides. Les habitacions s\u00f3n de 4, 5 i 6 persones. I ara t&#8217;oferim privatitzar l&#8217;habitaci\u00f3 sencera per a tu i el teu grup. Aix\u00ed que si no vols compartir l&#8217;habitaci\u00f3 amb ning\u00fa que no sigui del teu grup, et recomanem reservar la f\u00f3rmula \u00abHabitaci\u00f3 Privada\u00bb<a href=\"https:\/\/www.mountainhosteltarter.com\/ca\/espais\/habitacions\/\" target=\"_blank\" rel=\"noreferrer noopener\">.<\/a><\/p>\n\n\n\n<h5 class=\"wp-block-heading\">A les zones comunes<\/h5>\n\n\n\n<p>Hem augmentat la freq\u00fc\u00e8ncia de la neteja i desinfecci\u00f3 a les zones comunes varies vegades al dia. A les zones comunes utilitzem productes especials de desinfecci\u00f3 (viricida), especialment a la sala, al menjador, a la cuina, al bany i a la terrassa, prestant especial atenci\u00f3 a les superf\u00edcies i elements de contacte freq\u00fcent.<\/p>\n\n\n\n<p>A m\u00e9s hem instal\u00b7lat estacions de desinfecci\u00f3, dotades amb gel desinfectant per a mans, paper i un polvoritzador desinfectant per a superf\u00edcies. Fins i tot apte per a superf\u00edcies i elements alimentaris com el parament de la cuina. La idea \u00e9s que puguis desinfectar tu mateix\/a el mobiliari, les superf\u00edcies i els estris que utilitzis, abans i despr\u00e9s del seu \u00fas, per a una major tranquil\u00b7litat per a tu.<\/p>\n\n\n\n<p>En aquests espais et demanem, si us plau, que respectis la dist\u00e0ncia de seguretat d\u20191,5 metres entre hostes que no siguin del teu grup de viatge.<\/p>\n\n\n\n<p>La ventilaci\u00f3 d\u2019aquests espais \u00e9s un aspecte molt important, segons les directrius del Ministeri de Salut del Govern d\u2019Andorra. Aix\u00ed que diverses vegades a el dia, ens ocupem d\u2019aquesta tasca per mantenir les zones comunes amb el m\u00e0xim de \u201caire net\u201d possible.<\/p>\n\n\n\n<h5 class=\"wp-block-heading\">En els nostres espais de treball<\/h5>\n\n\n\n<p>El nostre back office tamb\u00e9 \u00e9s important, i tamb\u00e9 hem extremat la neteja i desinfecci\u00f3 en els nostres espais i en les nostres eines de treball, tant en la recepci\u00f3, en neteja i en manteniment.<\/p>\n\n\n\n<p>Aquest estiu 2020, ja hem aplicat totes aquestes mesures, les hem perfeccionat, ens hem entrenat i podem garantir-te que el nostre \u00e9s un allotjament segur.<\/p>\n\n\n\n<h4 class=\"wp-block-heading\">QU\u00c8 HAUR\u00c0S DE FER TU?<\/h4>\n\n\n\n<p>Molt f\u00e0cil, 4 coses!&nbsp;<strong>DIST\u00c0NCIA | MANS | MASCARETA | DESINFECCI\u00d3<\/strong><\/p>\n\n\n\n<ul><li>DIST\u00c0NCIA<\/li><\/ul>\n\n\n\n<p>\u00c9s important mantenir la dist\u00e0ncia m\u00ednima de 1,5 metres entre hostes de l\u2019hostel que no siguin del teu grup de viatge. Especialment a les zones comunes de l\u2019hostel, al menjador, a la sala d\u2019estar, a la cuina, als banys i a la piscina. A l\u2019haver redu\u00eft la nostra ocupaci\u00f3 m\u00e0xima, garantim que aquesta dist\u00e0ncia pugui ser respectada, per\u00f2 necessitem la teva col\u00b7laboraci\u00f3.<\/p>\n\n\n\n<ul><li>MANS<\/li><\/ul>\n\n\n\n<p>Renta\u2019t les mans freq\u00fcentment, entre 30 i 40 segons, totes les parts de la m\u00e0, amb aigua calenta i sab\u00f3. A m\u00e9s, proporcionem gel desinfectant en diversos punts dins de l\u2019hostel.<\/p>\n\n\n\n<ul><li>MASCARETA<\/li><\/ul>\n\n\n\n<p>Recorda portar la teva mascareta, ja que el seu \u00fas \u00e9s absolutament obligatori en les zones comunes de l\u2019hostel.<\/p>\n\n\n\n<ul><li>DESINFECCI\u00d3<\/li><\/ul>\n\n\n\n<p>Encara que nosaltres fem una tasca tit\u00e0nica cada dia en la desinfecci\u00f3 total del hostel, per la teva seguretat i tranquil\u00b7litat, hem habilitat diverses estacions de desinfecci\u00f3 permanent (les 24 hores del dia) a les zones comuns. A cada estaci\u00f3 de desinfecci\u00f3, et proporcionem els productes necessaris perqu\u00e8 puguis desinfectar tu mateix\/a el mobiliari o estris d\u2019\u00fas com\u00fa, abans i despr\u00e9s d\u2019usar-los.<\/p>\n\n\n\n<p>F\u00e0cil, oi? Aix\u00ed, garantirem la salut de tots mentre estiguem al hostel. Compta amb el nostre comprom\u00eds amb tu en la prevenci\u00f3 de la Covid-19. I estem segurs que comptem amb la teva col\u00b7laboraci\u00f3 per a la seguretat i benestar de tots.<\/p>\n\n\n\n<h3 class=\"wp-block-heading\">CANCEL\u00b7LACI\u00d3 100% GRATU\u00cfTA PER MOTIUS COVID<\/h3>\n\n\n\n<p>Ara que saps que el nostre hostel \u00e9s un espai segur, net i que cuidarem de tu, segur que la seg\u00fcent pregunta \u00e9s: Si reservo amb vosaltres, quin \u00e9s la pol\u00edtica de cancel\u00b7laci\u00f3 en temps de Covid?<\/p>\n\n\n\n<p>Per descomptat entenem la situaci\u00f3 i ens hem adaptat perqu\u00e8, per a res del m\u00f3n, volem perjudicar-te. Segons les dates d\u2019estada, hi ha una pol\u00edtica de cancel\u00b7laci\u00f3 espec\u00edfica que apareixer\u00e0 a la reserva.<\/p>\n\n\n\n<p>Aix\u00ed i tot, el reemborsament complet de la reserva est\u00e0 garantit en qualsevol moment si has de cancel\u00b7lar la teva reserva causa d\u2019una de les seg\u00fcents 3 circumst\u00e0ncies:<\/p>\n\n\n\n<ul><li><strong>1- Si no pots sortir del teu pa\u00eds o no pots entrar a Andorra<\/strong>&nbsp;a causa de les restriccions de viatge relacionades amb la Covid-19. Ha de ser una declaraci\u00f3 oficial de Govern de pa\u00eds que prohibeixi viatjar si no es tracta de viatges essencials.<\/li><li><strong>2- Si l\u2019estaci\u00f3 d\u2019esqu\u00ed Grandvalira est\u00e0 tancada<\/strong>&nbsp;totalment a causa de la Covid-19.<\/li><li><strong>3- Si has estat diagnosticat de Covid-19 abans del viatge<\/strong>&nbsp;i no pots viatjar en les dates de la teva reserva. En aquest cas ser\u00e0 imprescindible enviar un certificat m\u00e8dic que certifiqui el positiu per Covid-19 aix\u00ed com el temps de confinament imprescindible prescrit pel metge. Aix\u00ed i tot, et recomanem adquirir una asseguran\u00e7a de viatge que proporcioni cobertura davant una possible cancel\u00b7laci\u00f3 per aquest motiu.<\/li><\/ul>\n\n\n\n<p>Si tens algun dubte relatiu a la cancel\u00b7laci\u00f3 de la reserva pots consultar-nos enviant-nos un email a&nbsp;<a href=\"mailto:%20info@mountainhosteltarter.com\">info@mountainhosteltarter.com<\/a><\/p>\n\n\n\n<h3 class=\"wp-block-heading\">Quines restriccions hi ha a Andorra per la Covid?<\/h3>\n\n\n\n<p>Per descomptat, com la majoria de pa\u00efsos de l\u2019entorn, Andorra ha adoptat una s\u00e8rie de protocols per prevenir la propagaci\u00f3 de la Covid-19. Hem recollit els enlla\u00e7os oficials i m\u00e9s complets que pensem que poden ser del teu inter\u00e8s per planificar els teus dies a Andorra en aquests temps de Covid. S\u00f3n aquests;<\/p>\n\n\n\n<ul><li>R<strong>estriccions i obligacions per venir a Andorra<\/strong>: segueix en temps real les restriccions i obligacions si v\u00e9ns a passar uns dies a Andorra, aix\u00ed com la situaci\u00f3 epidemiol\u00f2gica d\u2019Andorra&nbsp;<a rel=\"noreferrer noopener\" href=\"https:\/\/www.govern.ad\/covid19\/\" target=\"_blank\"><\/a><a href=\"https:\/\/www.govern.ad\/covid19\/\">https:\/\/www.govern.ad\/covid19\/<\/a><\/li><li><strong>Mesures en pistes, a Grandvalira<\/strong>, per a la prevenci\u00f3 la Covid-19&nbsp;<a rel=\"noreferrer noopener\" href=\"https:\/\/www.grandvalira.com\/ca\/mesures-de-prevencio-contra-la-covid-19\" target=\"_blank\">https:\/\/www.grandvalira.com\/ca\/mesures-de-prevencio-contra-la-covid-19<\/a><\/li><\/ul>\n\n\n\n<ul><li><strong>Respostes a tots els dubtes<\/strong>. En aquesta secci\u00f3 pots trobar totes les respostes a gaireb\u00e9 tots els dubtes que sorgeixen sobre la Covid quan planifiquis la teva estada a Andorra.&nbsp;<a rel=\"noreferrer noopener\" href=\"https:\/\/visitandorra.com\/ca\/covid-19-a-andorra\/\" target=\"_blank\">https:\/\/visitandorra.com\/ca\/covid-19-a-andorra\/<\/a><\/li><li><strong>Recomanacions i consells de Govern d\u2019Andorra<\/strong>&nbsp;sobre com prevenir el Covid-19, a la p\u00e0gina oficial&nbsp;<a rel=\"noreferrer noopener\" href=\"https:\/\/www.govern.ad\/recomanacions\" target=\"_blank\">https:\/\/www.govern.ad\/recomanacions<\/a><\/li><\/ul>\n\n\n\n<p>Si tens qualsevol dubte pots enviar-nos un @mail a&nbsp;<a href=\"mailto:info@mountainhosteltarter.com\">info@mountainhosteltarter.com<\/a><\/p>\n","protected":false},"excerpt":{"rendered":"<p>A Mountain Hostel Tarter, la teva salut i la del nostre personal \u00e9s el primer. Aquestes s\u00f3n les mesures que prenem per complir amb el nostre comprom\u00eds amb tu en la prevenci\u00f3 de la Covid-19. Encara que l\u2019ess\u00e8ncia del nostre hostel \u00e9s la mateixa, alguna cosa ha canviat en aquests mesos, i volem explicar-t\u2019ho. A &#8230; <a title=\"AQUEST \u00c9S EL NOSTRE COMPROM\u00cdS AMB TU, A CASA NOSTRA, EN LA PREVENCI\u00d3 DE LA COVID-19\" class=\"read-more\" href=\"https:\/\/www.mountainhosteltarter.com\/ca\/aquest-es-el-nostre-compromis-amb-tu-a-casa-nostra-en-la-prevencio-de-la-covid-19\/\" aria-label=\"Read more about AQUEST \u00c9S EL NOSTRE COMPROM\u00cdS AMB TU, A CASA NOSTRA, EN LA PREVENCI\u00d3 DE LA COVID-19\">Llegir m\u00e9s<\/a><\/p>\n","protected":false},"author":1,"featured_media":14767,"parent":0,"menu_order":8,"comment_status":"closed","ping_status":"closed","template":"elementor_theme","meta":{"_glsr_average":0,"_glsr_ranking":0,"_glsr_reviews":0,"footnotes":""},"yoast_head":"<!-- This site is optimized with the Yoast SEO plugin v22.8 - https:\/\/yoast.com\/wordpress\/plugins\/seo\/ -->\n<title>AQUEST \u00c9S EL NOSTRE COMPROM\u00cdS AMB TU, A CASA NOSTRA, EN LA PREVENCI\u00d3 DE LA COVID-19 - Mountain Hostel Tarter<\/title>\n<meta name=\"robots\" content=\"index, follow, max-snippet:-1, max-image-preview:large, max-video-preview:-1\" \/>\n<link rel=\"canonical\" href=\"https:\/\/www.mountainhosteltarter.com\/ca\/aquest-es-el-nostre-compromis-amb-tu-a-casa-nostra-en-la-prevencio-de-la-covid-19\/\" \/>\n<meta property=\"og:locale\" content=\"ca_ES\" \/>\n<meta property=\"og:type\" content=\"article\" \/>\n<meta property=\"og:title\" content=\"AQUEST \u00c9S EL NOSTRE COMPROM\u00cdS AMB TU, A CASA NOSTRA, EN LA PREVENCI\u00d3 DE LA COVID-19 - Mountain Hostel Tarter\" \/>\n<meta property=\"og:description\" content=\"A Mountain Hostel Tarter, la teva salut i la del nostre personal \u00e9s el primer. Aquestes s\u00f3n les mesures que prenem per complir amb el nostre comprom\u00eds amb tu en la prevenci\u00f3 de la Covid-19. Encara que l\u2019ess\u00e8ncia del nostre hostel \u00e9s la mateixa, alguna cosa ha canviat en aquests mesos, i volem explicar-t\u2019ho. A ... Llegir m\u00e9s\" \/>\n<meta property=\"og:url\" content=\"https:\/\/www.mountainhosteltarter.com\/ca\/aquest-es-el-nostre-compromis-amb-tu-a-casa-nostra-en-la-prevencio-de-la-covid-19\/\" \/>\n<meta property=\"og:site_name\" content=\"Mountain Hostel Tarter\" \/>\n<meta property=\"article:modified_time\" content=\"2022-03-15T17:03:38+00:00\" \/>\n<meta property=\"og:image\" content=\"https:\/\/www.mountainhosteltarter.com\/wp-content\/uploads\/2021\/05\/fond01.webp\" \/>\n\t<meta property=\"og:image:width\" content=\"1280\" \/>\n\t<meta property=\"og:image:height\" content=\"863\" \/>\n\t<meta property=\"og:image:type\" content=\"image\/webp\" \/>\n<meta name=\"twitter:card\" content=\"summary_large_image\" \/>\n<meta name=\"twitter:label1\" content=\"Temps estimat de lectura\" \/>\n\t<meta name=\"twitter:data1\" content=\"7 minuts\" \/>\n<script type=\"application\/ld+json\" class=\"yoast-schema-graph\">{\"@context\":\"https:\/\/schema.org\",\"@graph\":[{\"@type\":\"WebPage\",\"@id\":\"https:\/\/www.mountainhosteltarter.com\/ca\/aquest-es-el-nostre-compromis-amb-tu-a-casa-nostra-en-la-prevencio-de-la-covid-19\/\",\"url\":\"https:\/\/www.mountainhosteltarter.com\/ca\/aquest-es-el-nostre-compromis-amb-tu-a-casa-nostra-en-la-prevencio-de-la-covid-19\/\",\"name\":\"AQUEST \u00c9S EL NOSTRE COMPROM\u00cdS AMB TU, A CASA NOSTRA, EN LA PREVENCI\u00d3 DE LA COVID-19 - Mountain Hostel Tarter\",\"isPartOf\":{\"@id\":\"https:\/\/www.mountainhosteltarter.com\/fr\/#website\"},\"primaryImageOfPage\":{\"@id\":\"https:\/\/www.mountainhosteltarter.com\/ca\/aquest-es-el-nostre-compromis-amb-tu-a-casa-nostra-en-la-prevencio-de-la-covid-19\/#primaryimage\"},\"image\":{\"@id\":\"https:\/\/www.mountainhosteltarter.com\/ca\/aquest-es-el-nostre-compromis-amb-tu-a-casa-nostra-en-la-prevencio-de-la-covid-19\/#primaryimage\"},\"thumbnailUrl\":\"https:\/\/www.mountainhosteltarter.com\/wp-content\/uploads\/2021\/05\/fond01.webp\",\"datePublished\":\"2021-09-25T20:02:11+00:00\",\"dateModified\":\"2022-03-15T17:03:38+00:00\",\"breadcrumb\":{\"@id\":\"https:\/\/www.mountainhosteltarter.com\/ca\/aquest-es-el-nostre-compromis-amb-tu-a-casa-nostra-en-la-prevencio-de-la-covid-19\/#breadcrumb\"},\"inLanguage\":\"ca\",\"potentialAction\":[{\"@type\":\"ReadAction\",\"target\":[\"https:\/\/www.mountainhosteltarter.com\/ca\/aquest-es-el-nostre-compromis-amb-tu-a-casa-nostra-en-la-prevencio-de-la-covid-19\/\"]}]},{\"@type\":\"ImageObject\",\"inLanguage\":\"ca\",\"@id\":\"https:\/\/www.mountainhosteltarter.com\/ca\/aquest-es-el-nostre-compromis-amb-tu-a-casa-nostra-en-la-prevencio-de-la-covid-19\/#primaryimage\",\"url\":\"https:\/\/www.mountainhosteltarter.com\/wp-content\/uploads\/2021\/05\/fond01.webp\",\"contentUrl\":\"https:\/\/www.mountainhosteltarter.com\/wp-content\/uploads\/2021\/05\/fond01.webp\",\"width\":1280,\"height\":863},{\"@type\":\"BreadcrumbList\",\"@id\":\"https:\/\/www.mountainhosteltarter.com\/ca\/aquest-es-el-nostre-compromis-amb-tu-a-casa-nostra-en-la-prevencio-de-la-covid-19\/#breadcrumb\",\"itemListElement\":[{\"@type\":\"ListItem\",\"position\":1,\"name\":\"Portada\",\"item\":\"https:\/\/www.mountainhosteltarter.com\/ca\/\"},{\"@type\":\"ListItem\",\"position\":2,\"name\":\"AQUEST \u00c9S EL NOSTRE COMPROM\u00cdS AMB TU, A CASA NOSTRA, EN LA PREVENCI\u00d3 DE LA COVID-19\"}]},{\"@type\":\"WebSite\",\"@id\":\"https:\/\/www.mountainhosteltarter.com\/fr\/#website\",\"url\":\"https:\/\/www.mountainhosteltarter.com\/fr\/\",\"name\":\"Mountain Hostel Tarter\",\"description\":\"El mejor Hostal en Grandvalira Andorra\",\"publisher\":{\"@id\":\"https:\/\/www.mountainhosteltarter.com\/fr\/#organization\"},\"potentialAction\":[{\"@type\":\"SearchAction\",\"target\":{\"@type\":\"EntryPoint\",\"urlTemplate\":\"https:\/\/www.mountainhosteltarter.com\/fr\/?s={search_term_string}\"},\"query-input\":\"required name=search_term_string\"}],\"inLanguage\":\"ca\"},{\"@type\":\"Organization\",\"@id\":\"https:\/\/www.mountainhosteltarter.com\/fr\/#organization\",\"name\":\"Mountain Hostel Tarter\",\"url\":\"https:\/\/www.mountainhosteltarter.com\/fr\/\",\"logo\":{\"@type\":\"ImageObject\",\"inLanguage\":\"ca\",\"@id\":\"https:\/\/www.mountainhosteltarter.com\/fr\/#\/schema\/logo\/image\/\",\"url\":\"https:\/\/www.mountainhosteltarter.com\/wp-content\/uploads\/2021\/08\/logo.png\",\"contentUrl\":\"https:\/\/www.mountainhosteltarter.com\/wp-content\/uploads\/2021\/08\/logo.png\",\"width\":200,\"height\":103,\"caption\":\"Mountain Hostel Tarter\"},\"image\":{\"@id\":\"https:\/\/www.mountainhosteltarter.com\/fr\/#\/schema\/logo\/image\/\"}}]}<\/script>\n<!-- \/ Yoast SEO plugin. -->","yoast_head_json":{"title":"AQUEST \u00c9S EL NOSTRE COMPROM\u00cdS AMB TU, A CASA NOSTRA, EN LA PREVENCI\u00d3 DE LA COVID-19 - Mountain Hostel Tarter","robots":{"index":"index","follow":"follow","max-snippet":"max-snippet:-1","max-image-preview":"max-image-preview:large","max-video-preview":"max-video-preview:-1"},"canonical":"https:\/\/www.mountainhosteltarter.com\/ca\/aquest-es-el-nostre-compromis-amb-tu-a-casa-nostra-en-la-prevencio-de-la-covid-19\/","og_locale":"ca_ES","og_type":"article","og_title":"AQUEST \u00c9S EL NOSTRE COMPROM\u00cdS AMB TU, A CASA NOSTRA, EN LA PREVENCI\u00d3 DE LA COVID-19 - Mountain Hostel Tarter","og_description":"A Mountain Hostel Tarter, la teva salut i la del nostre personal \u00e9s el primer. Aquestes s\u00f3n les mesures que prenem per complir amb el nostre comprom\u00eds amb tu en la prevenci\u00f3 de la Covid-19. Encara que l\u2019ess\u00e8ncia del nostre hostel \u00e9s la mateixa, alguna cosa ha canviat en aquests mesos, i volem explicar-t\u2019ho. A ... Llegir m\u00e9s","og_url":"https:\/\/www.mountainhosteltarter.com\/ca\/aquest-es-el-nostre-compromis-amb-tu-a-casa-nostra-en-la-prevencio-de-la-covid-19\/","og_site_name":"Mountain Hostel Tarter","article_modified_time":"2022-03-15T17:03:38+00:00","og_image":[{"width":1280,"height":863,"url":"https:\/\/www.mountainhosteltarter.com\/wp-content\/uploads\/2021\/05\/fond01.webp","type":"image\/webp"}],"twitter_card":"summary_large_image","twitter_misc":{"Temps estimat de lectura":"7 minuts"},"schema":{"@context":"https:\/\/schema.org","@graph":[{"@type":"WebPage","@id":"https:\/\/www.mountainhosteltarter.com\/ca\/aquest-es-el-nostre-compromis-amb-tu-a-casa-nostra-en-la-prevencio-de-la-covid-19\/","url":"https:\/\/www.mountainhosteltarter.com\/ca\/aquest-es-el-nostre-compromis-amb-tu-a-casa-nostra-en-la-prevencio-de-la-covid-19\/","name":"AQUEST \u00c9S EL NOSTRE COMPROM\u00cdS AMB TU, A CASA NOSTRA, EN LA PREVENCI\u00d3 DE LA COVID-19 - Mountain Hostel Tarter","isPartOf":{"@id":"https:\/\/www.mountainhosteltarter.com\/fr\/#website"},"primaryImageOfPage":{"@id":"https:\/\/www.mountainhosteltarter.com\/ca\/aquest-es-el-nostre-compromis-amb-tu-a-casa-nostra-en-la-prevencio-de-la-covid-19\/#primaryimage"},"image":{"@id":"https:\/\/www.mountainhosteltarter.com\/ca\/aquest-es-el-nostre-compromis-amb-tu-a-casa-nostra-en-la-prevencio-de-la-covid-19\/#primaryimage"},"thumbnailUrl":"https:\/\/www.mountainhosteltarter.com\/wp-content\/uploads\/2021\/05\/fond01.webp","datePublished":"2021-09-25T20:02:11+00:00","dateModified":"2022-03-15T17:03:38+00:00","breadcrumb":{"@id":"https:\/\/www.mountainhosteltarter.com\/ca\/aquest-es-el-nostre-compromis-amb-tu-a-casa-nostra-en-la-prevencio-de-la-covid-19\/#breadcrumb"},"inLanguage":"ca","potentialAction":[{"@type":"ReadAction","target":["https:\/\/www.mountainhosteltarter.com\/ca\/aquest-es-el-nostre-compromis-amb-tu-a-casa-nostra-en-la-prevencio-de-la-covid-19\/"]}]},{"@type":"ImageObject","inLanguage":"ca","@id":"https:\/\/www.mountainhosteltarter.com\/ca\/aquest-es-el-nostre-compromis-amb-tu-a-casa-nostra-en-la-prevencio-de-la-covid-19\/#primaryimage","url":"https:\/\/www.mountainhosteltarter.com\/wp-content\/uploads\/2021\/05\/fond01.webp","contentUrl":"https:\/\/www.mountainhosteltarter.com\/wp-content\/uploads\/2021\/05\/fond01.webp","width":1280,"height":863},{"@type":"BreadcrumbList","@id":"https:\/\/www.mountainhosteltarter.com\/ca\/aquest-es-el-nostre-compromis-amb-tu-a-casa-nostra-en-la-prevencio-de-la-covid-19\/#breadcrumb","itemListElement":[{"@type":"ListItem","position":1,"name":"Portada","item":"https:\/\/www.mountainhosteltarter.com\/ca\/"},{"@type":"ListItem","position":2,"name":"AQUEST \u00c9S EL NOSTRE COMPROM\u00cdS AMB TU, A CASA NOSTRA, EN LA PREVENCI\u00d3 DE LA COVID-19"}]},{"@type":"WebSite","@id":"https:\/\/www.mountainhosteltarter.com\/fr\/#website","url":"https:\/\/www.mountainhosteltarter.com\/fr\/","name":"Mountain Hostel Tarter","description":"El mejor Hostal en Grandvalira Andorra","publisher":{"@id":"https:\/\/www.mountainhosteltarter.com\/fr\/#organization"},"potentialAction":[{"@type":"SearchAction","target":{"@type":"EntryPoint","urlTemplate":"https:\/\/www.mountainhosteltarter.com\/fr\/?s={search_term_string}"},"query-input":"required name=search_term_string"}],"inLanguage":"ca"},{"@type":"Organization","@id":"https:\/\/www.mountainhosteltarter.com\/fr\/#organization","name":"Mountain Hostel Tarter","url":"https:\/\/www.mountainhosteltarter.com\/fr\/","logo":{"@type":"ImageObject","inLanguage":"ca","@id":"https:\/\/www.mountainhosteltarter.com\/fr\/#\/schema\/logo\/image\/","url":"https:\/\/www.mountainhosteltarter.com\/wp-content\/uploads\/2021\/08\/logo.png","contentUrl":"https:\/\/www.mountainhosteltarter.com\/wp-content\/uploads\/2021\/08\/logo.png","width":200,"height":103,"caption":"Mountain Hostel Tarter"},"image":{"@id":"https:\/\/www.mountainhosteltarter.com\/fr\/#\/schema\/logo\/image\/"}}]}},"_links":{"self":[{"href":"https:\/\/www.mountainhosteltarter.com\/ca\/wp-json\/wp\/v2\/pages\/18207"}],"collection":[{"href":"https:\/\/www.mountainhosteltarter.com\/ca\/wp-json\/wp\/v2\/pages"}],"about":[{"href":"https:\/\/www.mountainhosteltarter.com\/ca\/wp-json\/wp\/v2\/types\/page"}],"author":[{"embeddable":true,"href":"https:\/\/www.mountainhosteltarter.com\/ca\/wp-json\/wp\/v2\/users\/1"}],"replies":[{"embeddable":true,"href":"https:\/\/www.mountainhosteltarter.com\/ca\/wp-json\/wp\/v2\/comments?post=18207"}],"version-history":[{"count":4,"href":"https:\/\/www.mountainhosteltarter.com\/ca\/wp-json\/wp\/v2\/pages\/18207\/revisions"}],"predecessor-version":[{"id":21100,"href":"https:\/\/www.mountainhosteltarter.com\/ca\/wp-json\/wp\/v2\/pages\/18207\/revisions\/21100"}],"wp:featuredmedia":[{"embeddable":true,"href":"https:\/\/www.mountainhosteltarter.com\/ca\/wp-json\/wp\/v2\/media\/14767"}],"wp:attachment":[{"href":"https:\/\/www.mountainhosteltarter.com\/ca\/wp-json\/wp\/v2\/media?parent=18207"}],"curies":[{"name":"wp","href":"https:\/\/api.w.org\/{rel}","templated":true}]}}