{"id":17148,"date":"2021-09-21T17:36:26","date_gmt":"2021-09-21T17:36:26","guid":{"rendered":"https:\/\/www.mountainhosteltarter.com\/?post_type=habitaciones&#038;p=17148"},"modified":"2021-09-21T17:43:09","modified_gmt":"2021-09-21T17:43:09","slug":"chambre-privee-pour-5-personnes","status":"publish","type":"habitaciones","link":"https:\/\/www.mountainhosteltarter.com\/fr\/pieces\/chambre-privee-pour-5-personnes\/","title":{"rendered":"Chambre priv\u00e9e pour 5 personnes"},"content":{"rendered":"<div class=\"pld-like-dislike-wrap pld-template-2\">\r\n    <div class=\"pld-like-wrap  pld-common-wrap\">\r\n    <a href=\"javascript:void(0)\" class=\"pld-like-trigger pld-like-dislike-trigger  \" title=\"Me Gusta\" data-post-id=\"17148\" data-trigger-type=\"like\" data-restriction=\"cookie\" data-already-liked=\"0\">\r\n                        <i class=\"fas fa-heart\"><\/i>\r\n                <\/a>\r\n    <span class=\"pld-like-count-wrap pld-count-wrap\">2    <\/span>\r\n<\/div><\/div>\n<figure class=\"wp-block-gallery columns-4 is-cropped wp-block-gallery-1 is-layout-flex wp-block-gallery-is-layout-flex\"><ul class=\"blocks-gallery-grid\"><li class=\"blocks-gallery-item\"><figure><a href=\"https:\/\/www.mountainhosteltarter.com\/wp-content\/uploads\/2021\/08\/hostel_2017-28_featured__6059dc948d3bd.jpg\"><img fetchpriority=\"high\" decoding=\"async\" width=\"300\" height=\"210\" src=\"https:\/\/www.mountainhosteltarter.com\/wp-content\/uploads\/2021\/08\/hostel_2017-28_featured__6059dc948d3bd-300x210.jpg\" alt=\"\" data-id=\"14836\" data-full-url=\"https:\/\/www.mountainhosteltarter.com\/wp-content\/uploads\/2021\/08\/hostel_2017-28_featured__6059dc948d3bd.jpg\" data-link=\"https:\/\/www.mountainhosteltarter.com\/habitaciones\/habitacion-privada-para-5-personas\/hostel_2017-28_featured__6059dc948d3bd\/#main\" class=\"wp-image-17150\" srcset=\"https:\/\/www.mountainhosteltarter.com\/wp-content\/uploads\/2021\/08\/hostel_2017-28_featured__6059dc948d3bd-300x210.jpg 300w, https:\/\/www.mountainhosteltarter.com\/wp-content\/uploads\/2021\/08\/hostel_2017-28_featured__6059dc948d3bd.jpg 700w\" sizes=\"(max-width: 300px) 100vw, 300px\" \/><\/a><\/figure><\/li><li class=\"blocks-gallery-item\"><figure><a href=\"https:\/\/www.mountainhosteltarter.com\/wp-content\/uploads\/2021\/08\/mountainhosteltarter-27_gallery__6059dc613393a.jpg\"><img decoding=\"async\" width=\"300\" height=\"210\" src=\"https:\/\/www.mountainhosteltarter.com\/wp-content\/uploads\/2021\/08\/mountainhosteltarter-27_gallery__6059dc613393a-300x210.jpg\" alt=\"\" data-id=\"14837\" data-full-url=\"https:\/\/www.mountainhosteltarter.com\/wp-content\/uploads\/2021\/08\/mountainhosteltarter-27_gallery__6059dc613393a.jpg\" data-link=\"https:\/\/www.mountainhosteltarter.com\/habitaciones\/habitacion-privada-para-5-personas\/mountainhosteltarter-27_gallery__6059dc613393a\/#main\" class=\"wp-image-17151\" srcset=\"https:\/\/www.mountainhosteltarter.com\/wp-content\/uploads\/2021\/08\/mountainhosteltarter-27_gallery__6059dc613393a-300x210.jpg 300w, https:\/\/www.mountainhosteltarter.com\/wp-content\/uploads\/2021\/08\/mountainhosteltarter-27_gallery__6059dc613393a.jpg 700w\" sizes=\"(max-width: 300px) 100vw, 300px\" \/><\/a><\/figure><\/li><li class=\"blocks-gallery-item\"><figure><a href=\"https:\/\/www.mountainhosteltarter.com\/wp-content\/uploads\/2021\/08\/mountainhosteltarter-30_gallery__6059dc55d1d2d.jpg\"><img decoding=\"async\" width=\"300\" height=\"210\" src=\"https:\/\/www.mountainhosteltarter.com\/wp-content\/uploads\/2021\/08\/mountainhosteltarter-30_gallery__6059dc55d1d2d-300x210.jpg\" alt=\"\" data-id=\"14838\" data-full-url=\"https:\/\/www.mountainhosteltarter.com\/wp-content\/uploads\/2021\/08\/mountainhosteltarter-30_gallery__6059dc55d1d2d.jpg\" data-link=\"https:\/\/www.mountainhosteltarter.com\/habitaciones\/habitacion-privada-para-5-personas\/mountainhosteltarter-30_gallery__6059dc55d1d2d\/#main\" class=\"wp-image-17152\" srcset=\"https:\/\/www.mountainhosteltarter.com\/wp-content\/uploads\/2021\/08\/mountainhosteltarter-30_gallery__6059dc55d1d2d-300x210.jpg 300w, https:\/\/www.mountainhosteltarter.com\/wp-content\/uploads\/2021\/08\/mountainhosteltarter-30_gallery__6059dc55d1d2d.jpg 700w\" sizes=\"(max-width: 300px) 100vw, 300px\" \/><\/a><\/figure><\/li><li class=\"blocks-gallery-item\"><figure><a href=\"https:\/\/www.mountainhosteltarter.com\/wp-content\/uploads\/2021\/08\/mountainhosteltarter-60_gallery__6059dc3bcee88.jpg\"><img loading=\"lazy\" decoding=\"async\" width=\"300\" height=\"210\" src=\"https:\/\/www.mountainhosteltarter.com\/wp-content\/uploads\/2021\/08\/mountainhosteltarter-60_gallery__6059dc3bcee88-300x210.jpg\" alt=\"\" data-id=\"14839\" data-full-url=\"https:\/\/www.mountainhosteltarter.com\/wp-content\/uploads\/2021\/08\/mountainhosteltarter-60_gallery__6059dc3bcee88.jpg\" data-link=\"https:\/\/www.mountainhosteltarter.com\/habitaciones\/habitacion-privada-para-5-personas\/mountainhosteltarter-60_gallery__6059dc3bcee88\/#main\" class=\"wp-image-17153\" srcset=\"https:\/\/www.mountainhosteltarter.com\/wp-content\/uploads\/2021\/08\/mountainhosteltarter-60_gallery__6059dc3bcee88-300x210.jpg 300w, https:\/\/www.mountainhosteltarter.com\/wp-content\/uploads\/2021\/08\/mountainhosteltarter-60_gallery__6059dc3bcee88.jpg 700w\" sizes=\"(max-width: 300px) 100vw, 300px\" \/><\/a><\/figure><\/li><\/ul><\/figure>\n\n\n\n<ul><li>Les h\u00f4tes: 6 personnes.<\/li><\/ul>\n\n\n\n<p>Vous voyagez avec des amis ou en famille? Ceci est votre CHAMBRE PRIV\u00c9E POUR DES GROUPES JUSQU&rsquo;\u00c0 5 PERSONNES.<br>Si vous \u00eates 5 personnes (ou moins), r\u00e9servez la chambre enti\u00e8re pour vous-m\u00eame, sans avoir \u00e0 partager la chambre avec quelqu&rsquo;un d&rsquo;autre que votre groupe. Cette chambre a une capacit\u00e9 maximale de 5 personnes (2 lits superpos\u00e9s + 1 lit simple).<\/p>\n\n\n\n<!--more-->\n\n\n\n<p><br><\/p>\n\n\n<div class=\"gb-grid-wrapper gb-grid-wrapper-36d6bfdd\">\n<div class=\"gb-grid-column gb-grid-column-962dadc3\"><div class=\"gb-container gb-container-962dadc3\"><div class=\"gb-inside-container\">\n\n<p>Tous nos lits sont de 90 x 200 cm et chacun dispose de draps et couettes frais et propres. Les draps et les couvertures sont inclus dans les prix.<br>Toutes les chambres ont du chauffage, Wi-Fi gratuit, et une fen\u00eatre au toit, qui donne une bonne ambiance chaude et montagnarde. Chaque lit dispose de prise de courant, lumi\u00e8re et casier individuel.<\/p>\n\n<\/div><\/div><\/div>\n\n<div class=\"gb-grid-column gb-grid-column-7e1d7266\"><div class=\"gb-container gb-container-7e1d7266\"><div class=\"gb-inside-container\">\n\n<p class=\"has-text-align-center\"><strong>Voir les disponibilit\u00e9s:<\/strong><\/p>\n\n\n\n<div class=\"search-module\"><div class=\"col-md-3b col-md-3\"><div class=\"titulo\">Arriv\u00e9e<\/div><input type=\"text\" id=\"checkin\" name=\"checkin\" placeholder=\"Lorsque?\" autocomplete=\"off\"><\/div><div class=\"col-md-3b col-md-3\"><div class=\"titulo\">D\u00e9part<\/div><input type=\"text\" id=\"checkout\" name=\"checkout\" autocomplete=\"off\" placeholder=\"Lorsque?\"><\/div><div class=\"col-md-2\"><button id=\"consultar\"><i class=\"fa fa-search\"><\/i><\/button><input type=\"hidden\" id=\"lang\" value=\"fr\"><\/div><\/div>\n\n<\/div><\/div><\/div>\n<\/div>\n\n<div class=\"gb-container gb-container-d42a3395\"><div class=\"gb-inside-container\">\n\n<p>La salle de bain est partag\u00e9e et mixte, hors de la chambre. Si vous avez besoin d\u2019une serviette de bain, nous vous en louerons une pour 2\u20ac durant votre s\u00e9jour.<\/p>\n\n\n\n<p>Comment est la chambre?<\/p>\n\n\n\n<ul><li>2 lits superpos\u00e9s + 1 lit simple<\/li><li>La salle de bain est partag\u00e9e, mixte et \u00e0 l&rsquo;ext\u00e9rieur de la chambre&nbsp;<\/li><li>Wifi gratuit&nbsp;<\/li><li>Linge de lit inclus&nbsp;<\/li><li>Casier personnel&nbsp;<\/li><li>Prise individuelle&nbsp;<\/li><li>Lampe de lecture individuelle&nbsp;<\/li><li>Chauffage<\/li><li>Fen\u00eatre sur le toit<\/li><\/ul>\n\n<\/div><\/div>\n\n<div class=\"glsr glsr-bootstrap\" id=\"glsr_f3408b68\" data-from=\"shortcode\" data-shortcode=\"site_reviews\" data-assigned_posts=\"14834\"><div class=\"glsr-reviews-wrap\">\n    <div class=\"glsr-reviews\">\n        <p class=\"glsr-no-margins\">Il n'y a pas encore de critiques. Soyez le premier \u00e0 en \u00e9crire un.<\/p>\n    <\/div>\n    \n<\/div><\/div>\n\n\n<div class=\"glsr glsr-bootstrap\" id=\"glsr_15093486\" data-from=\"shortcode\" data-shortcode=\"site_reviews_form\" data-assigned_posts=\"14834\"><div class=\"glsr-form-wrap\">\n    <form class=\"glsr-review-form glsr-form\" method=\"post\" enctype=\"multipart\/form-data\">\n        <input type=\"hidden\" name=\"site-reviews[_action]\" value=\"submit-review\" \/>\n<input type=\"hidden\" name=\"site-reviews[_nonce]\" value=\"803c9798af\" \/>\n<input type=\"hidden\" name=\"site-reviews[_post_id]\" value=\"17148\" \/>\n<input type=\"hidden\" name=\"site-reviews[_referer]\" value=\"\" \/>\n<input type=\"hidden\" name=\"site-reviews[assigned_posts]\" value=\"14834\" \/>\n<input type=\"hidden\" name=\"site-reviews[assigned_terms]\" value=\"\" \/>\n<input type=\"hidden\" name=\"site-reviews[assigned_users]\" value=\"\" \/>\n<input type=\"hidden\" name=\"site-reviews[excluded]\" value=\"rJO1VEHitUy4F8BolN5vDA\" \/>\n<input type=\"hidden\" name=\"site-reviews[form_id]\" value=\"glsr_15093486\" \/>\n<input type=\"hidden\" name=\"site-reviews[terms_exist]\" value=\"1\" \/>\n<div class=\"glsr-field form-group\" style=\"display:none;\"><label for=\"site-reviews-3d542466-glsr_15093486\">Votre avis<\/label><input type=\"text\" class=\"glsr-input glsr-input-text\" id=\"site-reviews-3d542466-glsr_15093486\" name=\"site-reviews[3d542466]\" value=\"\" \/><\/div>\n<div class=\"glsr-field form-group glsr-field-rating glsr-required\" data-field=\"rating\">\n    <label class=\"glsr-label form-label\" for=\"glsr_15093486-rating\">\n    <span>Votre note globale<\/span>\n<\/label>\n    \n    <select class=\"form-select browser-default no_wrap no-wrap glsr-select\" id=\"glsr_15093486-rating\" name=\"site-reviews[rating]\" required><option value=\"\">S\u00e9lectionnez une note<\/option><option value=\"5\">5 \u00e9toiles<\/option><option value=\"4\">4 \u00e9toiles<\/option><option value=\"3\">3 \u00e9toiles<\/option><option value=\"2\">2 \u00e9toiles<\/option><option value=\"1\">1 \u00e9toile<\/option><\/select>\n    <div class=\"glsr-field-error invalid-feedback\"><\/div>\n<\/div>\n<div class=\"glsr-field form-group glsr-field-text glsr-required\" data-field=\"title\">\n    <label class=\"glsr-label form-label\" for=\"glsr_15093486-title\">\n    <span>Titre de votre revue<\/span>\n<\/label>\n    \n    <input type=\"text\" class=\"form-control glsr-input glsr-input-text\" id=\"glsr_15093486-title\" name=\"site-reviews[title]\" required placeholder=\"R\u00e9sumez votre avis ou soulignez un d\u00e9tail int\u00e9ressant\" value=\"\" \/>\n    <div class=\"glsr-field-error invalid-feedback\"><\/div>\n<\/div>\n<div class=\"glsr-field form-group glsr-field-textarea glsr-required\" data-field=\"content\">\n    <label class=\"glsr-label form-label\" for=\"glsr_15093486-content\">\n    <span>Votre avis<\/span>\n<\/label>\n    \n    <textarea class=\"form-control glsr-textarea\" id=\"glsr_15093486-content\" name=\"site-reviews[content]\" required placeholder=\"Dites aux gens votre avis\" rows=\"5\"><\/textarea>\n    <div class=\"glsr-field-error invalid-feedback\"><\/div>\n<\/div>\n<div class=\"glsr-field form-group glsr-field-text glsr-required\" data-field=\"name\">\n    <label class=\"glsr-label form-label\" for=\"glsr_15093486-name\">\n    <span>Votre nom<\/span>\n<\/label>\n    \n    <input type=\"text\" class=\"form-control glsr-input glsr-input-text\" id=\"glsr_15093486-name\" name=\"site-reviews[name]\" required placeholder=\"Dites-nous votre nom\" value=\"\" \/>\n    <div class=\"glsr-field-error invalid-feedback\"><\/div>\n<\/div>\n<div class=\"glsr-field form-group glsr-field-email glsr-required\" data-field=\"email\">\n    <label class=\"glsr-label form-label\" for=\"glsr_15093486-email\">\n    <span>Votre e-mail<\/span>\n<\/label>\n    \n    <input type=\"email\" class=\"form-control glsr-input glsr-input-email\" id=\"glsr_15093486-email\" name=\"site-reviews[email]\" required placeholder=\"Dites-nous votre email\" value=\"\" \/>\n    <div class=\"glsr-field-error invalid-feedback\"><\/div>\n<\/div>\n<div class=\"glsr-field form-group glsr-field-choice glsr-required\" data-field=\"terms\">\n    \n    \n    <div class=\"form-check form-switch glsr-field-toggle\">\n    <input type=\"checkbox\" id=\"glsr_15093486-terms-1\" name=\"site-reviews[terms]\" required value=\"1\" \/>\n    <label class=\"form-check-label\" for=\"glsr_15093486-terms-1\">Cet avis est bas\u00e9 sur ma propre exp\u00e9rience et est mon opinion sinc\u00e8re.<\/label>\n<\/div>\n    <div class=\"glsr-field-error invalid-feedback\"><\/div>\n<\/div>\n        <div class=\"glsr-form-message alert\">\n    \n<\/div>\n        <div data-field=\"submit-button\">\n    <div class=\"wp-block-button\">\n        <button type=\"submit\" class=\"glsr-button wp-block-button__link btn btn-primary\" aria-busy=\"false\" data-loading=\"Submitting, please wait...\">Submit Review<\/button>\n    <\/div>\n<\/div>\n    <\/form>\n<\/div><\/div>\n","protected":false},"excerpt":{"rendered":"<p>2 Les h\u00f4tes: 6 personnes. Vous voyagez avec des amis ou en famille? Ceci est votre CHAMBRE PRIV\u00c9E POUR DES GROUPES JUSQU&rsquo;\u00c0 5 PERSONNES.Si vous \u00eates 5 personnes (ou moins), r\u00e9servez la chambre enti\u00e8re pour vous-m\u00eame, sans avoir \u00e0 partager la chambre avec quelqu&rsquo;un d&rsquo;autre que votre groupe. Cette chambre a une capacit\u00e9 maximale de &#8230; <a title=\"Chambre priv\u00e9e pour 5 personnes\" class=\"read-more\" href=\"https:\/\/www.mountainhosteltarter.com\/fr\/pieces\/chambre-privee-pour-5-personnes\/\" aria-label=\"Read more about Chambre priv\u00e9e pour 5 personnes\">Lire plus<\/a><\/p>\n","protected":false},"featured_media":14839,"menu_order":10,"template":"","format":"standard","meta":{"_glsr_average":0,"_glsr_ranking":0,"_glsr_reviews":0},"categories":[],"tags":[],"yoast_head":"<!-- This site is optimized with the Yoast SEO plugin v22.8 - https:\/\/yoast.com\/wordpress\/plugins\/seo\/ -->\n<title>Chambre priv\u00e9e pour 5 personnes - Mountain Hostel Tarter<\/title>\n<meta name=\"robots\" content=\"index, follow, max-snippet:-1, max-image-preview:large, max-video-preview:-1\" \/>\n<link rel=\"canonical\" href=\"https:\/\/www.mountainhosteltarter.com\/fr\/pieces\/chambre-privee-pour-5-personnes\/\" \/>\n<meta property=\"og:locale\" content=\"fr_FR\" \/>\n<meta property=\"og:type\" content=\"article\" \/>\n<meta property=\"og:title\" content=\"Chambre priv\u00e9e pour 5 personnes - Mountain Hostel Tarter\" \/>\n<meta property=\"og:description\" content=\"2 Les h\u00f4tes: 6 personnes. Vous voyagez avec des amis ou en famille? Ceci est votre CHAMBRE PRIV\u00c9E POUR DES GROUPES JUSQU&rsquo;\u00c0 5 PERSONNES.Si vous \u00eates 5 personnes (ou moins), r\u00e9servez la chambre enti\u00e8re pour vous-m\u00eame, sans avoir \u00e0 partager la chambre avec quelqu&rsquo;un d&rsquo;autre que votre groupe. Cette chambre a une capacit\u00e9 maximale de ... Lire plus\" \/>\n<meta property=\"og:url\" content=\"https:\/\/www.mountainhosteltarter.com\/fr\/pieces\/chambre-privee-pour-5-personnes\/\" \/>\n<meta property=\"og:site_name\" content=\"Mountain Hostel Tarter\" \/>\n<meta property=\"article:modified_time\" content=\"2021-09-21T17:43:09+00:00\" \/>\n<meta property=\"og:image\" content=\"https:\/\/www.mountainhosteltarter.com\/wp-content\/uploads\/2021\/08\/mountainhosteltarter-60_gallery__6059dc3bcee88.jpg\" \/>\n\t<meta property=\"og:image:width\" content=\"700\" \/>\n\t<meta property=\"og:image:height\" content=\"490\" \/>\n\t<meta property=\"og:image:type\" content=\"image\/jpeg\" \/>\n<meta name=\"twitter:card\" content=\"summary_large_image\" \/>\n<meta name=\"twitter:label1\" content=\"Dur\u00e9e de lecture estim\u00e9e\" \/>\n\t<meta name=\"twitter:data1\" content=\"1 minute\" \/>\n<script type=\"application\/ld+json\" class=\"yoast-schema-graph\">{\"@context\":\"https:\/\/schema.org\",\"@graph\":[{\"@type\":\"WebPage\",\"@id\":\"https:\/\/www.mountainhosteltarter.com\/fr\/pieces\/chambre-privee-pour-5-personnes\/\",\"url\":\"https:\/\/www.mountainhosteltarter.com\/fr\/pieces\/chambre-privee-pour-5-personnes\/\",\"name\":\"Chambre priv\u00e9e pour 5 personnes - Mountain Hostel Tarter\",\"isPartOf\":{\"@id\":\"https:\/\/www.mountainhosteltarter.com\/fr\/#website\"},\"primaryImageOfPage\":{\"@id\":\"https:\/\/www.mountainhosteltarter.com\/fr\/pieces\/chambre-privee-pour-5-personnes\/#primaryimage\"},\"image\":{\"@id\":\"https:\/\/www.mountainhosteltarter.com\/fr\/pieces\/chambre-privee-pour-5-personnes\/#primaryimage\"},\"thumbnailUrl\":\"https:\/\/www.mountainhosteltarter.com\/wp-content\/uploads\/2021\/08\/mountainhosteltarter-60_gallery__6059dc3bcee88.jpg\",\"datePublished\":\"2021-09-21T17:36:26+00:00\",\"dateModified\":\"2021-09-21T17:43:09+00:00\",\"breadcrumb\":{\"@id\":\"https:\/\/www.mountainhosteltarter.com\/fr\/pieces\/chambre-privee-pour-5-personnes\/#breadcrumb\"},\"inLanguage\":\"fr-FR\",\"potentialAction\":[{\"@type\":\"ReadAction\",\"target\":[\"https:\/\/www.mountainhosteltarter.com\/fr\/pieces\/chambre-privee-pour-5-personnes\/\"]}]},{\"@type\":\"ImageObject\",\"inLanguage\":\"fr-FR\",\"@id\":\"https:\/\/www.mountainhosteltarter.com\/fr\/pieces\/chambre-privee-pour-5-personnes\/#primaryimage\",\"url\":\"https:\/\/www.mountainhosteltarter.com\/wp-content\/uploads\/2021\/08\/mountainhosteltarter-60_gallery__6059dc3bcee88.jpg\",\"contentUrl\":\"https:\/\/www.mountainhosteltarter.com\/wp-content\/uploads\/2021\/08\/mountainhosteltarter-60_gallery__6059dc3bcee88.jpg\",\"width\":700,\"height\":490},{\"@type\":\"BreadcrumbList\",\"@id\":\"https:\/\/www.mountainhosteltarter.com\/fr\/pieces\/chambre-privee-pour-5-personnes\/#breadcrumb\",\"itemListElement\":[{\"@type\":\"ListItem\",\"position\":1,\"name\":\"Portada\",\"item\":\"https:\/\/www.mountainhosteltarter.com\/fr\/\"},{\"@type\":\"ListItem\",\"position\":2,\"name\":\"Chambre priv\u00e9e pour 5 personnes\"}]},{\"@type\":\"WebSite\",\"@id\":\"https:\/\/www.mountainhosteltarter.com\/fr\/#website\",\"url\":\"https:\/\/www.mountainhosteltarter.com\/fr\/\",\"name\":\"Mountain Hostel Tarter\",\"description\":\"El mejor Hostal en Grandvalira Andorra\",\"publisher\":{\"@id\":\"https:\/\/www.mountainhosteltarter.com\/fr\/#organization\"},\"potentialAction\":[{\"@type\":\"SearchAction\",\"target\":{\"@type\":\"EntryPoint\",\"urlTemplate\":\"https:\/\/www.mountainhosteltarter.com\/fr\/?s={search_term_string}\"},\"query-input\":\"required name=search_term_string\"}],\"inLanguage\":\"fr-FR\"},{\"@type\":\"Organization\",\"@id\":\"https:\/\/www.mountainhosteltarter.com\/fr\/#organization\",\"name\":\"Mountain Hostel Tarter\",\"url\":\"https:\/\/www.mountainhosteltarter.com\/fr\/\",\"logo\":{\"@type\":\"ImageObject\",\"inLanguage\":\"fr-FR\",\"@id\":\"https:\/\/www.mountainhosteltarter.com\/fr\/#\/schema\/logo\/image\/\",\"url\":\"https:\/\/www.mountainhosteltarter.com\/wp-content\/uploads\/2021\/08\/logo.png\",\"contentUrl\":\"https:\/\/www.mountainhosteltarter.com\/wp-content\/uploads\/2021\/08\/logo.png\",\"width\":200,\"height\":103,\"caption\":\"Mountain Hostel Tarter\"},\"image\":{\"@id\":\"https:\/\/www.mountainhosteltarter.com\/fr\/#\/schema\/logo\/image\/\"}}]}<\/script>\n<!-- \/ Yoast SEO plugin. -->","yoast_head_json":{"title":"Chambre priv\u00e9e pour 5 personnes - Mountain Hostel Tarter","robots":{"index":"index","follow":"follow","max-snippet":"max-snippet:-1","max-image-preview":"max-image-preview:large","max-video-preview":"max-video-preview:-1"},"canonical":"https:\/\/www.mountainhosteltarter.com\/fr\/pieces\/chambre-privee-pour-5-personnes\/","og_locale":"fr_FR","og_type":"article","og_title":"Chambre priv\u00e9e pour 5 personnes - Mountain Hostel Tarter","og_description":"2 Les h\u00f4tes: 6 personnes. Vous voyagez avec des amis ou en famille? Ceci est votre CHAMBRE PRIV\u00c9E POUR DES GROUPES JUSQU&rsquo;\u00c0 5 PERSONNES.Si vous \u00eates 5 personnes (ou moins), r\u00e9servez la chambre enti\u00e8re pour vous-m\u00eame, sans avoir \u00e0 partager la chambre avec quelqu&rsquo;un d&rsquo;autre que votre groupe. Cette chambre a une capacit\u00e9 maximale de ... Lire plus","og_url":"https:\/\/www.mountainhosteltarter.com\/fr\/pieces\/chambre-privee-pour-5-personnes\/","og_site_name":"Mountain Hostel Tarter","article_modified_time":"2021-09-21T17:43:09+00:00","og_image":[{"width":700,"height":490,"url":"https:\/\/www.mountainhosteltarter.com\/wp-content\/uploads\/2021\/08\/mountainhosteltarter-60_gallery__6059dc3bcee88.jpg","type":"image\/jpeg"}],"twitter_card":"summary_large_image","twitter_misc":{"Dur\u00e9e de lecture estim\u00e9e":"1 minute"},"schema":{"@context":"https:\/\/schema.org","@graph":[{"@type":"WebPage","@id":"https:\/\/www.mountainhosteltarter.com\/fr\/pieces\/chambre-privee-pour-5-personnes\/","url":"https:\/\/www.mountainhosteltarter.com\/fr\/pieces\/chambre-privee-pour-5-personnes\/","name":"Chambre priv\u00e9e pour 5 personnes - Mountain Hostel Tarter","isPartOf":{"@id":"https:\/\/www.mountainhosteltarter.com\/fr\/#website"},"primaryImageOfPage":{"@id":"https:\/\/www.mountainhosteltarter.com\/fr\/pieces\/chambre-privee-pour-5-personnes\/#primaryimage"},"image":{"@id":"https:\/\/www.mountainhosteltarter.com\/fr\/pieces\/chambre-privee-pour-5-personnes\/#primaryimage"},"thumbnailUrl":"https:\/\/www.mountainhosteltarter.com\/wp-content\/uploads\/2021\/08\/mountainhosteltarter-60_gallery__6059dc3bcee88.jpg","datePublished":"2021-09-21T17:36:26+00:00","dateModified":"2021-09-21T17:43:09+00:00","breadcrumb":{"@id":"https:\/\/www.mountainhosteltarter.com\/fr\/pieces\/chambre-privee-pour-5-personnes\/#breadcrumb"},"inLanguage":"fr-FR","potentialAction":[{"@type":"ReadAction","target":["https:\/\/www.mountainhosteltarter.com\/fr\/pieces\/chambre-privee-pour-5-personnes\/"]}]},{"@type":"ImageObject","inLanguage":"fr-FR","@id":"https:\/\/www.mountainhosteltarter.com\/fr\/pieces\/chambre-privee-pour-5-personnes\/#primaryimage","url":"https:\/\/www.mountainhosteltarter.com\/wp-content\/uploads\/2021\/08\/mountainhosteltarter-60_gallery__6059dc3bcee88.jpg","contentUrl":"https:\/\/www.mountainhosteltarter.com\/wp-content\/uploads\/2021\/08\/mountainhosteltarter-60_gallery__6059dc3bcee88.jpg","width":700,"height":490},{"@type":"BreadcrumbList","@id":"https:\/\/www.mountainhosteltarter.com\/fr\/pieces\/chambre-privee-pour-5-personnes\/#breadcrumb","itemListElement":[{"@type":"ListItem","position":1,"name":"Portada","item":"https:\/\/www.mountainhosteltarter.com\/fr\/"},{"@type":"ListItem","position":2,"name":"Chambre priv\u00e9e pour 5 personnes"}]},{"@type":"WebSite","@id":"https:\/\/www.mountainhosteltarter.com\/fr\/#website","url":"https:\/\/www.mountainhosteltarter.com\/fr\/","name":"Mountain Hostel Tarter","description":"El mejor Hostal en Grandvalira Andorra","publisher":{"@id":"https:\/\/www.mountainhosteltarter.com\/fr\/#organization"},"potentialAction":[{"@type":"SearchAction","target":{"@type":"EntryPoint","urlTemplate":"https:\/\/www.mountainhosteltarter.com\/fr\/?s={search_term_string}"},"query-input":"required name=search_term_string"}],"inLanguage":"fr-FR"},{"@type":"Organization","@id":"https:\/\/www.mountainhosteltarter.com\/fr\/#organization","name":"Mountain Hostel Tarter","url":"https:\/\/www.mountainhosteltarter.com\/fr\/","logo":{"@type":"ImageObject","inLanguage":"fr-FR","@id":"https:\/\/www.mountainhosteltarter.com\/fr\/#\/schema\/logo\/image\/","url":"https:\/\/www.mountainhosteltarter.com\/wp-content\/uploads\/2021\/08\/logo.png","contentUrl":"https:\/\/www.mountainhosteltarter.com\/wp-content\/uploads\/2021\/08\/logo.png","width":200,"height":103,"caption":"Mountain Hostel Tarter"},"image":{"@id":"https:\/\/www.mountainhosteltarter.com\/fr\/#\/schema\/logo\/image\/"}}]}},"_links":{"self":[{"href":"https:\/\/www.mountainhosteltarter.com\/fr\/wp-json\/wp\/v2\/habitaciones\/17148"}],"collection":[{"href":"https:\/\/www.mountainhosteltarter.com\/fr\/wp-json\/wp\/v2\/habitaciones"}],"about":[{"href":"https:\/\/www.mountainhosteltarter.com\/fr\/wp-json\/wp\/v2\/types\/habitaciones"}],"version-history":[{"count":0,"href":"https:\/\/www.mountainhosteltarter.com\/fr\/wp-json\/wp\/v2\/habitaciones\/17148\/revisions"}],"wp:featuredmedia":[{"embeddable":true,"href":"https:\/\/www.mountainhosteltarter.com\/fr\/wp-json\/wp\/v2\/media\/14839"}],"wp:attachment":[{"href":"https:\/\/www.mountainhosteltarter.com\/fr\/wp-json\/wp\/v2\/media?parent=17148"}],"wp:term":[{"taxonomy":"category","embeddable":true,"href":"https:\/\/www.mountainhosteltarter.com\/fr\/wp-json\/wp\/v2\/categories?post=17148"},{"taxonomy":"post_tag","embeddable":true,"href":"https:\/\/www.mountainhosteltarter.com\/fr\/wp-json\/wp\/v2\/tags?post=17148"}],"curies":[{"name":"wp","href":"https:\/\/api.w.org\/{rel}","templated":true}]}}